{"id":2323,"date":"2024-09-11T16:46:00","date_gmt":"2024-09-11T14:46:00","guid":{"rendered":"https:\/\/atos-mvz.de\/wiesbaden\/?page_id=2323"},"modified":"2024-09-13T15:43:11","modified_gmt":"2024-09-13T13:43:11","slug":"4-d-wirbelsaeulenvermessung","status":"publish","type":"page","link":"https:\/\/atos-mvz.de\/wiesbaden\/diagnostik\/4-d-wirbelsaeulenvermessung\/","title":{"rendered":"4-D Wirbels\u00e4ulenvermessung"},"content":{"rendered":"\n<style type=\"text\/css\" data-created_by=\"avia_inline_auto\" id=\"style-css-av-7dtnyr-6330f3d2f148c00e04a7968b37e32085\">\n.avia-section.av-7dtnyr-6330f3d2f148c00e04a7968b37e32085{\nbackground-repeat:no-repeat;\nbackground-image:url(https:\/\/atos-mvz.de\/wiesbaden\/wp-content\/uploads\/sites\/22\/2024\/09\/titel-diers-4d-wirbelsaeulenvermessung.jpg);\nbackground-position:50% 50%;\nbackground-attachment:scroll;\n}\n.avia-section.av-7dtnyr-6330f3d2f148c00e04a7968b37e32085 .av-extra-border-element .av-extra-border-inner{\nbackground-color:#ffffff;\n}\n<\/style>\n<div id='header-img'  class='avia-section av-7dtnyr-6330f3d2f148c00e04a7968b37e32085 main_color avia-section-huge avia-no-border-styling  avia-builder-el-0  el_before_av_section  avia-builder-el-first  largeimg avia-full-stretch avia-bg-style-scroll container_wrap fullsize'  data-section-bg-repeat='stretch'><div class='container av-section-cont-open' ><main  role=\"main\" itemprop=\"mainContentOfPage\"  class='template-page content  av-content-full alpha units'><div class='post-entry post-entry-type-page post-entry-2323'><div class='entry-content-wrapper clearfix'>\n<\/div><\/div><\/main><!-- close content main element --><\/div><div class='av-extra-border-element border-extra-diagonal border-extra-diagonal-inverse '><div class='av-extra-border-outer'><div class='av-extra-border-inner'><\/div><\/div><\/div><\/div>\n<style type=\"text\/css\" data-created_by=\"avia_inline_auto\" id=\"style-css-av-d2q8j-e1ac686a896c3d8c7b4915abbc429d7e\">\n.avia-section.av-d2q8j-e1ac686a896c3d8c7b4915abbc429d7e .av-extra-border-element .av-extra-border-inner{\nbackground-color:#f1f0f5;\n}\n<\/style>\n<div id='av_section_2'  class='avia-section av-d2q8j-e1ac686a896c3d8c7b4915abbc429d7e main_color avia-section-large avia-no-border-styling  avia-builder-el-1  el_after_av_section  avia-builder-el-last  small-container avia-bg-style-scroll container_wrap fullsize'  ><div class='container av-section-cont-open' ><div class='template-page content  av-content-full alpha units'><div class='post-entry post-entry-type-page post-entry-2323'><div class='entry-content-wrapper clearfix'>\n<section  class='av_textblock_section av-m0xz1jv9-a6ffbf19ebf13f4c83565d6a12dd9c5b '   itemscope=\"itemscope\" itemtype=\"https:\/\/schema.org\/CreativeWork\" ><div class='avia_textblock'  itemprop=\"text\" ><h1>DIERS\u00a0<strong>4-D Wirbels\u00e4ulen Vermessung<\/strong><\/h1>\n<p>Das Messverfahren DIERS formetric ist das weltweit am weitesten verbreitete System zur optischen dreidimensionalen Wirbels\u00e4ulen- und Haltungsanalyse.<\/p>\n<p>Die Technik wurde in enger Zusammenarbeit mit f\u00fchrenden Universit\u00e4ten und in Forschungsvorhaben mit der Europ\u00e4ischen Union entwickelt. Die urspr\u00fcngliche klinische Zielsetzung war die Entwicklung eines strahlenfreien Wirbels\u00e4ulen-Messverfahrens, um die hohe R\u00f6ntgenbelastung bei Verlaufskontrollen von Skoliosepatienten zu reduzieren.<\/p>\n<\/div><\/section>\n\n<style type=\"text\/css\" data-created_by=\"avia_inline_auto\" id=\"style-css-av-m0xz3jdl-b092f093c2d3701b80ea2a319981d947\">\n.avia-image-container.av-m0xz3jdl-b092f093c2d3701b80ea2a319981d947 img.avia_image{\nbox-shadow:none;\n}\n.avia-image-container.av-m0xz3jdl-b092f093c2d3701b80ea2a319981d947 .av-image-caption-overlay-center{\ncolor:#ffffff;\n}\n<\/style>\n<div  class='avia-image-container av-m0xz3jdl-b092f093c2d3701b80ea2a319981d947 av-styling-no-styling avia-align-  avia-builder-el-3  el_after_av_textblock  el_before_av_textblock '   itemprop=\"image\" itemscope=\"itemscope\" itemtype=\"https:\/\/schema.org\/ImageObject\" ><div class=\"avia-image-container-inner\"><div class=\"avia-image-overlay-wrap\"><img decoding=\"async\" fetchpriority=\"high\" class='wp-image-1577 avia-img-lazy-loading-not-1577 avia_image ' src=\"https:\/\/atos-mvz.de\/wiesbaden\/wp-content\/uploads\/sites\/22\/2023\/09\/4D-WS.jpg\" alt='' title=''  height=\"630\" width=\"600\"  itemprop=\"thumbnailUrl\" srcset=\"https:\/\/atos-mvz.de\/wiesbaden\/wp-content\/uploads\/sites\/22\/2023\/09\/4D-WS.jpg 600w, https:\/\/atos-mvz.de\/wiesbaden\/wp-content\/uploads\/sites\/22\/2023\/09\/4D-WS-286x300.jpg 286w\" sizes=\"(max-width: 600px) 100vw, 600px\" \/><\/div><\/div><\/div>\n<section  class='av_textblock_section av-m0z0k039-c6c44273ba60b807203c824dea8afd27 '   itemscope=\"itemscope\" itemtype=\"https:\/\/schema.org\/CreativeWork\" ><div class='avia_textblock'  itemprop=\"text\" ><p>Die formetric Messtechnik erm\u00f6glicht eine schnelle, ber\u00fchrungslose und gro\u00dffl\u00e4chige optische Vermessung des menschlichen R\u00fcckens und der Wirbels\u00e4ule. Vielf\u00e4ltige klinische Fragestellungen wie z.B. Skoliosen, K\u00f6rperstatik und \u2013haltung und alle Formen von Wirbels\u00e4ulendeformit\u00e4ten k\u00f6nnen objektiv dargestellt werden.<\/p>\n<p>Bedingt durch die formetric-Formanalyse des R\u00fcckens sind keine zus\u00e4tzlichen manuellen Markierungen (Marker) notwendig. Die anatomischen Fixpunkte (VP, Sakrumpunkt, Lumbalgr\u00fcbchen, usw.) sowie die Wirbels\u00e4ulenmittellinie und -rotation werden vom System automatisch ermittelt. Das Ergebnis ist ein gesamtes dreidimensionales Wirbels\u00e4ulen-Modell mit Darstellung der Wirbels\u00e4ulenform und \u2013rotation sowie der Beckenstellung.<\/p>\n<p>Die Entwicklung der 4D-Technologie (3D + zeitliche Komponente) hat die Messqualit\u00e4t und Reproduzierbarkeit des DIERS formetric Systems entscheidend verbessert. Neben funktionellen Untersuchungen k\u00f6nnen u.a. durch Mittelwertbildung (Averaging) einer Messreihe Haltungsschwankungen minimiert werden. M\u00f6glich sind Mess-Sequenzen \u00fcber 1 Minute f\u00fcr Haltungsanalysen und Funktionsstudien mit bis zu 10 Aufnahmen pro Sekunde. Hierdurch k\u00f6nnen Ver\u00e4nderungen des Becken, der Wirbels\u00e4ule und der Beinachse auch in der Bewegung auf dem Laufband pr\u00e4zise analysiert werden.<\/p>\n<p>In der Regel erstatten die privaten Krankeversicherung diese Analysetechnik. Bei gesetzlich versicherten Patienten erfolgt die Abrechnung im Rahmen einer IGel-Vereinbarung.<\/p>\n<\/div><\/section>\n<\/p>\n","protected":false},"excerpt":{"rendered":"","protected":false},"author":1,"featured_media":0,"parent":1556,"menu_order":0,"comment_status":"closed","ping_status":"closed","template":"","meta":{"footnotes":""},"class_list":["post-2323","page","type-page","status-publish","hentry"],"yoast_head":"<!-- This site is optimized with the Yoast SEO plugin v27.3 - https:\/\/yoast.com\/product\/yoast-seo-wordpress\/ -->\n<title>4D Wirbels\u00e4ulenvermessung Wiesbaden | Strahlenfrei ATOS MVZ<\/title>\n<meta name=\"description\" content=\"Pr\u00e4zise 4D-Wirbels\u00e4ulenvermessung im ATOS MVZ Wiesbaden. Strahlenfrei und ber\u00fchrungslos. Analyse von Skoliose und Wirbels\u00e4ulendeformit\u00e4ten.\" \/>\n<meta name=\"robots\" content=\"index, follow, max-snippet:-1, max-image-preview:large, max-video-preview:-1\" \/>\n<link rel=\"canonical\" href=\"https:\/\/atos-mvz.de\/wiesbaden\/diagnostik\/4-d-wirbelsaeulenvermessung\/\" \/>\n<meta property=\"og:locale\" content=\"de_DE\" \/>\n<meta property=\"og:type\" content=\"article\" \/>\n<meta property=\"og:title\" content=\"4D Wirbels\u00e4ulenvermessung Wiesbaden | Strahlenfrei ATOS MVZ\" \/>\n<meta property=\"og:description\" content=\"Pr\u00e4zise 4D-Wirbels\u00e4ulenvermessung im ATOS MVZ Wiesbaden. Strahlenfrei und ber\u00fchrungslos. Analyse von Skoliose und Wirbels\u00e4ulendeformit\u00e4ten.\" \/>\n<meta property=\"og:url\" content=\"https:\/\/atos-mvz.de\/wiesbaden\/diagnostik\/4-d-wirbelsaeulenvermessung\/\" \/>\n<meta property=\"og:site_name\" content=\"MVZ Wiesbaden\" \/>\n<meta property=\"article:modified_time\" content=\"2024-09-13T13:43:11+00:00\" \/>\n<meta name=\"twitter:card\" content=\"summary_large_image\" \/>\n<script type=\"application\/ld+json\" class=\"yoast-schema-graph\">{\"@context\":\"https:\\\/\\\/schema.org\",\"@graph\":[{\"@type\":\"WebPage\",\"@id\":\"https:\\\/\\\/atos-mvz.de\\\/wiesbaden\\\/diagnostik\\\/4-d-wirbelsaeulenvermessung\\\/\",\"url\":\"https:\\\/\\\/atos-mvz.de\\\/wiesbaden\\\/diagnostik\\\/4-d-wirbelsaeulenvermessung\\\/\",\"name\":\"4D Wirbels\u00e4ulenvermessung Wiesbaden | Strahlenfrei ATOS MVZ\",\"isPartOf\":{\"@id\":\"https:\\\/\\\/atos-mvz.de\\\/wiesbaden\\\/#website\"},\"datePublished\":\"2024-09-11T14:46:00+00:00\",\"dateModified\":\"2024-09-13T13:43:11+00:00\",\"description\":\"Pr\u00e4zise 4D-Wirbels\u00e4ulenvermessung im ATOS MVZ Wiesbaden. Strahlenfrei und ber\u00fchrungslos. Analyse von Skoliose und Wirbels\u00e4ulendeformit\u00e4ten.\",\"breadcrumb\":{\"@id\":\"https:\\\/\\\/atos-mvz.de\\\/wiesbaden\\\/diagnostik\\\/4-d-wirbelsaeulenvermessung\\\/#breadcrumb\"},\"inLanguage\":\"de\",\"potentialAction\":[{\"@type\":\"ReadAction\",\"target\":[\"https:\\\/\\\/atos-mvz.de\\\/wiesbaden\\\/diagnostik\\\/4-d-wirbelsaeulenvermessung\\\/\"]}]},{\"@type\":\"BreadcrumbList\",\"@id\":\"https:\\\/\\\/atos-mvz.de\\\/wiesbaden\\\/diagnostik\\\/4-d-wirbelsaeulenvermessung\\\/#breadcrumb\",\"itemListElement\":[{\"@type\":\"ListItem\",\"position\":1,\"name\":\"Startseite\",\"item\":\"https:\\\/\\\/atos-mvz.de\\\/wiesbaden\\\/startseite\\\/\"},{\"@type\":\"ListItem\",\"position\":2,\"name\":\"Diagnostik\",\"item\":\"https:\\\/\\\/atos-mvz.de\\\/wiesbaden\\\/diagnostik\\\/\"},{\"@type\":\"ListItem\",\"position\":3,\"name\":\"4-D Wirbels\u00e4ulenvermessung\"}]},{\"@type\":\"WebSite\",\"@id\":\"https:\\\/\\\/atos-mvz.de\\\/wiesbaden\\\/#website\",\"url\":\"https:\\\/\\\/atos-mvz.de\\\/wiesbaden\\\/\",\"name\":\"MVZ Wiesbaden\",\"description\":\"\",\"potentialAction\":[{\"@type\":\"SearchAction\",\"target\":{\"@type\":\"EntryPoint\",\"urlTemplate\":\"https:\\\/\\\/atos-mvz.de\\\/wiesbaden\\\/?s={search_term_string}\"},\"query-input\":{\"@type\":\"PropertyValueSpecification\",\"valueRequired\":true,\"valueName\":\"search_term_string\"}}],\"inLanguage\":\"de\"}]}<\/script>\n<!-- \/ Yoast SEO plugin. -->","yoast_head_json":{"title":"4D Wirbels\u00e4ulenvermessung Wiesbaden | Strahlenfrei ATOS MVZ","description":"Pr\u00e4zise 4D-Wirbels\u00e4ulenvermessung im ATOS MVZ Wiesbaden. Strahlenfrei und ber\u00fchrungslos. Analyse von Skoliose und Wirbels\u00e4ulendeformit\u00e4ten.","robots":{"index":"index","follow":"follow","max-snippet":"max-snippet:-1","max-image-preview":"max-image-preview:large","max-video-preview":"max-video-preview:-1"},"canonical":"https:\/\/atos-mvz.de\/wiesbaden\/diagnostik\/4-d-wirbelsaeulenvermessung\/","og_locale":"de_DE","og_type":"article","og_title":"4D Wirbels\u00e4ulenvermessung Wiesbaden | Strahlenfrei ATOS MVZ","og_description":"Pr\u00e4zise 4D-Wirbels\u00e4ulenvermessung im ATOS MVZ Wiesbaden. Strahlenfrei und ber\u00fchrungslos. Analyse von Skoliose und Wirbels\u00e4ulendeformit\u00e4ten.","og_url":"https:\/\/atos-mvz.de\/wiesbaden\/diagnostik\/4-d-wirbelsaeulenvermessung\/","og_site_name":"MVZ Wiesbaden","article_modified_time":"2024-09-13T13:43:11+00:00","twitter_card":"summary_large_image","schema":{"@context":"https:\/\/schema.org","@graph":[{"@type":"WebPage","@id":"https:\/\/atos-mvz.de\/wiesbaden\/diagnostik\/4-d-wirbelsaeulenvermessung\/","url":"https:\/\/atos-mvz.de\/wiesbaden\/diagnostik\/4-d-wirbelsaeulenvermessung\/","name":"4D Wirbels\u00e4ulenvermessung Wiesbaden | Strahlenfrei ATOS MVZ","isPartOf":{"@id":"https:\/\/atos-mvz.de\/wiesbaden\/#website"},"datePublished":"2024-09-11T14:46:00+00:00","dateModified":"2024-09-13T13:43:11+00:00","description":"Pr\u00e4zise 4D-Wirbels\u00e4ulenvermessung im ATOS MVZ Wiesbaden. Strahlenfrei und ber\u00fchrungslos. Analyse von Skoliose und Wirbels\u00e4ulendeformit\u00e4ten.","breadcrumb":{"@id":"https:\/\/atos-mvz.de\/wiesbaden\/diagnostik\/4-d-wirbelsaeulenvermessung\/#breadcrumb"},"inLanguage":"de","potentialAction":[{"@type":"ReadAction","target":["https:\/\/atos-mvz.de\/wiesbaden\/diagnostik\/4-d-wirbelsaeulenvermessung\/"]}]},{"@type":"BreadcrumbList","@id":"https:\/\/atos-mvz.de\/wiesbaden\/diagnostik\/4-d-wirbelsaeulenvermessung\/#breadcrumb","itemListElement":[{"@type":"ListItem","position":1,"name":"Startseite","item":"https:\/\/atos-mvz.de\/wiesbaden\/startseite\/"},{"@type":"ListItem","position":2,"name":"Diagnostik","item":"https:\/\/atos-mvz.de\/wiesbaden\/diagnostik\/"},{"@type":"ListItem","position":3,"name":"4-D Wirbels\u00e4ulenvermessung"}]},{"@type":"WebSite","@id":"https:\/\/atos-mvz.de\/wiesbaden\/#website","url":"https:\/\/atos-mvz.de\/wiesbaden\/","name":"MVZ Wiesbaden","description":"","potentialAction":[{"@type":"SearchAction","target":{"@type":"EntryPoint","urlTemplate":"https:\/\/atos-mvz.de\/wiesbaden\/?s={search_term_string}"},"query-input":{"@type":"PropertyValueSpecification","valueRequired":true,"valueName":"search_term_string"}}],"inLanguage":"de"}]}},"_links":{"self":[{"href":"https:\/\/atos-mvz.de\/wiesbaden\/wp-json\/wp\/v2\/pages\/2323","targetHints":{"allow":["GET"]}}],"collection":[{"href":"https:\/\/atos-mvz.de\/wiesbaden\/wp-json\/wp\/v2\/pages"}],"about":[{"href":"https:\/\/atos-mvz.de\/wiesbaden\/wp-json\/wp\/v2\/types\/page"}],"author":[{"embeddable":true,"href":"https:\/\/atos-mvz.de\/wiesbaden\/wp-json\/wp\/v2\/users\/1"}],"replies":[{"embeddable":true,"href":"https:\/\/atos-mvz.de\/wiesbaden\/wp-json\/wp\/v2\/comments?post=2323"}],"version-history":[{"count":6,"href":"https:\/\/atos-mvz.de\/wiesbaden\/wp-json\/wp\/v2\/pages\/2323\/revisions"}],"predecessor-version":[{"id":2753,"href":"https:\/\/atos-mvz.de\/wiesbaden\/wp-json\/wp\/v2\/pages\/2323\/revisions\/2753"}],"up":[{"embeddable":true,"href":"https:\/\/atos-mvz.de\/wiesbaden\/wp-json\/wp\/v2\/pages\/1556"}],"wp:attachment":[{"href":"https:\/\/atos-mvz.de\/wiesbaden\/wp-json\/wp\/v2\/media?parent=2323"}],"curies":[{"name":"wp","href":"https:\/\/api.w.org\/{rel}","templated":true}]}}