{"id":1439,"date":"2023-09-13T08:55:24","date_gmt":"2023-09-13T06:55:24","guid":{"rendered":"https:\/\/atos-mvz.de\/wiesbaden\/?page_id=1439"},"modified":"2026-01-15T15:49:01","modified_gmt":"2026-01-15T14:49:01","slug":"schulter","status":"publish","type":"page","link":"https:\/\/atos-mvz.de\/wiesbaden\/bereiche\/schulter\/","title":{"rendered":"Schulter"},"content":{"rendered":"\n<style type=\"text\/css\" data-created_by=\"avia_inline_auto\" id=\"style-css-av-lmj4bl13-4ef4a831ce856e7ba62057e9666956f2\">\n.avia-section.av-lmj4bl13-4ef4a831ce856e7ba62057e9666956f2{\nbackground-repeat:no-repeat;\nbackground-image:url(https:\/\/atos-mvz.de\/wiesbaden\/wp-content\/uploads\/sites\/22\/2023\/09\/schulter-ellenbogen_1920x550.jpg);\nbackground-position:50% 50%;\nbackground-attachment:scroll;\n}\n.avia-section.av-lmj4bl13-4ef4a831ce856e7ba62057e9666956f2 .av-extra-border-element .av-extra-border-inner{\nbackground-color:#ffffff;\n}\n<\/style>\n<div id='header-img'  class='avia-section av-lmj4bl13-4ef4a831ce856e7ba62057e9666956f2 main_color avia-section-huge avia-no-border-styling  avia-builder-el-0  el_before_av_section  avia-builder-el-first  largeimg avia-full-stretch avia-bg-style-scroll container_wrap fullsize'  data-section-bg-repeat='stretch'><div class='container av-section-cont-open' ><main  role=\"main\" itemprop=\"mainContentOfPage\"  class='template-page content  av-content-full alpha units'><div class='post-entry post-entry-type-page post-entry-1439'><div class='entry-content-wrapper clearfix'>\n<\/div><\/div><\/main><!-- close content main element --><\/div><div class='av-extra-border-element border-extra-diagonal border-extra-diagonal-inverse '><div class='av-extra-border-outer'><div class='av-extra-border-inner'><\/div><\/div><\/div><\/div>\n<style type=\"text\/css\" data-created_by=\"avia_inline_auto\" id=\"style-css-av-toy41r-e7dad2a283e3ae51a679e7d0f0fe7819\">\n.avia-section.av-toy41r-e7dad2a283e3ae51a679e7d0f0fe7819 .av-extra-border-element .av-extra-border-inner{\nbackground-color:#f1f0f5;\n}\n<\/style>\n<div id='first-section'  class='avia-section av-toy41r-e7dad2a283e3ae51a679e7d0f0fe7819 main_color avia-section-large avia-no-border-styling  avia-builder-el-1  el_after_av_section  el_before_av_section  introtxt avia-bg-style-scroll container_wrap fullsize'  ><div class='container av-section-cont-open' ><div class='template-page content  av-content-full alpha units'><div class='post-entry post-entry-type-page post-entry-1439'><div class='entry-content-wrapper clearfix'>\n<div class='flex_column_table av-rxcl7j-efe10290071ad3413c868d7ce807b243 sc-av_one_full av-break-at-tablet-flextable av-equal-height-column-flextable'>\n<style type=\"text\/css\" data-created_by=\"avia_inline_auto\" id=\"style-css-av-rxcl7j-efe10290071ad3413c868d7ce807b243\">\n.flex_column.av-rxcl7j-efe10290071ad3413c868d7ce807b243{\nborder-radius:0px 0px 0px 0px;\npadding:0px 0px 0px 0px;\n}\n<\/style>\n<div  class='flex_column av-rxcl7j-efe10290071ad3413c868d7ce807b243 av_one_full  avia-builder-el-2  el_before_av_hr  avia-builder-el-first  first av-break-at-tablet flex_column_table_cell av-equal-height-column av-align-middle av-zero-column-padding  '     ><section  class='av_textblock_section av-lmhdv2ic-812e2b4364412b6457e3ca7ab29c6321 '   itemscope=\"itemscope\" itemtype=\"https:\/\/schema.org\/CreativeWork\" ><div class='avia_textblock'  itemprop=\"text\" ><h1 class=\"av-special-heading-tag \">Erkrankungen des<strong> Schultergelenks<br \/>\n<\/strong><\/h1>\n<\/div><\/section><br \/>\n<section  class='av_textblock_section av-lmhdv72y-167c31c205ce05370831d712de0d3d2c '   itemscope=\"itemscope\" itemtype=\"https:\/\/schema.org\/CreativeWork\" ><div class='avia_textblock'  itemprop=\"text\" ><p>Das Schultergelenk ist das beweglichste Gelenk des menschlichen K\u00f6rpers und seine Beweglichkeit wird kaum durch kn\u00f6cherne Strukturen eingeschr\u00e4nkt. Dieser Umstand macht das Schultergelenk jedoch auch sehr verletzungs- und verschlei\u00dfanf\u00e4llig.<\/p>\n<\/div><\/section><\/p><\/div><\/div><!--close column table wrapper. Autoclose: 1 -->\n<style type=\"text\/css\" data-created_by=\"avia_inline_auto\" id=\"style-css-av-nibpj3-61ea92ec18e81dffc02cf6abad58abdc\">\n#top .hr.hr-invisible.av-nibpj3-61ea92ec18e81dffc02cf6abad58abdc{\nheight:200px;\n}\n<\/style>\n<div  class='hr av-nibpj3-61ea92ec18e81dffc02cf6abad58abdc hr-invisible  avia-builder-el-5  el_after_av_one_full  avia-builder-el-last '><span class='hr-inner '><span class=\"hr-inner-style\"><\/span><\/span><\/div>\n\n<\/div><\/div><\/div><!-- close content main div --><\/div><div class='av-extra-border-element border-extra-diagonal border-extra-diagonal-inverse '><div class='av-extra-border-outer'><div class='av-extra-border-inner'><\/div><\/div><\/div><\/div><div id='second-section'  class='avia-section av-mo515r-fcff01fb249b031efce78a00cab8e439 alternate_color avia-section-large avia-no-border-styling  avia-builder-el-6  el_after_av_section  avia-builder-el-last  big-content-boxes avia-bg-style-scroll container_wrap fullsize'  ><div class='container av-section-cont-open' ><div class='template-page content  av-content-full alpha units'><div class='post-entry post-entry-type-page post-entry-1439'><div class='entry-content-wrapper clearfix'>\n<div class='flex_column_table av-253ny7-5d2b57470db1c5d9dcf694ec9ba7ec8d sc-av_one_half av-break-at-tablet-flextable av-equal-height-column-flextable'>\n<style type=\"text\/css\" data-created_by=\"avia_inline_auto\" id=\"style-css-av-253ny7-5d2b57470db1c5d9dcf694ec9ba7ec8d\">\n.flex_column.av-253ny7-5d2b57470db1c5d9dcf694ec9ba7ec8d{\nwidth:48%;\nmargin-left:0;\n}\n#top .flex_column_table.av-equal-height-column-flextable.av-253ny7-5d2b57470db1c5d9dcf694ec9ba7ec8d .av-flex-placeholder{\nwidth:4%;\n}\n<\/style>\n<div  class='flex_column av-253ny7-5d2b57470db1c5d9dcf694ec9ba7ec8d av_one_half  avia-builder-el-7  el_before_av_one_half  avia-builder-el-first  first av-break-at-tablet flex_column_table_cell av-equal-height-column av-align-top  '     ><section  class='av_textblock_section av-lmhdw8ex-dd9429ea5cbfa125af0bf9f60fce554c '   itemscope=\"itemscope\" itemtype=\"https:\/\/schema.org\/CreativeWork\" ><div class='avia_textblock'  itemprop=\"text\" ><h2><a href=\"https:\/\/atos-mvz.de\/wiesbaden\/bereiche\/schulter\/impingement-syndrom\/\"><strong>Impingement-Syndrom<\/strong><\/a><\/h2>\n<p>Normalerweise ist reichlich Platz zwischen dem Acromion und der Rotatorenmanschette, so dass die Sehnen problemlos unter das Schulterdach gleiten k\u00f6nnen. Das Anheben des Arms dr\u00fcckt den Oberarmkopf aber gegen die untere Kante des Acromions. Bei \u00dcberlastung f\u00fchrt dies zu einer Irritation und Reizung des Schleimbeutels.<\/p>\n<p>Wenn dann durch weitere Ver\u00e4nderungen noch der Platz zwischen Acromion und Rotatorenmanschette verengt wird, kann sich die Impingement-Symptomatik verschlimmern. Die Diagnose eines Impingement-Syndroms mit Reizung der Schleimbeutel (Bursitis) und Sehnen (Tendinitis) kann normalerweise auf der Basis Ihrer Vorgeschichte und Ihres klinischen Untersuchungsbefundes gestellt werden.<\/p>\n<p>Beim Impingement-Syndrom wird \u00fcblicherweise mit einer konservativen Therapie begonnen:<\/p>\n<p>Ihr(e) Arzt\/\u00c4rztin wird Ihnen entz\u00fcndungshemmende Medikamente (z.B. Ibuprofen) verschreiben. Ruhe und Eispackungen k\u00f6nnen das entz\u00fcndlich gereizte Gelenk ebenfalls beruhigen. Eine krankengymnastische Behandlung oder ein konsequentes \u00dcbungsprogramm stellt die gest\u00f6rte Kinematik wieder her. Falls die konservativen Verfahren zu keiner entscheidenden Besserung f\u00fchren, m\u00fcssen operative Verfahren in Betracht gezogen werden.<\/p>\n<\/div><\/section><br \/>\n<div  class='avia-button-wrap av-j8udhr-7651d881ef070e815d4f1fca00eb2b0b-wrap avia-button-left  avia-builder-el-9  el_after_av_textblock  avia-builder-el-last '><a href='https:\/\/atos-mvz.de\/wiesbaden\/bereiche\/schulter\/impingement-syndrom\/'  class='avia-button av-j8udhr-7651d881ef070e815d4f1fca00eb2b0b av-link-btn avia-icon_select-no avia-size-small avia-position-left avia-color-theme-color'   aria-label=\"Mehr erfahren\"><span class='avia_iconbox_title' >Mehr erfahren<\/span><\/a><\/div><\/p><\/div><div class='av-flex-placeholder'><\/div>\n<style type=\"text\/css\" data-created_by=\"avia_inline_auto\" id=\"style-css-av-hj62xr-3f4fe5697cbd67a61fd77afc4bed994f\">\n.flex_column.av-hj62xr-3f4fe5697cbd67a61fd77afc4bed994f{\nwidth:48%;\nmargin-left:0;\n}\n#top .flex_column_table.av-equal-height-column-flextable.av-hj62xr-3f4fe5697cbd67a61fd77afc4bed994f .av-flex-placeholder{\nwidth:4%;\n}\n<\/style>\n<div  class='flex_column av-hj62xr-3f4fe5697cbd67a61fd77afc4bed994f av_one_half  avia-builder-el-10  el_after_av_one_half  el_before_av_one_third  av-break-at-tablet flex_column_table_cell av-equal-height-column av-align-top  '     ><div  class='avia-video av-lmhdwnrc-667427c342e24666bbc535a4f6217606 avia-video-16-9 av-no-preview-image avia-video-load-always av-lazyload-immediate av-lazyload-video-embed'  itemprop=\"video\" itemtype=\"https:\/\/schema.org\/VideoObject\"  data-original_url='https:\/\/www.youtube.com\/watch?v=n04KoGyI1S0'><script type='text\/html' class='av-video-tmpl'><div class='avia-iframe-wrap'><iframe loading=\"lazy\" title=\"Fragen zu Schulterschmerzen - Dr. med. Andreas Kiekenbeck\" width=\"1500\" height=\"844\" src=\"https:\/\/www.youtube.com\/embed\/n04KoGyI1S0?feature=oembed&autoplay=0&loop=0&controls=1&mute=0\" frameborder=\"0\" allow=\"accelerometer; autoplay; clipboard-write; encrypted-media; gyroscope; picture-in-picture; web-share\" allowfullscreen><\/iframe><\/div><\/script><div class='av-click-to-play-overlay'><div class=\"avia_playpause_icon\"><\/div><\/div><\/div><\/div><\/div><!--close column table wrapper. Autoclose: 1 --><div class='flex_column_table av-1k9hrz-f328d727d29ee54b1b06181d5107d89b sc-av_one_third av-break-at-tablet-flextable av-equal-height-column-flextable'>\n<style type=\"text\/css\" data-created_by=\"avia_inline_auto\" id=\"style-css-av-1k9hrz-f328d727d29ee54b1b06181d5107d89b\">\n.flex_column.av-1k9hrz-f328d727d29ee54b1b06181d5107d89b{\nwidth:30.666666666667%;\nmargin-left:0;\n}\n#top .flex_column_table.av-equal-height-column-flextable.av-1k9hrz-f328d727d29ee54b1b06181d5107d89b .av-flex-placeholder{\nwidth:4%;\n}\n<\/style>\n<div  class='flex_column av-1k9hrz-f328d727d29ee54b1b06181d5107d89b av_one_third  avia-builder-el-12  el_after_av_one_half  el_before_av_two_third  first av-break-at-tablet flex_column_table_cell av-equal-height-column av-align-top  column-top-margin'     ><style type=\"text\/css\" data-created_by=\"avia_inline_auto\" id=\"style-css-av-lmhdzk9z-ea04be2df5af951cfa29f705981fd835\">\n.avia-image-container.av-lmhdzk9z-ea04be2df5af951cfa29f705981fd835 img.avia_image{\nbox-shadow:none;\n}\n.avia-image-container.av-lmhdzk9z-ea04be2df5af951cfa29f705981fd835 .av-image-caption-overlay-center{\ncolor:#ffffff;\n}\n<\/style>\n<div  class='avia-image-container av-lmhdzk9z-ea04be2df5af951cfa29f705981fd835 av-styling-no-styling av-img-linked avia-align-  avia-builder-el-13  avia-builder-el-no-sibling '   itemprop=\"image\" itemscope=\"itemscope\" itemtype=\"https:\/\/schema.org\/ImageObject\" ><div class=\"avia-image-container-inner\"><div class=\"avia-image-overlay-wrap\"><a href=\"https:\/\/atos-mvz.de\/wiesbaden\/bereiche\/schulter\/rotatorenmanschetten-syndrom-an-der-schulter\/\" class='avia_image '  ><img decoding=\"async\" fetchpriority=\"high\" class='wp-image-1443 avia-img-lazy-loading-not-1443 avia_image ' src=\"https:\/\/atos-mvz.de\/wiesbaden\/wp-content\/uploads\/sites\/22\/2023\/09\/Rotatorenmanschetten-Syndrom.jpg\" alt='' title=''  height=\"630\" width=\"600\"  itemprop=\"thumbnailUrl\" srcset=\"https:\/\/atos-mvz.de\/wiesbaden\/wp-content\/uploads\/sites\/22\/2023\/09\/Rotatorenmanschetten-Syndrom.jpg 600w, https:\/\/atos-mvz.de\/wiesbaden\/wp-content\/uploads\/sites\/22\/2023\/09\/Rotatorenmanschetten-Syndrom-286x300.jpg 286w\" sizes=\"(max-width: 600px) 100vw, 600px\" \/><\/a><\/div><\/div><\/div><\/div><div class='av-flex-placeholder'><\/div>\n<style type=\"text\/css\" data-created_by=\"avia_inline_auto\" id=\"style-css-av-e4hxgf-907093405a6f73a8681c4942889c19c9\">\n.flex_column.av-e4hxgf-907093405a6f73a8681c4942889c19c9{\nwidth:65.333333333333%;\nmargin-left:0;\n}\n#top .flex_column_table.av-equal-height-column-flextable.av-e4hxgf-907093405a6f73a8681c4942889c19c9 .av-flex-placeholder{\nwidth:4%;\n}\n<\/style>\n<div  class='flex_column av-e4hxgf-907093405a6f73a8681c4942889c19c9 av_two_third  avia-builder-el-14  el_after_av_one_third  el_before_av_one_third  av-break-at-tablet flex_column_table_cell av-equal-height-column av-align-top  column-top-margin'     ><section  class='av_textblock_section av-lmhdx8m6-fa0cc586f2033edd300ab1bc117d5015 '   itemscope=\"itemscope\" itemtype=\"https:\/\/schema.org\/CreativeWork\" ><div class='avia_textblock'  itemprop=\"text\" ><h2><a href=\"https:\/\/atos-mvz.de\/wiesbaden\/bereiche\/schulter\/rotatorenmanschetten-syndrom-an-der-schulter\/\"><strong>Rotatorenmanschetten-Syndrom<\/strong><\/a><\/h2>\n<p>Die Rotatorenmanschette ist der Schl\u00fcssel zu einem gesunden Schultergelenk. Die Sehnen sind allerdings einem erheblichen Verschlei\u00df und somit einer Degeneration ausgesetzt. Der Riss bzw. die Ruptur der Rotatorenmanschette kann eine sehr schmerzhafte Verletzung sein.<\/p>\n<p>Rotatorenmanschetten-Rupturen verursachen Schmerzen und ein Schw\u00e4chegef\u00fchl in der betroffenen Schulter. Recht h\u00e4ufig kann die Rotatorenmanschette auch nur teilweise einrei\u00dfen. Dann ist die Schulter zwar schmerzhaft, man kann den Arm aber immer noch im normalen Ausma\u00df bewegen.<\/p>\n<p>Ein komplette Rotatorenmanschetten-Ruptur wird nur mit einem Defekt ausheilen und sollte daher operiert werden, wenn die Schulter wieder ihre optimale Beweglichkeit erhalten soll. Teilrupturen k\u00f6nnen auch konservativ behandelt werden. Es ist durchaus gerechtfertigt, einer Teilruptur zun\u00e4chst die Chance zu einer Eigenheilung zu geben. Wenn Sie jedoch mit den Schmerzen nicht zurechtkommen, oder den Arm nicht vern\u00fcnftig bewegen k\u00f6nnen, sollte eine operative Therapie erwogen werden.<\/p>\n<\/div><\/section><br \/>\n<div  class='avia-button-wrap av-cyifvj-25c1052c78c2e50e2d9b58244b079661-wrap avia-button-left  avia-builder-el-16  el_after_av_textblock  avia-builder-el-last '><a href='https:\/\/atos-mvz.de\/wiesbaden\/bereiche\/schulter\/rotatorenmanschetten-syndrom-an-der-schulter\/'  class='avia-button av-cyifvj-25c1052c78c2e50e2d9b58244b079661 av-link-btn avia-icon_select-no avia-size-small avia-position-left avia-color-theme-color'   aria-label=\"Mehr erfahren\"><span class='avia_iconbox_title' >Mehr erfahren<\/span><\/a><\/div><\/p><\/div><\/div><!--close column table wrapper. Autoclose: 1 --><div class='flex_column_table av-bdpwhb-f8415b62453fc95f608ca210b0a84c05 sc-av_one_third av-break-at-tablet-flextable av-equal-height-column-flextable'>\n<style type=\"text\/css\" data-created_by=\"avia_inline_auto\" id=\"style-css-av-bdpwhb-f8415b62453fc95f608ca210b0a84c05\">\n.flex_column.av-bdpwhb-f8415b62453fc95f608ca210b0a84c05{\nwidth:30.666666666667%;\nmargin-left:0;\n}\n#top .flex_column_table.av-equal-height-column-flextable.av-bdpwhb-f8415b62453fc95f608ca210b0a84c05 .av-flex-placeholder{\nwidth:4%;\n}\n<\/style>\n<div  class='flex_column av-bdpwhb-f8415b62453fc95f608ca210b0a84c05 av_one_third  avia-builder-el-17  el_after_av_two_third  el_before_av_two_third  first av-break-at-tablet flex_column_table_cell av-equal-height-column av-align-top  column-top-margin'     ><style type=\"text\/css\" data-created_by=\"avia_inline_auto\" id=\"style-css-av-lmhdzt90-1b8dd2fcff0c0dc8642f829699120836\">\n.avia-image-container.av-lmhdzt90-1b8dd2fcff0c0dc8642f829699120836 img.avia_image{\nbox-shadow:none;\n}\n.avia-image-container.av-lmhdzt90-1b8dd2fcff0c0dc8642f829699120836 .av-image-caption-overlay-center{\ncolor:#ffffff;\n}\n<\/style>\n<div  class='avia-image-container av-lmhdzt90-1b8dd2fcff0c0dc8642f829699120836 av-styling-no-styling av-img-linked avia-align-  avia-builder-el-18  avia-builder-el-no-sibling '   itemprop=\"image\" itemscope=\"itemscope\" itemtype=\"https:\/\/schema.org\/ImageObject\" ><div class=\"avia-image-container-inner\"><div class=\"avia-image-overlay-wrap\"><a href=\"https:\/\/atos-mvz.de\/wiesbaden\/bereiche\/schulter\/kapsulitis-am-schultergelenk\/\" class='avia_image '  ><img decoding=\"async\" fetchpriority=\"high\" class='wp-image-1441 avia-img-lazy-loading-not-1441 avia_image ' src=\"https:\/\/atos-mvz.de\/wiesbaden\/wp-content\/uploads\/sites\/22\/2023\/09\/Adhaesive-Kapsulitis.jpg\" alt='' title=''  height=\"630\" width=\"600\"  itemprop=\"thumbnailUrl\" srcset=\"https:\/\/atos-mvz.de\/wiesbaden\/wp-content\/uploads\/sites\/22\/2023\/09\/Adhaesive-Kapsulitis.jpg 600w, https:\/\/atos-mvz.de\/wiesbaden\/wp-content\/uploads\/sites\/22\/2023\/09\/Adhaesive-Kapsulitis-286x300.jpg 286w\" sizes=\"(max-width: 600px) 100vw, 600px\" \/><\/a><\/div><\/div><\/div><\/div><div class='av-flex-placeholder'><\/div>\n<style type=\"text\/css\" data-created_by=\"avia_inline_auto\" id=\"style-css-av-9l75nj-000f9a537bd5a36e75ea0fb149b52012\">\n.flex_column.av-9l75nj-000f9a537bd5a36e75ea0fb149b52012{\nwidth:65.333333333333%;\nmargin-left:0;\n}\n#top .flex_column_table.av-equal-height-column-flextable.av-9l75nj-000f9a537bd5a36e75ea0fb149b52012 .av-flex-placeholder{\nwidth:4%;\n}\n<\/style>\n<div  class='flex_column av-9l75nj-000f9a537bd5a36e75ea0fb149b52012 av_two_third  avia-builder-el-19  el_after_av_one_third  el_before_av_one_third  av-break-at-tablet flex_column_table_cell av-equal-height-column av-align-top  column-top-margin'     ><section  class='av_textblock_section av-lmhdxjvh-6fe2d585f6e0ec81518c00c2fc5c6eb2 '   itemscope=\"itemscope\" itemtype=\"https:\/\/schema.org\/CreativeWork\" ><div class='avia_textblock'  itemprop=\"text\" ><h2><a href=\"https:\/\/atos-mvz.de\/wiesbaden\/bereiche\/schulter\/kapsulitis-am-schultergelenk\/\"><strong>Adh\u00e4sive Kapsulitis am Schultergelenk<\/strong><\/a><\/h2>\n<p>Adh\u00e4sive Kapsulitis, oder auch &#8222;frozen shoulder&#8220; genannt, ist eine schmerzhafte Erkrankung der Schulter. Sie f\u00fchrt zu einem erheblichen Bewegungsverlust des Schultergelenkes. Die Kapsulitis kann nach einem Unfall auftreten, oder auch langsam und spontan, ohne Vorwarnung entstehen. Bei einer Kapsulitis f\u00fchrt eine Entz\u00fcndung dazu, dass die lockeren Kapselschichten aneinander kleben. Dies f\u00fchrt zu einer erheblichen Einschr\u00e4nkung der Beweglichkeit. Die Schulter &#8222;friert quasi ein&#8220; &#8211; eine &#8222;frozen shoulder&#8220;.<\/p>\n<p>Im Vordergrund stehen Schmerzen in der Schulter und eine sehr eingeschr\u00e4nkte Beweglichkeit. Dabei macht es keinen Unterschied, ob Sie die Schulter selber aktiv bewegen, oder jemand versucht Ihre Schulter passiv durch zu bewegen. Am Bewegungsanschlag schmerzt typischerweise das Schultergelenk durch den Dehnungsreiz auf die entz\u00fcndlich ver\u00e4nderte Kapsel.<\/p>\n<p>Die Therapie einer adh\u00e4siven Kapsulitis kann frustrierend langsam verlaufen. Nicht selten wird man daher auch zu operativen Ma\u00dfnahmen greifen.<\/p>\n<\/div><\/section><br \/>\n<div  class='avia-button-wrap av-82t7jj-b5302882fb3e3de380ebe87811aa1332-wrap avia-button-left  avia-builder-el-21  el_after_av_textblock  avia-builder-el-last '><a href='https:\/\/atos-mvz.de\/wiesbaden\/bereiche\/schulter\/kapsulitis-am-schultergelenk\/'  class='avia-button av-82t7jj-b5302882fb3e3de380ebe87811aa1332 av-link-btn avia-icon_select-no avia-size-small avia-position-left avia-color-theme-color'   aria-label=\"Mehr erfahren\"><span class='avia_iconbox_title' >Mehr erfahren<\/span><\/a><\/div><\/p><\/div><\/div><!--close column table wrapper. Autoclose: 1 --><div class='flex_column_table av-6i2dvj-1f349a24d2431ceb21543df3d576a5f7 sc-av_one_third av-break-at-tablet-flextable av-equal-height-column-flextable'>\n<style type=\"text\/css\" data-created_by=\"avia_inline_auto\" id=\"style-css-av-6i2dvj-1f349a24d2431ceb21543df3d576a5f7\">\n.flex_column.av-6i2dvj-1f349a24d2431ceb21543df3d576a5f7{\nwidth:30.666666666667%;\nmargin-left:0;\n}\n#top .flex_column_table.av-equal-height-column-flextable.av-6i2dvj-1f349a24d2431ceb21543df3d576a5f7 .av-flex-placeholder{\nwidth:4%;\n}\n<\/style>\n<div  class='flex_column av-6i2dvj-1f349a24d2431ceb21543df3d576a5f7 av_one_third  avia-builder-el-22  el_after_av_two_third  el_before_av_two_third  first av-break-at-tablet flex_column_table_cell av-equal-height-column av-align-top  column-top-margin'     ><style type=\"text\/css\" data-created_by=\"avia_inline_auto\" id=\"style-css-av-lmhe00sp-ccefe628edc8bed09c0ae3e3f316b73f\">\n.avia-image-container.av-lmhe00sp-ccefe628edc8bed09c0ae3e3f316b73f img.avia_image{\nbox-shadow:none;\n}\n.avia-image-container.av-lmhe00sp-ccefe628edc8bed09c0ae3e3f316b73f .av-image-caption-overlay-center{\ncolor:#ffffff;\n}\n<\/style>\n<div  class='avia-image-container av-lmhe00sp-ccefe628edc8bed09c0ae3e3f316b73f av-styling-no-styling av-img-linked avia-align-  avia-builder-el-23  avia-builder-el-no-sibling '   itemprop=\"image\" itemscope=\"itemscope\" itemtype=\"https:\/\/schema.org\/ImageObject\" ><div class=\"avia-image-container-inner\"><div class=\"avia-image-overlay-wrap\"><a href=\"https:\/\/atos-mvz.de\/wiesbaden\/bereiche\/schulter\/schulterprothese-bei-schwerer-omarthrose\/\" class='avia_image '  ><img decoding=\"async\" fetchpriority=\"high\" class='wp-image-1442 avia-img-lazy-loading-not-1442 avia_image ' src=\"https:\/\/atos-mvz.de\/wiesbaden\/wp-content\/uploads\/sites\/22\/2023\/09\/Omarthrose.jpg\" alt='' title=''  height=\"630\" width=\"600\"  itemprop=\"thumbnailUrl\" srcset=\"https:\/\/atos-mvz.de\/wiesbaden\/wp-content\/uploads\/sites\/22\/2023\/09\/Omarthrose.jpg 600w, https:\/\/atos-mvz.de\/wiesbaden\/wp-content\/uploads\/sites\/22\/2023\/09\/Omarthrose-286x300.jpg 286w\" sizes=\"(max-width: 600px) 100vw, 600px\" \/><\/a><\/div><\/div><\/div><\/div><div class='av-flex-placeholder'><\/div>\n<style type=\"text\/css\" data-created_by=\"avia_inline_auto\" id=\"style-css-av-4luytb-fee822f73064f599ad71a43b5c163caf\">\n.flex_column.av-4luytb-fee822f73064f599ad71a43b5c163caf{\nwidth:65.333333333333%;\nmargin-left:0;\n}\n#top .flex_column_table.av-equal-height-column-flextable.av-4luytb-fee822f73064f599ad71a43b5c163caf .av-flex-placeholder{\nwidth:4%;\n}\n<\/style>\n<div  class='flex_column av-4luytb-fee822f73064f599ad71a43b5c163caf av_two_third  avia-builder-el-24  el_after_av_one_third  avia-builder-el-last  av-break-at-tablet flex_column_table_cell av-equal-height-column av-align-top  column-top-margin'     ><section  class='av_textblock_section av-lmhdxy74-862cc4990500921543ccc808e0bc6d03 '   itemscope=\"itemscope\" itemtype=\"https:\/\/schema.org\/CreativeWork\" ><div class='avia_textblock'  itemprop=\"text\" ><h2><a href=\"https:\/\/atos-mvz.de\/wiesbaden\/bereiche\/schulter\/schulterprothese-bei-schwerer-omarthrose\/\"><strong>Omarthrose<\/strong><\/a><\/h2>\n<p>Der h\u00e4ufigste Grund f\u00fcr eine Omarthrose ist ein Knorpelverlust im Rahmen von Verschlei\u00dferscheinungen. Eine Omarthrose kann auch ohne voraus gegangene Verletzung entstehen, obwohl dies eher un\u00fcblich ist. Da die Schulter kein lasttragendes Gelenk wie H\u00fcfte oder Kniegelenk ist, erleidet sie nicht so h\u00e4ufig einen Verschlei\u00df.<\/p>\n<p>Viel h\u00e4ufiger entsteht die Omarthrose durch eine Verletzung, wie z.B. eine Instabilit\u00e4t nach Ausrenken der Schulter. Mit der Zeit f\u00fchren dann die abnorme Scherkr\u00e4fte zu einem Verschlei\u00df des Gelenkknorpels. Der k\u00fcnstliche Ersatz des Schultergelenkes ist zwar nicht so h\u00e4ufig, wie an H\u00fcfte oder Knie.<\/p>\n<p>Wenn er dennoch erforderlich wird, kann diese Operation effektiv den durch Arthrose bedingten Schmerz beseitigen. Bei den meisten Patienten bessert sich auch die Funktion der Schulter, wenngleich nicht auf die Werte einer gesunden Schulter.<\/p>\n<\/div><\/section><br \/>\n<div  class='avia-button-wrap av-3aei6n-81794c9ff191165d4face525e5db66ed-wrap avia-button-left  avia-builder-el-26  el_after_av_textblock  avia-builder-el-last '><a href='https:\/\/atos-mvz.de\/wiesbaden\/bereiche\/schulter\/schulterprothese-bei-schwerer-omarthrose\/'  class='avia-button av-3aei6n-81794c9ff191165d4face525e5db66ed av-link-btn avia-icon_select-no avia-size-small avia-position-left avia-color-theme-color'   aria-label=\"Mehr erfahren\"><span class='avia_iconbox_title' >Mehr erfahren<\/span><\/a><\/div><\/p><\/div><\/div><!--close column table wrapper. Autoclose: 1 -->\n\n","protected":false},"excerpt":{"rendered":"","protected":false},"author":1,"featured_media":0,"parent":1060,"menu_order":0,"comment_status":"closed","ping_status":"closed","template":"","meta":{"footnotes":""},"class_list":["post-1439","page","type-page","status-publish","hentry"],"yoast_head":"<!-- This site is optimized with the Yoast SEO plugin v27.3 - https:\/\/yoast.com\/product\/yoast-seo-wordpress\/ -->\n<title>Schulterbehandlung in Wiesbaden | ATOS Orthop\u00e4die MVZ<\/title>\n<meta name=\"description\" content=\"Schulterbehandlung in Wiesbaden bei ATOS: Moderne Diagnostik und Orthop\u00e4die bei Impingement, Rotatorenmanschette und Schulterarthrose.\" \/>\n<meta name=\"robots\" content=\"index, follow, max-snippet:-1, max-image-preview:large, max-video-preview:-1\" \/>\n<link rel=\"canonical\" href=\"https:\/\/atos-mvz.de\/wiesbaden\/bereiche\/schulter\/\" \/>\n<meta property=\"og:locale\" content=\"de_DE\" \/>\n<meta property=\"og:type\" content=\"article\" \/>\n<meta property=\"og:title\" content=\"Schulterbehandlung in Wiesbaden | ATOS Orthop\u00e4die MVZ\" \/>\n<meta property=\"og:description\" content=\"Schulterbehandlung in Wiesbaden bei ATOS: Moderne Diagnostik und Orthop\u00e4die bei Impingement, Rotatorenmanschette und Schulterarthrose.\" \/>\n<meta property=\"og:url\" content=\"https:\/\/atos-mvz.de\/wiesbaden\/bereiche\/schulter\/\" \/>\n<meta property=\"og:site_name\" content=\"MVZ Wiesbaden\" \/>\n<meta property=\"article:modified_time\" content=\"2026-01-15T14:49:01+00:00\" \/>\n<meta name=\"twitter:card\" content=\"summary_large_image\" \/>\n<script type=\"application\/ld+json\" class=\"yoast-schema-graph\">{\"@context\":\"https:\\\/\\\/schema.org\",\"@graph\":[{\"@type\":\"WebPage\",\"@id\":\"https:\\\/\\\/atos-mvz.de\\\/wiesbaden\\\/bereiche\\\/schulter\\\/\",\"url\":\"https:\\\/\\\/atos-mvz.de\\\/wiesbaden\\\/bereiche\\\/schulter\\\/\",\"name\":\"Schulterbehandlung in Wiesbaden | ATOS Orthop\u00e4die MVZ\",\"isPartOf\":{\"@id\":\"https:\\\/\\\/atos-mvz.de\\\/wiesbaden\\\/#website\"},\"datePublished\":\"2023-09-13T06:55:24+00:00\",\"dateModified\":\"2026-01-15T14:49:01+00:00\",\"description\":\"Schulterbehandlung in Wiesbaden bei ATOS: Moderne Diagnostik und Orthop\u00e4die bei Impingement, Rotatorenmanschette und Schulterarthrose.\",\"breadcrumb\":{\"@id\":\"https:\\\/\\\/atos-mvz.de\\\/wiesbaden\\\/bereiche\\\/schulter\\\/#breadcrumb\"},\"inLanguage\":\"de\",\"potentialAction\":[{\"@type\":\"ReadAction\",\"target\":[\"https:\\\/\\\/atos-mvz.de\\\/wiesbaden\\\/bereiche\\\/schulter\\\/\"]}]},{\"@type\":\"BreadcrumbList\",\"@id\":\"https:\\\/\\\/atos-mvz.de\\\/wiesbaden\\\/bereiche\\\/schulter\\\/#breadcrumb\",\"itemListElement\":[{\"@type\":\"ListItem\",\"position\":1,\"name\":\"Startseite\",\"item\":\"https:\\\/\\\/atos-mvz.de\\\/wiesbaden\\\/startseite\\\/\"},{\"@type\":\"ListItem\",\"position\":2,\"name\":\"Bereiche\",\"item\":\"https:\\\/\\\/atos-mvz.de\\\/wiesbaden\\\/bereiche\\\/\"},{\"@type\":\"ListItem\",\"position\":3,\"name\":\"Schulter\"}]},{\"@type\":\"WebSite\",\"@id\":\"https:\\\/\\\/atos-mvz.de\\\/wiesbaden\\\/#website\",\"url\":\"https:\\\/\\\/atos-mvz.de\\\/wiesbaden\\\/\",\"name\":\"MVZ Wiesbaden\",\"description\":\"\",\"potentialAction\":[{\"@type\":\"SearchAction\",\"target\":{\"@type\":\"EntryPoint\",\"urlTemplate\":\"https:\\\/\\\/atos-mvz.de\\\/wiesbaden\\\/?s={search_term_string}\"},\"query-input\":{\"@type\":\"PropertyValueSpecification\",\"valueRequired\":true,\"valueName\":\"search_term_string\"}}],\"inLanguage\":\"de\"}]}<\/script>\n<!-- \/ Yoast SEO plugin. -->","yoast_head_json":{"title":"Schulterbehandlung in Wiesbaden | ATOS Orthop\u00e4die MVZ","description":"Schulterbehandlung in Wiesbaden bei ATOS: Moderne Diagnostik und Orthop\u00e4die bei Impingement, Rotatorenmanschette und Schulterarthrose.","robots":{"index":"index","follow":"follow","max-snippet":"max-snippet:-1","max-image-preview":"max-image-preview:large","max-video-preview":"max-video-preview:-1"},"canonical":"https:\/\/atos-mvz.de\/wiesbaden\/bereiche\/schulter\/","og_locale":"de_DE","og_type":"article","og_title":"Schulterbehandlung in Wiesbaden | ATOS Orthop\u00e4die MVZ","og_description":"Schulterbehandlung in Wiesbaden bei ATOS: Moderne Diagnostik und Orthop\u00e4die bei Impingement, Rotatorenmanschette und Schulterarthrose.","og_url":"https:\/\/atos-mvz.de\/wiesbaden\/bereiche\/schulter\/","og_site_name":"MVZ Wiesbaden","article_modified_time":"2026-01-15T14:49:01+00:00","twitter_card":"summary_large_image","schema":{"@context":"https:\/\/schema.org","@graph":[{"@type":"WebPage","@id":"https:\/\/atos-mvz.de\/wiesbaden\/bereiche\/schulter\/","url":"https:\/\/atos-mvz.de\/wiesbaden\/bereiche\/schulter\/","name":"Schulterbehandlung in Wiesbaden | ATOS Orthop\u00e4die MVZ","isPartOf":{"@id":"https:\/\/atos-mvz.de\/wiesbaden\/#website"},"datePublished":"2023-09-13T06:55:24+00:00","dateModified":"2026-01-15T14:49:01+00:00","description":"Schulterbehandlung in Wiesbaden bei ATOS: Moderne Diagnostik und Orthop\u00e4die bei Impingement, Rotatorenmanschette und Schulterarthrose.","breadcrumb":{"@id":"https:\/\/atos-mvz.de\/wiesbaden\/bereiche\/schulter\/#breadcrumb"},"inLanguage":"de","potentialAction":[{"@type":"ReadAction","target":["https:\/\/atos-mvz.de\/wiesbaden\/bereiche\/schulter\/"]}]},{"@type":"BreadcrumbList","@id":"https:\/\/atos-mvz.de\/wiesbaden\/bereiche\/schulter\/#breadcrumb","itemListElement":[{"@type":"ListItem","position":1,"name":"Startseite","item":"https:\/\/atos-mvz.de\/wiesbaden\/startseite\/"},{"@type":"ListItem","position":2,"name":"Bereiche","item":"https:\/\/atos-mvz.de\/wiesbaden\/bereiche\/"},{"@type":"ListItem","position":3,"name":"Schulter"}]},{"@type":"WebSite","@id":"https:\/\/atos-mvz.de\/wiesbaden\/#website","url":"https:\/\/atos-mvz.de\/wiesbaden\/","name":"MVZ Wiesbaden","description":"","potentialAction":[{"@type":"SearchAction","target":{"@type":"EntryPoint","urlTemplate":"https:\/\/atos-mvz.de\/wiesbaden\/?s={search_term_string}"},"query-input":{"@type":"PropertyValueSpecification","valueRequired":true,"valueName":"search_term_string"}}],"inLanguage":"de"}]}},"_links":{"self":[{"href":"https:\/\/atos-mvz.de\/wiesbaden\/wp-json\/wp\/v2\/pages\/1439","targetHints":{"allow":["GET"]}}],"collection":[{"href":"https:\/\/atos-mvz.de\/wiesbaden\/wp-json\/wp\/v2\/pages"}],"about":[{"href":"https:\/\/atos-mvz.de\/wiesbaden\/wp-json\/wp\/v2\/types\/page"}],"author":[{"embeddable":true,"href":"https:\/\/atos-mvz.de\/wiesbaden\/wp-json\/wp\/v2\/users\/1"}],"replies":[{"embeddable":true,"href":"https:\/\/atos-mvz.de\/wiesbaden\/wp-json\/wp\/v2\/comments?post=1439"}],"version-history":[{"count":10,"href":"https:\/\/atos-mvz.de\/wiesbaden\/wp-json\/wp\/v2\/pages\/1439\/revisions"}],"predecessor-version":[{"id":2764,"href":"https:\/\/atos-mvz.de\/wiesbaden\/wp-json\/wp\/v2\/pages\/1439\/revisions\/2764"}],"up":[{"embeddable":true,"href":"https:\/\/atos-mvz.de\/wiesbaden\/wp-json\/wp\/v2\/pages\/1060"}],"wp:attachment":[{"href":"https:\/\/atos-mvz.de\/wiesbaden\/wp-json\/wp\/v2\/media?parent=1439"}],"curies":[{"name":"wp","href":"https:\/\/api.w.org\/{rel}","templated":true}]}}