{"id":1409,"date":"2023-09-12T17:09:19","date_gmt":"2023-09-12T15:09:19","guid":{"rendered":"https:\/\/atos-mvz.de\/wiesbaden\/?page_id=1409"},"modified":"2023-09-14T09:26:16","modified_gmt":"2023-09-14T07:26:16","slug":"tumoren-hand","status":"publish","type":"page","link":"https:\/\/atos-mvz.de\/wiesbaden\/bereiche\/hand\/tumoren-hand\/","title":{"rendered":"Tumoren der Hand"},"content":{"rendered":"\n<style type=\"text\/css\" data-created_by=\"avia_inline_auto\" id=\"style-css-av-av_section-ec599dcb8f7116f201f3a3903e106e52\">\n.avia-section.av-av_section-ec599dcb8f7116f201f3a3903e106e52 .av-extra-border-element .av-extra-border-inner{\nbackground-color:#f1f0f5;\n}\n<\/style>\n<div id='av_section_1'  class='avia-section av-av_section-ec599dcb8f7116f201f3a3903e106e52 main_color avia-section-large avia-no-border-styling  avia-builder-el-0  el_before_av_section  avia-builder-el-first  small-container avia-bg-style-scroll container_wrap fullsize'  ><div class='container av-section-cont-open' ><main  role=\"main\" itemprop=\"mainContentOfPage\"  class='template-page content  av-content-full alpha units'><div class='post-entry post-entry-type-page post-entry-1409'><div class='entry-content-wrapper clearfix'>\n<section  class='av_textblock_section av-lmgg4zrr-e8d48fa32d6468e2eb3f2a3188341f3e '   itemscope=\"itemscope\" itemtype=\"https:\/\/schema.org\/CreativeWork\" ><div class='avia_textblock'  itemprop=\"text\" ><h1><strong>Tumoren der Hand<br \/>\n<\/strong><\/h1>\n<\/div><\/section>\n\n<style type=\"text\/css\" data-created_by=\"avia_inline_auto\" id=\"style-css-av-av_hr-2b301dfe29e9b1afdaa9830d48e7b3c3\">\n#top .hr.av-av_hr-2b301dfe29e9b1afdaa9830d48e7b3c3{\nmargin-top:0;\nmargin-bottom:30px;\n}\n.hr.av-av_hr-2b301dfe29e9b1afdaa9830d48e7b3c3 .hr-inner{\nwidth:100%;\nborder-color:#f1f0f5;\n}\n<\/style>\n<div  class='hr av-av_hr-2b301dfe29e9b1afdaa9830d48e7b3c3 hr-custom  avia-builder-el-1  avia-builder-el-no-sibling  hr-center hr-icon-no'><span class='hr-inner inner-border-av-border-thin'><span class=\"hr-inner-style\"><\/span><\/span><\/div>\n<section  class='av_textblock_section av-lmgg5zbd-477eb2ac9f02401e5ff5edea2e2dd282 '   itemscope=\"itemscope\" itemtype=\"https:\/\/schema.org\/CreativeWork\" ><div class='avia_textblock'  itemprop=\"text\" ><h2><strong>Morbus Dupuytren<\/strong><\/h2>\n<p><img loading=\"lazy\" decoding=\"async\" class=\"size-medium wp-image-1388 alignright\" src=\"https:\/\/atos-mvz.de\/wiesbaden\/wp-content\/uploads\/sites\/22\/2023\/09\/tumoren-der-hand-300x286.jpg\" alt=\"\" width=\"300\" height=\"286\" srcset=\"https:\/\/atos-mvz.de\/wiesbaden\/wp-content\/uploads\/sites\/22\/2023\/09\/tumoren-der-hand-300x286.jpg 300w, https:\/\/atos-mvz.de\/wiesbaden\/wp-content\/uploads\/sites\/22\/2023\/09\/tumoren-der-hand.jpg 630w\" sizes=\"auto, (max-width: 300px) 100vw, 300px\" \/><\/p>\n<p>Die Dupuytrensche Kontraktur ist eine gutartige Wucherung des Bindegewebes im Bereich der Hohlhand und der beugeseitigen Finger. Durch die Bildung von Knoten und sich verk\u00fcrzenden Str\u00e4ngen kommt es allm\u00e4hlich zu einer zunehmenden Beugefehlstellung eines oder mehrer Finger.<\/p>\n<p>Die Ursache hierf\u00fcr ist bis heute nicht gekl\u00e4rt, eine famili\u00e4re H\u00e4ufung wird beobachtet, wobei \u00fcberwiegend M\u00e4nner betroffen sind.<br \/>\nZus\u00e4tzlich k\u00f6nnen sich auch Fingerkn\u00f6chelpolster (knuckle pads) oder Knoten und Str\u00e4nge an der Fu\u00dfsohle bilden (Morbus Ledderhose).<\/p>\n<p>Die Diagnostik beschr\u00e4nkt sich h\u00e4ufig auf eine klinische Untersuchung, mitunter sind R\u00f6ntgenaufnahmen erforderlich, um eine zus\u00e4tzliche Gelenkerkrankung des Fingergelenkes auszuschlie\u00dfen . Konservativ ist das Einspritzen von Enzymen zur Aufl\u00f6sung der Knoten und Str\u00e4nge m\u00f6glich, hier fehlt allerdings die Langzeiterfahrung und die Ma\u00dfnahme wird nicht von der Krankenkasse \u00fcbernommen.<\/p>\n<p>Ist noch keine Beugestellung des betroffenen Fingers eingetreten, bedarf es keiner speziellen Therapie. Sollte die Knotenbildung umschrieben, aber st\u00f6rend sein, kann durch eine dosierte R\u00f6ntgenbestrahlung eine Erweichung des Knotengewebes bewirkt werden.<\/p>\n<p><strong>Beim Auftreten von Bewegungseinschr\u00e4nkungen der Finger ist eine operative Therapie angezeigt.<\/strong><\/p>\n<p>Beim Auftreten von Streckdefiziten ist eine operative Therapie angezeigt. Es wird durch eine spezielle Schnittf\u00fchrung die Haut er\u00f6ffnet und das ver\u00e4nderte Bindegewebe sorgf\u00e4ltig von den Gef\u00e4\u00df-Nervenstr\u00e4ngen und den Beugesehnen abgel\u00f6st und entfernt.<\/p>\n<p>Sollte nach Entfernung des ver\u00e4nderten Gewebes keine vollst\u00e4ndige Streckung des Fingers herbeigef\u00fchrt werden k\u00f6nnen, liegen zus\u00e4tzlich Ver\u00e4nderungen an den Gelenken vor, welche durch Gelenkl\u00f6sungen oder weiterf\u00fchrende Eingriffe behandelt werden m\u00fcssen. Gelingt der lockere Hautverschlu\u00df nicht, m\u00fcssen gr\u00f6\u00dfere Hautdefekte durch Hauttransplantationen oder Hautlappenplastiken verschlossen werden.<\/p>\n<p><strong>Die Nachbehandlung erfordert Geduld und dauert einige Wochen.<\/strong><\/p>\n<p>Je nach Auspr\u00e4gung der Erkrankung ist die Nachbehandlung mit der Anfertigung von Quengel- und Nachlagerungsschienen angezeigt. Intensive ergotherapeutische bzw. krankengymnastische Be\u00fcbungen der Hand, ggf. die Verordnung von manueller Lymphdrainage sind in jedem Fall erforderlich. Engmaschige Nachkontrollen \u00fcber wenigstens 3 Monate sollten gew\u00e4hrleistet sein.<\/p>\n<p>Je nach Auspr\u00e4gung der Erkrankung und Ausma\u00df der notwendigen Schnittf\u00fchrung mu\u00df mit einer langen Wundheilungsdauer \u00fcber mehrere Wochen gerechnet werden. Trotz sorgf\u00e4ltiger Operationstechnik kann nicht garantiert werden, dass sich nicht neuerlich Str\u00e4nge und Knoten bilden, d.h. ein Rezidiv entsteht.<\/p>\n<\/div><\/section>\n\n<style type=\"text\/css\" data-created_by=\"avia_inline_auto\" id=\"style-css-av-av_hr-709d23c572c8a7c2a6dfaa647ba8780c\">\n#top .hr.av-av_hr-709d23c572c8a7c2a6dfaa647ba8780c{\nmargin-top:20px;\nmargin-bottom:30px;\n}\n.hr.av-av_hr-709d23c572c8a7c2a6dfaa647ba8780c .hr-inner{\nwidth:100%;\nborder-color:#f1f0f5;\n}\n<\/style>\n<div  class='hr av-av_hr-709d23c572c8a7c2a6dfaa647ba8780c hr-custom hr-center hr-icon-no'><span class='hr-inner inner-border-av-border-thin'><span class=\"hr-inner-style\"><\/span><\/span><\/div>\n<section  class='av_textblock_section av-lmgg6ra7-5771f1c96fc5158011ed1e86bc133497 '   itemscope=\"itemscope\" itemtype=\"https:\/\/schema.org\/CreativeWork\" ><div class='avia_textblock'  itemprop=\"text\" ><h2><strong>\u00dcberbein (Ganglion)<\/strong><\/h2>\n<p><img loading=\"lazy\" decoding=\"async\" class=\"size-medium wp-image-1390 alignright\" src=\"https:\/\/atos-mvz.de\/wiesbaden\/wp-content\/uploads\/sites\/22\/2023\/09\/Die-rheumatische-Hand-300x286.jpg\" alt=\"\" width=\"300\" height=\"286\" srcset=\"https:\/\/atos-mvz.de\/wiesbaden\/wp-content\/uploads\/sites\/22\/2023\/09\/Die-rheumatische-Hand-300x286.jpg 300w, https:\/\/atos-mvz.de\/wiesbaden\/wp-content\/uploads\/sites\/22\/2023\/09\/Die-rheumatische-Hand.jpg 630w\" sizes=\"auto, (max-width: 300px) 100vw, 300px\" \/><\/p>\n<p><strong>Ein Ganglion ist eine gutartige Geschwulst an der Beuge- oder Streckseite der Hand oder des Handgelenkes.<\/strong><\/p>\n<p>Ganglien sind die h\u00e4ufigste gutartige Geschwulstbildung an der Hand, wobei Frauen deutlich h\u00e4ufiger als M\u00e4nner betroffen sind und die Erkrankung auch bei Kindern und Jugendlichen nicht selten ist. Die Ursache f\u00fcr diese Erkrankung ist bis heute nicht gekl\u00e4rt.<\/p>\n<p>Klinisch findet sich eine prall-elastische, fast &#8222;knochenharte&#8220; Geschwulst am Handgelenk, meist am Handr\u00fccken, seltener auf der Beugeseite des Handgelenkes. Die Gr\u00f6\u00dfe der Geschwulst kann variieren, je nach F\u00fcllungszustand. Die visk\u00f6se Fl\u00fcssigkeit stammt von einem Gelenk oder einer Sehnenscheide, mit denen das Ganglion noch nicht \u00e4u\u00dferlich ersichtlich, sondern im Gewebe &#8222;versteckt&#8220;.<\/p>\n<p>Neben der \u00e4sthetisch st\u00f6renden Vorw\u00f6lbung k\u00f6nnen Ganglien zu wechselnden belastungsabh\u00e4ngigen Schmerzen im Handgelenk f\u00fchren. Die klinische Untersuchung ist in der Regel richtungsweisend, bei Verdacht auf ein sogenanntes okkultes (d.h. nicht \u00e4u\u00dferlich sichtbares) Ganglion ist eine Magnetresonanztomographie erforderlich.<\/p>\n<p><strong>Eine spontane R\u00fcckbildung ist m\u00f6glich. Die Punktion f\u00fchrt in ca. 50% der F\u00e4lle zum Wiederauftreten, bei operativer Entfernung liegt das Rezidiv-Risiko bei ca. 20%.<\/strong><\/p>\n<p>Da diese Erkrankung harmlos und auch eine spontane R\u00fcckbildung m\u00f6glich ist, muss die Geschwulst nicht zwingend operativ entfernt werden. Bei Beschwerden kann eine Punktion der Geschwulst mit Absaugen der Fl\u00fcssigkeit durchgef\u00fchrt werden. In 50% der F\u00e4lle f\u00fcllt sich das Ganglion allerdings erneut.<\/p>\n<p>Die operative Entfernung des Ganglions erfordert nach der Operation eine Ruhigstellung des Handgelenkes auf einer Schiene f\u00fcr 1 Woche und nachfolgend das vermeiden st\u00e4rkerer Belastung f\u00fcr 6 Wochen.<\/p>\n<p>Auch bei korrekter Durchf\u00fchrung der Operation kann es in ca. 20% der F\u00e4lle zu einer neuerlichen Bildung der Geschwulst kommen. Eine b\u00f6sartige Entartung des Tumors wurde bisher nicht beschrieben.<\/p>\n<\/div><\/section>\n\n<style type=\"text\/css\" data-created_by=\"avia_inline_auto\" id=\"style-css-av-av_hr-709d23c572c8a7c2a6dfaa647ba8780c\">\n#top .hr.av-av_hr-709d23c572c8a7c2a6dfaa647ba8780c{\nmargin-top:20px;\nmargin-bottom:30px;\n}\n.hr.av-av_hr-709d23c572c8a7c2a6dfaa647ba8780c .hr-inner{\nwidth:100%;\nborder-color:#f1f0f5;\n}\n<\/style>\n<div  class='hr av-av_hr-709d23c572c8a7c2a6dfaa647ba8780c hr-custom hr-center hr-icon-no'><span class='hr-inner inner-border-av-border-thin'><span class=\"hr-inner-style\"><\/span><\/span><\/div>\n<section  class='av_textblock_section av-lmgg77a8-db6595fa83864abd82abeb4d99848463 '   itemscope=\"itemscope\" itemtype=\"https:\/\/schema.org\/CreativeWork\" ><div class='avia_textblock'  itemprop=\"text\" ><h2><strong>Enchondrom<\/strong><\/h2>\n<p><strong>Enchondrome sind h\u00e4ufig vorkommende, gutartige Knochentumore.<\/strong><\/p>\n<p>Das Enchondrom ist der h\u00e4ufigste gutartige Tumor am Skelettsystem der Hand. Betroffen sind meistens Knochen der Finger oder die Mittelhandknochen. Beschwerden macht diese Erkrankung in der Regel keine, sondern ist ein Zufallsbefund beim R\u00f6ntgen der Hand aus anderem Grund.<\/p>\n<p><strong>Die operative Therapie ist bei vorliegender Gefahr eines Knochenbruchs erforderlich.<\/strong><\/p>\n<p>Eine weiterf\u00fchrende Diagnostik ist meistens nicht erforderlich. Da es bei dieser Erkrankung zu spontanen Knochenbr\u00fcchen kommen kann, sollter der Tumor operativ ausger\u00e4umt werden. Bei ausgedehnter Gr\u00f6\u00dfe des Tumors kann eine Knochen\u00fcbertragung von der gleichseitigen Speiche oder vom Beckenkamm erforderlich sein.<\/p>\n<p>Nachfolgend ist eine Ruhigstellung auf eine Schiene f\u00fcr 2 Wochen erforderlich. Danach sollte f\u00fcr weitere 4 Wochen eine verst\u00e4rkte Belastung der betroffenen Hand zu vermieden werden. Eine b\u00f6sartige Entartung der Tumors ist extrem selten, aber m\u00f6glich.<\/p>\n<\/div><\/section>\n\n","protected":false},"excerpt":{"rendered":"","protected":false},"author":1,"featured_media":0,"parent":1386,"menu_order":0,"comment_status":"closed","ping_status":"closed","template":"","meta":{"footnotes":""},"class_list":["post-1409","page","type-page","status-publish","hentry"],"yoast_head":"<!-- This site is optimized with the Yoast SEO plugin v27.3 - https:\/\/yoast.com\/product\/yoast-seo-wordpress\/ -->\n<title>Tumoren der Hand - MVZ Wiesbaden<\/title>\n<meta name=\"robots\" content=\"index, follow, max-snippet:-1, max-image-preview:large, max-video-preview:-1\" \/>\n<link rel=\"canonical\" href=\"https:\/\/atos-mvz.de\/wiesbaden\/bereiche\/hand\/tumoren-hand\/\" \/>\n<meta property=\"og:locale\" content=\"de_DE\" \/>\n<meta property=\"og:type\" content=\"article\" \/>\n<meta property=\"og:title\" content=\"Tumoren der Hand - MVZ Wiesbaden\" \/>\n<meta property=\"og:url\" content=\"https:\/\/atos-mvz.de\/wiesbaden\/bereiche\/hand\/tumoren-hand\/\" \/>\n<meta property=\"og:site_name\" content=\"MVZ Wiesbaden\" \/>\n<meta property=\"article:modified_time\" content=\"2023-09-14T07:26:16+00:00\" \/>\n<meta property=\"og:image\" content=\"https:\/\/atos-mvz.de\/wiesbaden\/wp-content\/uploads\/sites\/22\/2023\/09\/tumoren-der-hand-300x286.jpg\" \/>\n<meta name=\"twitter:card\" content=\"summary_large_image\" \/>\n<script type=\"application\/ld+json\" class=\"yoast-schema-graph\">{\"@context\":\"https:\\\/\\\/schema.org\",\"@graph\":[{\"@type\":\"WebPage\",\"@id\":\"https:\\\/\\\/atos-mvz.de\\\/wiesbaden\\\/bereiche\\\/hand\\\/tumoren-hand\\\/\",\"url\":\"https:\\\/\\\/atos-mvz.de\\\/wiesbaden\\\/bereiche\\\/hand\\\/tumoren-hand\\\/\",\"name\":\"Tumoren der Hand - MVZ Wiesbaden\",\"isPartOf\":{\"@id\":\"https:\\\/\\\/atos-mvz.de\\\/wiesbaden\\\/#website\"},\"primaryImageOfPage\":{\"@id\":\"https:\\\/\\\/atos-mvz.de\\\/wiesbaden\\\/bereiche\\\/hand\\\/tumoren-hand\\\/#primaryimage\"},\"image\":{\"@id\":\"https:\\\/\\\/atos-mvz.de\\\/wiesbaden\\\/bereiche\\\/hand\\\/tumoren-hand\\\/#primaryimage\"},\"thumbnailUrl\":\"https:\\\/\\\/atos-mvz.de\\\/wiesbaden\\\/wp-content\\\/uploads\\\/sites\\\/22\\\/2023\\\/09\\\/tumoren-der-hand-300x286.jpg\",\"datePublished\":\"2023-09-12T15:09:19+00:00\",\"dateModified\":\"2023-09-14T07:26:16+00:00\",\"breadcrumb\":{\"@id\":\"https:\\\/\\\/atos-mvz.de\\\/wiesbaden\\\/bereiche\\\/hand\\\/tumoren-hand\\\/#breadcrumb\"},\"inLanguage\":\"de\",\"potentialAction\":[{\"@type\":\"ReadAction\",\"target\":[\"https:\\\/\\\/atos-mvz.de\\\/wiesbaden\\\/bereiche\\\/hand\\\/tumoren-hand\\\/\"]}]},{\"@type\":\"ImageObject\",\"inLanguage\":\"de\",\"@id\":\"https:\\\/\\\/atos-mvz.de\\\/wiesbaden\\\/bereiche\\\/hand\\\/tumoren-hand\\\/#primaryimage\",\"url\":\"https:\\\/\\\/atos-mvz.de\\\/wiesbaden\\\/wp-content\\\/uploads\\\/sites\\\/22\\\/2023\\\/09\\\/tumoren-der-hand.jpg\",\"contentUrl\":\"https:\\\/\\\/atos-mvz.de\\\/wiesbaden\\\/wp-content\\\/uploads\\\/sites\\\/22\\\/2023\\\/09\\\/tumoren-der-hand.jpg\",\"width\":630,\"height\":600},{\"@type\":\"BreadcrumbList\",\"@id\":\"https:\\\/\\\/atos-mvz.de\\\/wiesbaden\\\/bereiche\\\/hand\\\/tumoren-hand\\\/#breadcrumb\",\"itemListElement\":[{\"@type\":\"ListItem\",\"position\":1,\"name\":\"Startseite\",\"item\":\"https:\\\/\\\/atos-mvz.de\\\/wiesbaden\\\/startseite\\\/\"},{\"@type\":\"ListItem\",\"position\":2,\"name\":\"Bereiche\",\"item\":\"https:\\\/\\\/atos-mvz.de\\\/wiesbaden\\\/bereiche\\\/\"},{\"@type\":\"ListItem\",\"position\":3,\"name\":\"Hand\",\"item\":\"https:\\\/\\\/atos-mvz.de\\\/wiesbaden\\\/bereiche\\\/hand\\\/\"},{\"@type\":\"ListItem\",\"position\":4,\"name\":\"Tumoren der Hand\"}]},{\"@type\":\"WebSite\",\"@id\":\"https:\\\/\\\/atos-mvz.de\\\/wiesbaden\\\/#website\",\"url\":\"https:\\\/\\\/atos-mvz.de\\\/wiesbaden\\\/\",\"name\":\"MVZ Wiesbaden\",\"description\":\"\",\"potentialAction\":[{\"@type\":\"SearchAction\",\"target\":{\"@type\":\"EntryPoint\",\"urlTemplate\":\"https:\\\/\\\/atos-mvz.de\\\/wiesbaden\\\/?s={search_term_string}\"},\"query-input\":{\"@type\":\"PropertyValueSpecification\",\"valueRequired\":true,\"valueName\":\"search_term_string\"}}],\"inLanguage\":\"de\"}]}<\/script>\n<!-- \/ Yoast SEO plugin. -->","yoast_head_json":{"title":"Tumoren der Hand - MVZ Wiesbaden","robots":{"index":"index","follow":"follow","max-snippet":"max-snippet:-1","max-image-preview":"max-image-preview:large","max-video-preview":"max-video-preview:-1"},"canonical":"https:\/\/atos-mvz.de\/wiesbaden\/bereiche\/hand\/tumoren-hand\/","og_locale":"de_DE","og_type":"article","og_title":"Tumoren der Hand - MVZ Wiesbaden","og_url":"https:\/\/atos-mvz.de\/wiesbaden\/bereiche\/hand\/tumoren-hand\/","og_site_name":"MVZ Wiesbaden","article_modified_time":"2023-09-14T07:26:16+00:00","og_image":[{"url":"https:\/\/atos-mvz.de\/wiesbaden\/wp-content\/uploads\/sites\/22\/2023\/09\/tumoren-der-hand-300x286.jpg","type":"","width":"","height":""}],"twitter_card":"summary_large_image","schema":{"@context":"https:\/\/schema.org","@graph":[{"@type":"WebPage","@id":"https:\/\/atos-mvz.de\/wiesbaden\/bereiche\/hand\/tumoren-hand\/","url":"https:\/\/atos-mvz.de\/wiesbaden\/bereiche\/hand\/tumoren-hand\/","name":"Tumoren der Hand - MVZ Wiesbaden","isPartOf":{"@id":"https:\/\/atos-mvz.de\/wiesbaden\/#website"},"primaryImageOfPage":{"@id":"https:\/\/atos-mvz.de\/wiesbaden\/bereiche\/hand\/tumoren-hand\/#primaryimage"},"image":{"@id":"https:\/\/atos-mvz.de\/wiesbaden\/bereiche\/hand\/tumoren-hand\/#primaryimage"},"thumbnailUrl":"https:\/\/atos-mvz.de\/wiesbaden\/wp-content\/uploads\/sites\/22\/2023\/09\/tumoren-der-hand-300x286.jpg","datePublished":"2023-09-12T15:09:19+00:00","dateModified":"2023-09-14T07:26:16+00:00","breadcrumb":{"@id":"https:\/\/atos-mvz.de\/wiesbaden\/bereiche\/hand\/tumoren-hand\/#breadcrumb"},"inLanguage":"de","potentialAction":[{"@type":"ReadAction","target":["https:\/\/atos-mvz.de\/wiesbaden\/bereiche\/hand\/tumoren-hand\/"]}]},{"@type":"ImageObject","inLanguage":"de","@id":"https:\/\/atos-mvz.de\/wiesbaden\/bereiche\/hand\/tumoren-hand\/#primaryimage","url":"https:\/\/atos-mvz.de\/wiesbaden\/wp-content\/uploads\/sites\/22\/2023\/09\/tumoren-der-hand.jpg","contentUrl":"https:\/\/atos-mvz.de\/wiesbaden\/wp-content\/uploads\/sites\/22\/2023\/09\/tumoren-der-hand.jpg","width":630,"height":600},{"@type":"BreadcrumbList","@id":"https:\/\/atos-mvz.de\/wiesbaden\/bereiche\/hand\/tumoren-hand\/#breadcrumb","itemListElement":[{"@type":"ListItem","position":1,"name":"Startseite","item":"https:\/\/atos-mvz.de\/wiesbaden\/startseite\/"},{"@type":"ListItem","position":2,"name":"Bereiche","item":"https:\/\/atos-mvz.de\/wiesbaden\/bereiche\/"},{"@type":"ListItem","position":3,"name":"Hand","item":"https:\/\/atos-mvz.de\/wiesbaden\/bereiche\/hand\/"},{"@type":"ListItem","position":4,"name":"Tumoren der Hand"}]},{"@type":"WebSite","@id":"https:\/\/atos-mvz.de\/wiesbaden\/#website","url":"https:\/\/atos-mvz.de\/wiesbaden\/","name":"MVZ Wiesbaden","description":"","potentialAction":[{"@type":"SearchAction","target":{"@type":"EntryPoint","urlTemplate":"https:\/\/atos-mvz.de\/wiesbaden\/?s={search_term_string}"},"query-input":{"@type":"PropertyValueSpecification","valueRequired":true,"valueName":"search_term_string"}}],"inLanguage":"de"}]}},"_links":{"self":[{"href":"https:\/\/atos-mvz.de\/wiesbaden\/wp-json\/wp\/v2\/pages\/1409","targetHints":{"allow":["GET"]}}],"collection":[{"href":"https:\/\/atos-mvz.de\/wiesbaden\/wp-json\/wp\/v2\/pages"}],"about":[{"href":"https:\/\/atos-mvz.de\/wiesbaden\/wp-json\/wp\/v2\/types\/page"}],"author":[{"embeddable":true,"href":"https:\/\/atos-mvz.de\/wiesbaden\/wp-json\/wp\/v2\/users\/1"}],"replies":[{"embeddable":true,"href":"https:\/\/atos-mvz.de\/wiesbaden\/wp-json\/wp\/v2\/comments?post=1409"}],"version-history":[{"count":3,"href":"https:\/\/atos-mvz.de\/wiesbaden\/wp-json\/wp\/v2\/pages\/1409\/revisions"}],"predecessor-version":[{"id":1781,"href":"https:\/\/atos-mvz.de\/wiesbaden\/wp-json\/wp\/v2\/pages\/1409\/revisions\/1781"}],"up":[{"embeddable":true,"href":"https:\/\/atos-mvz.de\/wiesbaden\/wp-json\/wp\/v2\/pages\/1386"}],"wp:attachment":[{"href":"https:\/\/atos-mvz.de\/wiesbaden\/wp-json\/wp\/v2\/media?parent=1409"}],"curies":[{"name":"wp","href":"https:\/\/api.w.org\/{rel}","templated":true}]}}