{"id":1166,"date":"2023-09-11T17:20:32","date_gmt":"2023-09-11T15:20:32","guid":{"rendered":"https:\/\/atos-mvz.de\/wiesbaden\/?page_id=1166"},"modified":"2023-10-05T20:06:38","modified_gmt":"2023-10-05T18:06:38","slug":"hueftdysplasie","status":"publish","type":"page","link":"https:\/\/atos-mvz.de\/wiesbaden\/bereiche\/huefte\/hueftdysplasie\/","title":{"rendered":"H\u00fcftdysplasie"},"content":{"rendered":"\n<style type=\"text\/css\" data-created_by=\"avia_inline_auto\" id=\"style-css-av-dq6vku-4b4b28374916e2a1ed736f46a36455e3\">\n.avia-section.av-dq6vku-4b4b28374916e2a1ed736f46a36455e3{\nbackground-repeat:no-repeat;\nbackground-image:url(https:\/\/atos-mvz.de\/wiesbaden\/wp-content\/uploads\/sites\/22\/2021\/01\/Hueftschmerzen_1700x600.jpg);\nbackground-position:50% 50%;\nbackground-attachment:scroll;\n}\n.avia-section.av-dq6vku-4b4b28374916e2a1ed736f46a36455e3 .av-extra-border-element .av-extra-border-inner{\nbackground-color:#ffffff;\n}\n<\/style>\n<div id='header-img'  class='avia-section av-dq6vku-4b4b28374916e2a1ed736f46a36455e3 main_color avia-section-huge avia-no-border-styling  avia-builder-el-0  el_before_av_section  avia-builder-el-first  avia-full-stretch avia-bg-style-scroll container_wrap fullsize'  data-section-bg-repeat='stretch'><div class='container av-section-cont-open' ><main  role=\"main\" itemprop=\"mainContentOfPage\"  class='template-page content  av-content-full alpha units'><div class='post-entry post-entry-type-page post-entry-1166'><div class='entry-content-wrapper clearfix'>\n\n<style type=\"text\/css\" data-created_by=\"avia_inline_auto\" id=\"style-css-av-d1ztjy-a0fb71850d4978eee5403ce5251a345f\">\n#top .hr.hr-invisible.av-d1ztjy-a0fb71850d4978eee5403ce5251a345f{\nheight:100px;\n}\n<\/style>\n<div  class='hr av-d1ztjy-a0fb71850d4978eee5403ce5251a345f hr-invisible  avia-builder-el-1  avia-builder-el-no-sibling '><span class='hr-inner '><span class=\"hr-inner-style\"><\/span><\/span><\/div>\n\n<\/div><\/div><\/main><!-- close content main element --><\/div><div class='av-extra-border-element border-extra-diagonal border-extra-diagonal-inverse '><div class='av-extra-border-outer'><div class='av-extra-border-inner'><\/div><\/div><\/div><\/div>\n<style type=\"text\/css\" data-created_by=\"avia_inline_auto\" id=\"style-css-av-b44tfi-490c48e15bdd3f41570a3593a7de73cc\">\n.avia-section.av-b44tfi-490c48e15bdd3f41570a3593a7de73cc .av-extra-border-element .av-extra-border-inner{\nbackground-color:#f1f0f5;\n}\n<\/style>\n<div id='av_section_2'  class='avia-section av-b44tfi-490c48e15bdd3f41570a3593a7de73cc main_color avia-section-large avia-no-border-styling  avia-builder-el-2  el_after_av_section  avia-builder-el-last  small-container avia-bg-style-scroll container_wrap fullsize'  ><div class='container av-section-cont-open' ><div class='template-page content  av-content-full alpha units'><div class='post-entry post-entry-type-page post-entry-1166'><div class='entry-content-wrapper clearfix'>\n<section  class='av_textblock_section av-lmf10321-0651ab0b6498a7a66d43439b6be52377 '   itemscope=\"itemscope\" itemtype=\"https:\/\/schema.org\/CreativeWork\" ><div class='avia_textblock'  itemprop=\"text\" ><h1>Die<strong> H\u00fcftdysplasie<\/strong><\/h1>\n<p><img loading=\"lazy\" decoding=\"async\" class=\"size-medium wp-image-1117 alignright\" src=\"https:\/\/atos-mvz.de\/wiesbaden\/wp-content\/uploads\/sites\/22\/2023\/09\/Erkrankungen-am-Hueftgelenk-300x286.jpg\" alt=\"\" width=\"300\" height=\"286\" srcset=\"https:\/\/atos-mvz.de\/wiesbaden\/wp-content\/uploads\/sites\/22\/2023\/09\/Erkrankungen-am-Hueftgelenk-300x286.jpg 300w, https:\/\/atos-mvz.de\/wiesbaden\/wp-content\/uploads\/sites\/22\/2023\/09\/Erkrankungen-am-Hueftgelenk.jpg 630w\" sizes=\"auto, (max-width: 300px) 100vw, 300px\" \/><\/p>\n<p><strong>Heute werden H\u00fcftdysplasien wegen der Ultraschall-Untersuchungen im S\u00e4uglingsalter oft rechtzeitig therapiert.<\/strong><\/p>\n<p><strong>Eine H\u00fcftdysplasie kann unbehandelt zu einer fr\u00fchzeitigen Koxarthrose f\u00fchren.<\/strong><\/p>\n<p>Die H\u00fcftdysplasie ist eine Fehlform des H\u00fcftgelenkes. M\u00e4dchen sind h\u00e4ufiger betroffen als Jungen. Mittlerweile wird die Erkrankung durch den S\u00e4uglingsultraschall konsequent und fr\u00fch erfasst. Hierdurch konnte das Auftreten der H\u00fcftdysplasie erheblich gesenkt, jedoch nicht zum Verschwinden gebracht werden. Besteht die Dysplasie weiter, entwickeln sich schon im jungen Erwachsenenalter belastungsabh\u00e4ngige H\u00fcft- und insbesondere Leistenschmerzen.<\/p>\n<\/div><\/section>\n\n<style type=\"text\/css\" data-created_by=\"avia_inline_auto\" id=\"style-css-av-92ikha-ef023910ca32c5974514fc88e0e5a988\">\n#top .hr.av-92ikha-ef023910ca32c5974514fc88e0e5a988{\nmargin-top:20px;\nmargin-bottom:30px;\n}\n.hr.av-92ikha-ef023910ca32c5974514fc88e0e5a988 .hr-inner{\nwidth:100%;\nborder-color:#f1f0f5;\n}\n<\/style>\n<div  class='hr av-92ikha-ef023910ca32c5974514fc88e0e5a988 hr-custom  avia-builder-el-4  el_after_av_textblock  el_before_av_textblock  hr-center hr-icon-no'><span class='hr-inner inner-border-av-border-thin'><span class=\"hr-inner-style\"><\/span><\/span><\/div>\n<section  class='av_textblock_section av-lmf12zai-1fae5f655117b0a6cff88522788ed5fb '   itemscope=\"itemscope\" itemtype=\"https:\/\/schema.org\/CreativeWork\" ><div class='avia_textblock'  itemprop=\"text\" ><h2><strong>Ursachen der H\u00fcftdysplasie<br \/>\n<\/strong><\/h2>\n<div id=\"\" class=\"x-text\">\n<p>Das Problem der H\u00fcftdysplasie ist die \u00dcberlastung der steil stehenden H\u00fcftpfanne, so dass der Pfannenrand besch\u00e4digt und mit der Zeit der H\u00fcftknorpel besch\u00e4digt wird. Schmerzen und Arthrose treten sehr fr\u00fch, schon zwischen dem 25. und 40. Lebensjahr, auf.<br \/>\nDie meisten Patienten mit einer unbehandelten H\u00fcftdysplasie ben\u00f6tigen im Alter von 40 bis 50 Jahren ein k\u00fcnstliches Gelenk.<\/p>\n<\/div>\n<div id=\"\" class=\"x-text\">\n<p>Prinzipiell kann man die H\u00fcftdysplasie auf zwei verschiedene Arten behandeln und die mechanisch ung\u00fcnstige Situation des H\u00fcftgelenkes beseitigen (Beckenosteotomie oder Femurosteotomie). Je nach der Ausgangssituation am H\u00fcftgelenk bietet das eine oder andere Therapieprinzip Vorteile. Es gibt jedoch unseres Erachtens keine klaren Grenzen, wann Prinzipiell kann man die H\u00fcftdysplasie auf zwei verschiedene Arten behandeln und die mechanisch ung\u00fcnstige Situation des H\u00fcftgelenkes beseitigen (Beckenosteotomie oder Femurosteotomie). Je nach der Ausgangssituation am H\u00fcftgelenk bietet das eine oder andere Therapieprinzip Vorteile. Es gibt jedoch unseres Erachtens keine klaren Grenzen, wann man mit Vorteil nur mit einer Beckenosteotomie oder mit einer Femurosteotomie korrekt behandelt (obwohl einige andere Kollegen in diesem Punkt ganz anderer Meinung w\u00e4ren).<\/p>\n<\/div>\n<\/div><\/section>\n\n<style type=\"text\/css\" data-created_by=\"avia_inline_auto\" id=\"style-css-av-81pzam-046b96083256c37ca96e2449b63b607e\">\n#top .hr.av-81pzam-046b96083256c37ca96e2449b63b607e{\nmargin-top:20px;\nmargin-bottom:30px;\n}\n.hr.av-81pzam-046b96083256c37ca96e2449b63b607e .hr-inner{\nwidth:100%;\nborder-color:#f1f0f5;\n}\n<\/style>\n<div  class='hr av-81pzam-046b96083256c37ca96e2449b63b607e hr-custom  avia-builder-el-6  el_after_av_textblock  el_before_av_textblock  hr-center hr-icon-no'><span class='hr-inner inner-border-av-border-thin'><span class=\"hr-inner-style\"><\/span><\/span><\/div>\n<section  class='av_textblock_section av-lmf13gmz-d191fc6520da803be9f6a223b20e4063 '   itemscope=\"itemscope\" itemtype=\"https:\/\/schema.org\/CreativeWork\" ><div class='avia_textblock'  itemprop=\"text\" ><h2><strong>Die Beckenosteotomie<\/strong><\/h2>\n<p>Wenn die Ursache der fr\u00fchen Arthrose eher in der Steilstellung der H\u00fcftpfanne liegt, sollte diese Fehlstellung korrigiert werden. Die Therapie besteht somit in der korrekten Einstellung der H\u00fcftpfanne \u00fcber dem H\u00fcftkopf. Die H\u00fcftpfanne wird aus dem Becken ausges\u00e4gt, gedreht und flach \u00fcber den H\u00fcftkopf gestellt werden (siehe R\u00f6ntgenbilder links). Die Pfanne wird dann mit einigen Schrauben in der neuen Position fixiert und heilt \u00fcblicherweise nach 6\u20138 Wochen in der neuen Position ein.<\/p>\n<p>Eine zus\u00e4tzliche Korrektur der Stellung des H\u00fcftkopfes ist selten erforderlich. Die etwa 2-3-st\u00fcndige Operation ist technisch aufwendig und erfordert eine gro\u00dfe Erfahrung des Operateurs. Die Nachbehandlung ist hingegen einfach und besteht in der Teilbelastung an Gehst\u00fctzen f\u00fcr sechs bis acht Wochen mit anschlie\u00dfender Physiotherapie f\u00fcr etwa zwei Monate. Der zu erwartende Blutverlust macht h\u00e4ufig eine pr\u00e4operative Eigenblutspende n\u00f6tig. Der Zugang erfolgt von vorne, so dass l\u00e4ngs in der Leiste eine etwa 15 cm lange Narbe entsteht.<br \/>\nDer station\u00e4re Aufenthalt betr\u00e4gt etwa 7 bis 10 Tage.<\/p>\n<p><img loading=\"lazy\" decoding=\"async\" class=\"size-full wp-image-1170 alignleft\" src=\"https:\/\/atos-mvz.de\/wiesbaden\/wp-content\/uploads\/sites\/22\/2023\/09\/Beckenosteotomie_1.png\" alt=\"\" width=\"247\" height=\"206\" \/> <img loading=\"lazy\" decoding=\"async\" class=\"size-full wp-image-1171 alignleft\" src=\"https:\/\/atos-mvz.de\/wiesbaden\/wp-content\/uploads\/sites\/22\/2023\/09\/Beckenosteotomie_2.jpg\" alt=\"\" width=\"217\" height=\"185\" \/><\/p>\n<\/div><\/section>\n\n<style type=\"text\/css\" data-created_by=\"avia_inline_auto\" id=\"style-css-av-2h2opq-d212f91f7bb08227cdf2cdb345c623a1\">\n#top .hr.hr-invisible.av-2h2opq-d212f91f7bb08227cdf2cdb345c623a1{\nheight:30px;\n}\n<\/style>\n<div  class='hr av-2h2opq-d212f91f7bb08227cdf2cdb345c623a1 hr-invisible  avia-builder-el-8  el_after_av_textblock  el_before_av_textblock '><span class='hr-inner '><span class=\"hr-inner-style\"><\/span><\/span><\/div>\n<section  class='av_textblock_section av-6ifvry-bd45a2d7fbf37ddf32b279c060effb33 '   itemscope=\"itemscope\" itemtype=\"https:\/\/schema.org\/CreativeWork\" ><div class='avia_textblock'  itemprop=\"text\" ><h3><strong>Komplikationen<\/strong><\/h3>\n<p>Durch die Lage des Hautschnittes kann ein Hautnerv durchtrennt werden, so dass auf der Au\u00dfenseite auf H\u00fcfth\u00f6he ein taubes Gef\u00fchl entsteht, welches sich nur langsam zur\u00fcckbildet. Ebenfalls besteht die Gefahr der Verletzung des Ischiasnerven so dass (meist nur) vor\u00fcbergehend auch das Gef\u00fchl im Fu\u00df oder Bein gest\u00f6rt sein kann.<\/p>\n<\/div><\/section>\n\n<style type=\"text\/css\" data-created_by=\"avia_inline_auto\" id=\"style-css-av-4wywr2-7312eed4b944fad7dafe8c2aac1a6c90\">\n#top .hr.av-4wywr2-7312eed4b944fad7dafe8c2aac1a6c90{\nmargin-top:20px;\nmargin-bottom:30px;\n}\n.hr.av-4wywr2-7312eed4b944fad7dafe8c2aac1a6c90 .hr-inner{\nwidth:100%;\nborder-color:#f1f0f5;\n}\n<\/style>\n<div  class='hr av-4wywr2-7312eed4b944fad7dafe8c2aac1a6c90 hr-custom  avia-builder-el-10  el_after_av_textblock  el_before_av_textblock  hr-center hr-icon-no'><span class='hr-inner inner-border-av-border-thin'><span class=\"hr-inner-style\"><\/span><\/span><\/div>\n<section  class='av_textblock_section av-lmf146ci-63fd96f5a81e0b329f4dd726aed83698 '   itemscope=\"itemscope\" itemtype=\"https:\/\/schema.org\/CreativeWork\" ><div class='avia_textblock'  itemprop=\"text\" ><h2><strong>Die Umstellungsosteotomie am Femur<\/strong><\/h2>\n<p><strong>Bei einer Steilstellung des Schenkelhalses kann auch am Oberschenkelknochen korrigiert werden.<\/strong><\/p>\n<p>Wenn die Ursache der fr\u00fchen Arthrose eher in der Steilstellung des Schenkelhalses liegt, sollte diese Fehlstellung korrigiert werden. Die Therapie besteht somit in der korrekten Einstellung der H\u00fcftkopfes in die H\u00fcftpfanne. Hierbei muss gleichzeitig die h\u00e4ufig bestehende vermehrte Rotation des Schenkelhalses nach vorne (Antetorsion) mit korrigiert werden. Der Oberschenkelknochen wird zwischen den beiden Rollh\u00fcgeln (intertrochant\u00e4r) durchtrennt und in die korrekte Position zur Pfanne gedreht und gekippt.<\/p>\n<p>Diese Position wird mit einer speziellen Platte (Winkelplatte) und Schrauben fixiert (siehe R\u00f6ntgenbilder links). Die Osteotomie heilt \u00fcblicherweise nach 12 Wochen in der neuen Position ein. In aller Regel wird empfohlen, das Metall nach kompletter Heilung nach 12-18 Monaten in einem zweiten Eingriff wieder zu entfernen.<\/p>\n<p>Die etwa 1-st\u00fcndige Operation ist technisch nicht so aufwendig wie eine Beckenosteotomie. Sie erfordert dennoch eine gro\u00dfe Erfahrung des Operateurs. Die Nachbehandlung ist einfach und besteht in der Teilbelastung an Gehst\u00fctzen f\u00fcr acht bis zw\u00f6lf Wochen mit anschlie\u00dfender Physiotherapie f\u00fcr etwa zwei Monate.<\/p>\n<p>Der recht geringe Blutverlust macht eine pr\u00e4operative Eigenblutspende \u00fcberfl\u00fcssig. Der Zugang erfolgt von der Au\u00dfenseite des Oberschenkels, so dass eine etwa 15 cm lange Narbe entsteht. Der station\u00e4re Aufenthalt betr\u00e4gt etwa 7 bis 10 Tage.<\/p>\n<p><img loading=\"lazy\" decoding=\"async\" class=\"size-medium wp-image-1172 alignleft\" src=\"https:\/\/atos-mvz.de\/wiesbaden\/wp-content\/uploads\/sites\/22\/2023\/09\/Umstellungsosteotomie_1-240x300.png\" alt=\"\" width=\"240\" height=\"300\" srcset=\"https:\/\/atos-mvz.de\/wiesbaden\/wp-content\/uploads\/sites\/22\/2023\/09\/Umstellungsosteotomie_1-240x300.png 240w, https:\/\/atos-mvz.de\/wiesbaden\/wp-content\/uploads\/sites\/22\/2023\/09\/Umstellungsosteotomie_1.png 513w\" sizes=\"auto, (max-width: 240px) 100vw, 240px\" \/> <img loading=\"lazy\" decoding=\"async\" class=\"size-medium wp-image-1173 alignleft\" src=\"https:\/\/atos-mvz.de\/wiesbaden\/wp-content\/uploads\/sites\/22\/2023\/09\/Umstellungsosteotomie_2-243x300.jpg\" alt=\"\" width=\"243\" height=\"300\" srcset=\"https:\/\/atos-mvz.de\/wiesbaden\/wp-content\/uploads\/sites\/22\/2023\/09\/Umstellungsosteotomie_2-243x300.jpg 243w, https:\/\/atos-mvz.de\/wiesbaden\/wp-content\/uploads\/sites\/22\/2023\/09\/Umstellungsosteotomie_2-571x705.jpg 571w, https:\/\/atos-mvz.de\/wiesbaden\/wp-content\/uploads\/sites\/22\/2023\/09\/Umstellungsosteotomie_2.jpg 751w\" sizes=\"auto, (max-width: 243px) 100vw, 243px\" \/><\/p>\n<\/div><\/section>\n\n<style type=\"text\/css\" data-created_by=\"avia_inline_auto\" id=\"style-css-av-lmf1av5r-757f38d21c9a042173313a8d8a18f41a\">\n#top .hr.hr-invisible.av-lmf1av5r-757f38d21c9a042173313a8d8a18f41a{\nheight:30px;\n}\n<\/style>\n<div  class='hr av-lmf1av5r-757f38d21c9a042173313a8d8a18f41a hr-invisible  avia-builder-el-12  el_after_av_textblock  el_before_av_textblock '><span class='hr-inner '><span class=\"hr-inner-style\"><\/span><\/span><\/div>\n<section  class='av_textblock_section av-lmf13r17-bc5516ba145f2dcd1f9c0eecc52e1af2 '   itemscope=\"itemscope\" itemtype=\"https:\/\/schema.org\/CreativeWork\" ><div class='avia_textblock'  itemprop=\"text\" ><h3><strong>Komplikationen<\/strong><\/h3>\n<p>Neben den \u00fcblichen allgemeinen Komplikationen, kann die kn\u00f6cherne Ausheilung der Osteotomie ausbleiben, so dass weitere Re-Operationen erforderlich werden k\u00f6nnen.<\/p>\n<\/div><\/section>\n\n<style type=\"text\/css\" data-created_by=\"avia_inline_auto\" id=\"style-css-av-1vrsou-2c3c2721f1ad42f1fb02d9269a5b888c\">\n#top .hr.av-1vrsou-2c3c2721f1ad42f1fb02d9269a5b888c{\nmargin-top:20px;\nmargin-bottom:30px;\n}\n.hr.av-1vrsou-2c3c2721f1ad42f1fb02d9269a5b888c .hr-inner{\nwidth:100%;\nborder-color:#f1f0f5;\n}\n<\/style>\n<div  class='hr av-1vrsou-2c3c2721f1ad42f1fb02d9269a5b888c hr-custom  avia-builder-el-14  el_after_av_textblock  el_before_av_textblock  hr-center hr-icon-no'><span class='hr-inner inner-border-av-border-thin'><span class=\"hr-inner-style\"><\/span><\/span><\/div>\n<section  class='av_textblock_section av-lmf15rls-e69440af76b9a3421fbb073b9c85eb12 '   itemscope=\"itemscope\" itemtype=\"https:\/\/schema.org\/CreativeWork\" ><div class='avia_textblock'  itemprop=\"text\" ><h2><strong>Beckenosteotomie oder Femurosteotomie?<\/strong><\/h2>\n<p>Wenn Sie sich die abgebildeten R\u00f6ntgenbilder als Ausgangssituation betrachten, so werden Sie kaum Unterschiede in der Stellung der Pfanne und des H\u00fcftkopfes erkennen. Derartige Ausgangssituationen k\u00f6nnen unseres Erachtens mit jedem der beiden Verfahren mit wahrscheinlich gleich guten Ergebnissen behandelt werden. Wenn die Ausgangssituation die Wahl zul\u00e4sst, so wird sich letztendlich Ihr Operateur f\u00fcr das Verfahren entscheiden, mit dem er die besten Erfahrungen gemacht hat.<\/p>\n<p>Weder die Beckenosteotomie noch die Umstellungsosteotomie am Femur f\u00fchren wir hier in der ATOS Klinik Wiesbaden durch. Wir k\u00f6nnen Ihnen aber entsprechend Fach-Kliniken in Deutschland empfehlen.<\/p>\n<\/div><\/section>\n\n","protected":false},"excerpt":{"rendered":"","protected":false},"author":1,"featured_media":0,"parent":1112,"menu_order":0,"comment_status":"closed","ping_status":"closed","template":"","meta":{"footnotes":""},"class_list":["post-1166","page","type-page","status-publish","hentry"],"yoast_head":"<!-- This site is optimized with the Yoast SEO plugin v27.3 - https:\/\/yoast.com\/product\/yoast-seo-wordpress\/ -->\n<title>H\u00fcftdysplasie - MVZ Wiesbaden<\/title>\n<meta name=\"robots\" content=\"index, follow, max-snippet:-1, max-image-preview:large, max-video-preview:-1\" \/>\n<link rel=\"canonical\" href=\"https:\/\/atos-mvz.de\/wiesbaden\/bereiche\/huefte\/hueftdysplasie\/\" \/>\n<meta property=\"og:locale\" content=\"de_DE\" \/>\n<meta property=\"og:type\" content=\"article\" \/>\n<meta property=\"og:title\" content=\"H\u00fcftdysplasie - MVZ Wiesbaden\" \/>\n<meta property=\"og:url\" content=\"https:\/\/atos-mvz.de\/wiesbaden\/bereiche\/huefte\/hueftdysplasie\/\" \/>\n<meta property=\"og:site_name\" content=\"MVZ Wiesbaden\" \/>\n<meta property=\"article:modified_time\" content=\"2023-10-05T18:06:38+00:00\" \/>\n<meta property=\"og:image\" content=\"https:\/\/atos-mvz.de\/wiesbaden\/wp-content\/uploads\/sites\/22\/2023\/09\/Erkrankungen-am-Hueftgelenk-300x286.jpg\" \/>\n<meta name=\"twitter:card\" content=\"summary_large_image\" \/>\n<script type=\"application\/ld+json\" class=\"yoast-schema-graph\">{\"@context\":\"https:\\\/\\\/schema.org\",\"@graph\":[{\"@type\":\"WebPage\",\"@id\":\"https:\\\/\\\/atos-mvz.de\\\/wiesbaden\\\/bereiche\\\/huefte\\\/hueftdysplasie\\\/\",\"url\":\"https:\\\/\\\/atos-mvz.de\\\/wiesbaden\\\/bereiche\\\/huefte\\\/hueftdysplasie\\\/\",\"name\":\"H\u00fcftdysplasie - MVZ Wiesbaden\",\"isPartOf\":{\"@id\":\"https:\\\/\\\/atos-mvz.de\\\/wiesbaden\\\/#website\"},\"primaryImageOfPage\":{\"@id\":\"https:\\\/\\\/atos-mvz.de\\\/wiesbaden\\\/bereiche\\\/huefte\\\/hueftdysplasie\\\/#primaryimage\"},\"image\":{\"@id\":\"https:\\\/\\\/atos-mvz.de\\\/wiesbaden\\\/bereiche\\\/huefte\\\/hueftdysplasie\\\/#primaryimage\"},\"thumbnailUrl\":\"https:\\\/\\\/atos-mvz.de\\\/wiesbaden\\\/wp-content\\\/uploads\\\/sites\\\/22\\\/2023\\\/09\\\/Erkrankungen-am-Hueftgelenk-300x286.jpg\",\"datePublished\":\"2023-09-11T15:20:32+00:00\",\"dateModified\":\"2023-10-05T18:06:38+00:00\",\"breadcrumb\":{\"@id\":\"https:\\\/\\\/atos-mvz.de\\\/wiesbaden\\\/bereiche\\\/huefte\\\/hueftdysplasie\\\/#breadcrumb\"},\"inLanguage\":\"de\",\"potentialAction\":[{\"@type\":\"ReadAction\",\"target\":[\"https:\\\/\\\/atos-mvz.de\\\/wiesbaden\\\/bereiche\\\/huefte\\\/hueftdysplasie\\\/\"]}]},{\"@type\":\"ImageObject\",\"inLanguage\":\"de\",\"@id\":\"https:\\\/\\\/atos-mvz.de\\\/wiesbaden\\\/bereiche\\\/huefte\\\/hueftdysplasie\\\/#primaryimage\",\"url\":\"https:\\\/\\\/atos-mvz.de\\\/wiesbaden\\\/wp-content\\\/uploads\\\/sites\\\/22\\\/2023\\\/09\\\/Erkrankungen-am-Hueftgelenk.jpg\",\"contentUrl\":\"https:\\\/\\\/atos-mvz.de\\\/wiesbaden\\\/wp-content\\\/uploads\\\/sites\\\/22\\\/2023\\\/09\\\/Erkrankungen-am-Hueftgelenk.jpg\",\"width\":630,\"height\":600},{\"@type\":\"BreadcrumbList\",\"@id\":\"https:\\\/\\\/atos-mvz.de\\\/wiesbaden\\\/bereiche\\\/huefte\\\/hueftdysplasie\\\/#breadcrumb\",\"itemListElement\":[{\"@type\":\"ListItem\",\"position\":1,\"name\":\"Startseite\",\"item\":\"https:\\\/\\\/atos-mvz.de\\\/wiesbaden\\\/startseite\\\/\"},{\"@type\":\"ListItem\",\"position\":2,\"name\":\"Bereiche\",\"item\":\"https:\\\/\\\/atos-mvz.de\\\/wiesbaden\\\/bereiche\\\/\"},{\"@type\":\"ListItem\",\"position\":3,\"name\":\"H\u00fcfte\",\"item\":\"https:\\\/\\\/atos-mvz.de\\\/wiesbaden\\\/bereiche\\\/huefte\\\/\"},{\"@type\":\"ListItem\",\"position\":4,\"name\":\"H\u00fcftdysplasie\"}]},{\"@type\":\"WebSite\",\"@id\":\"https:\\\/\\\/atos-mvz.de\\\/wiesbaden\\\/#website\",\"url\":\"https:\\\/\\\/atos-mvz.de\\\/wiesbaden\\\/\",\"name\":\"MVZ Wiesbaden\",\"description\":\"\",\"potentialAction\":[{\"@type\":\"SearchAction\",\"target\":{\"@type\":\"EntryPoint\",\"urlTemplate\":\"https:\\\/\\\/atos-mvz.de\\\/wiesbaden\\\/?s={search_term_string}\"},\"query-input\":{\"@type\":\"PropertyValueSpecification\",\"valueRequired\":true,\"valueName\":\"search_term_string\"}}],\"inLanguage\":\"de\"}]}<\/script>\n<!-- \/ Yoast SEO plugin. -->","yoast_head_json":{"title":"H\u00fcftdysplasie - MVZ Wiesbaden","robots":{"index":"index","follow":"follow","max-snippet":"max-snippet:-1","max-image-preview":"max-image-preview:large","max-video-preview":"max-video-preview:-1"},"canonical":"https:\/\/atos-mvz.de\/wiesbaden\/bereiche\/huefte\/hueftdysplasie\/","og_locale":"de_DE","og_type":"article","og_title":"H\u00fcftdysplasie - MVZ Wiesbaden","og_url":"https:\/\/atos-mvz.de\/wiesbaden\/bereiche\/huefte\/hueftdysplasie\/","og_site_name":"MVZ Wiesbaden","article_modified_time":"2023-10-05T18:06:38+00:00","og_image":[{"url":"https:\/\/atos-mvz.de\/wiesbaden\/wp-content\/uploads\/sites\/22\/2023\/09\/Erkrankungen-am-Hueftgelenk-300x286.jpg","type":"","width":"","height":""}],"twitter_card":"summary_large_image","schema":{"@context":"https:\/\/schema.org","@graph":[{"@type":"WebPage","@id":"https:\/\/atos-mvz.de\/wiesbaden\/bereiche\/huefte\/hueftdysplasie\/","url":"https:\/\/atos-mvz.de\/wiesbaden\/bereiche\/huefte\/hueftdysplasie\/","name":"H\u00fcftdysplasie - MVZ Wiesbaden","isPartOf":{"@id":"https:\/\/atos-mvz.de\/wiesbaden\/#website"},"primaryImageOfPage":{"@id":"https:\/\/atos-mvz.de\/wiesbaden\/bereiche\/huefte\/hueftdysplasie\/#primaryimage"},"image":{"@id":"https:\/\/atos-mvz.de\/wiesbaden\/bereiche\/huefte\/hueftdysplasie\/#primaryimage"},"thumbnailUrl":"https:\/\/atos-mvz.de\/wiesbaden\/wp-content\/uploads\/sites\/22\/2023\/09\/Erkrankungen-am-Hueftgelenk-300x286.jpg","datePublished":"2023-09-11T15:20:32+00:00","dateModified":"2023-10-05T18:06:38+00:00","breadcrumb":{"@id":"https:\/\/atos-mvz.de\/wiesbaden\/bereiche\/huefte\/hueftdysplasie\/#breadcrumb"},"inLanguage":"de","potentialAction":[{"@type":"ReadAction","target":["https:\/\/atos-mvz.de\/wiesbaden\/bereiche\/huefte\/hueftdysplasie\/"]}]},{"@type":"ImageObject","inLanguage":"de","@id":"https:\/\/atos-mvz.de\/wiesbaden\/bereiche\/huefte\/hueftdysplasie\/#primaryimage","url":"https:\/\/atos-mvz.de\/wiesbaden\/wp-content\/uploads\/sites\/22\/2023\/09\/Erkrankungen-am-Hueftgelenk.jpg","contentUrl":"https:\/\/atos-mvz.de\/wiesbaden\/wp-content\/uploads\/sites\/22\/2023\/09\/Erkrankungen-am-Hueftgelenk.jpg","width":630,"height":600},{"@type":"BreadcrumbList","@id":"https:\/\/atos-mvz.de\/wiesbaden\/bereiche\/huefte\/hueftdysplasie\/#breadcrumb","itemListElement":[{"@type":"ListItem","position":1,"name":"Startseite","item":"https:\/\/atos-mvz.de\/wiesbaden\/startseite\/"},{"@type":"ListItem","position":2,"name":"Bereiche","item":"https:\/\/atos-mvz.de\/wiesbaden\/bereiche\/"},{"@type":"ListItem","position":3,"name":"H\u00fcfte","item":"https:\/\/atos-mvz.de\/wiesbaden\/bereiche\/huefte\/"},{"@type":"ListItem","position":4,"name":"H\u00fcftdysplasie"}]},{"@type":"WebSite","@id":"https:\/\/atos-mvz.de\/wiesbaden\/#website","url":"https:\/\/atos-mvz.de\/wiesbaden\/","name":"MVZ Wiesbaden","description":"","potentialAction":[{"@type":"SearchAction","target":{"@type":"EntryPoint","urlTemplate":"https:\/\/atos-mvz.de\/wiesbaden\/?s={search_term_string}"},"query-input":{"@type":"PropertyValueSpecification","valueRequired":true,"valueName":"search_term_string"}}],"inLanguage":"de"}]}},"_links":{"self":[{"href":"https:\/\/atos-mvz.de\/wiesbaden\/wp-json\/wp\/v2\/pages\/1166","targetHints":{"allow":["GET"]}}],"collection":[{"href":"https:\/\/atos-mvz.de\/wiesbaden\/wp-json\/wp\/v2\/pages"}],"about":[{"href":"https:\/\/atos-mvz.de\/wiesbaden\/wp-json\/wp\/v2\/types\/page"}],"author":[{"embeddable":true,"href":"https:\/\/atos-mvz.de\/wiesbaden\/wp-json\/wp\/v2\/users\/1"}],"replies":[{"embeddable":true,"href":"https:\/\/atos-mvz.de\/wiesbaden\/wp-json\/wp\/v2\/comments?post=1166"}],"version-history":[{"count":6,"href":"https:\/\/atos-mvz.de\/wiesbaden\/wp-json\/wp\/v2\/pages\/1166\/revisions"}],"predecessor-version":[{"id":2158,"href":"https:\/\/atos-mvz.de\/wiesbaden\/wp-json\/wp\/v2\/pages\/1166\/revisions\/2158"}],"up":[{"embeddable":true,"href":"https:\/\/atos-mvz.de\/wiesbaden\/wp-json\/wp\/v2\/pages\/1112"}],"wp:attachment":[{"href":"https:\/\/atos-mvz.de\/wiesbaden\/wp-json\/wp\/v2\/media?parent=1166"}],"curies":[{"name":"wp","href":"https:\/\/api.w.org\/{rel}","templated":true}]}}