{"id":1075,"date":"2024-05-22T15:30:16","date_gmt":"2024-05-22T13:30:16","guid":{"rendered":"https:\/\/atos-mvz.de\/stuttgart\/?page_id=1075"},"modified":"2026-01-15T17:03:09","modified_gmt":"2026-01-15T16:03:09","slug":"spondylolisthesis","status":"publish","type":"page","link":"https:\/\/atos-mvz.de\/stuttgart\/spondylolisthesis\/","title":{"rendered":"Spondylolisthesis"},"content":{"rendered":"\n<style type=\"text\/css\" data-created_by=\"avia_inline_auto\" id=\"style-css-av-lwhv1204-3bf769b01042925209ac011dec147b4c\">\n.avia-section.av-lwhv1204-3bf769b01042925209ac011dec147b4c{\nbackground-repeat:no-repeat;\nbackground-image:url(https:\/\/atos-mvz.de\/stuttgart\/wp-content\/uploads\/sites\/7\/2024\/05\/mvz-stg-17.jpg);\nbackground-position:50% 50%;\nbackground-attachment:scroll;\n}\n.avia-section.av-lwhv1204-3bf769b01042925209ac011dec147b4c .av-extra-border-element .av-extra-border-inner{\nbackground-color:#ffffff;\n}\n<\/style>\n<div id='header-img'  class='avia-section av-lwhv1204-3bf769b01042925209ac011dec147b4c main_color avia-section-default avia-no-border-styling  avia-builder-el-0  el_before_av_section  avia-builder-el-first  largeimg avia-full-stretch avia-bg-style-scroll av-minimum-height av-minimum-height-custom av-height-custom  container_wrap fullsize'  data-section-bg-repeat='stretch' data-av_minimum_height_px='200'><div class='container av-section-cont-open' style='height:200px'><main  role=\"main\" itemprop=\"mainContentOfPage\"  class='template-page content  av-content-full alpha units'><div class='post-entry post-entry-type-page post-entry-1075'><div class='entry-content-wrapper clearfix'>\n<\/div><\/div><\/main><!-- close content main element --><\/div><div class='av-extra-border-element border-extra-diagonal border-extra-diagonal-inverse '><div class='av-extra-border-outer'><div class='av-extra-border-inner'><\/div><\/div><\/div><\/div><div id='av_section_2'  class='avia-section av-ag1txv-35844e61b8ed7081390556ab3be855b4 main_color avia-section-large avia-no-border-styling  avia-builder-el-1  el_after_av_section  el_before_av_section  avia-bg-style-scroll container_wrap fullsize'  ><div class='container av-section-cont-open' ><div class='template-page content  av-content-full alpha units'><div class='post-entry post-entry-type-page post-entry-1075'><div class='entry-content-wrapper clearfix'>\n<div  class='flex_column av-9t6sb7-70c2940a9f0c1dd91b5afea8f5c89731 av_one_full  avia-builder-el-2  avia-builder-el-no-sibling  first av-break-at-tablet flex_column_div  '     ><section  class='av_textblock_section av-lwhv1982-d12db3ffb627ab13d11931fab1b79bdc '   itemscope=\"itemscope\" itemtype=\"https:\/\/schema.org\/CreativeWork\" ><div class='avia_textblock'  itemprop=\"text\" ><h1><strong>Spondylolisthesis<\/strong><\/h1>\n<\/div><\/section><br \/>\n\n<style type=\"text\/css\" data-created_by=\"avia_inline_auto\" id=\"style-css-av-lwhv2x6q-ea2e9469274c8b2dc897e704b01924d0\">\n#top .togglecontainer.av-lwhv2x6q-ea2e9469274c8b2dc897e704b01924d0 p.toggler{\nbackground-color:#ffffff;\n}\n#top .togglecontainer.av-lwhv2x6q-ea2e9469274c8b2dc897e704b01924d0 p.toggler.activeTitle{\nbackground-color:#ffffff;\n}\n#top .togglecontainer.av-lwhv2x6q-ea2e9469274c8b2dc897e704b01924d0 .toggle_wrap .toggle_content{\nbackground-color:#ffffff;\n}\n<\/style>\n<div  class='togglecontainer av-lwhv2x6q-ea2e9469274c8b2dc897e704b01924d0 av-minimal-toggle  avia-builder-el-4  el_after_av_textblock  avia-builder-el-last  toggle_close_all' >\n<section class='av_toggle_section av-lwhv1q01-9499267f674a687077685ef252cc0320'  itemscope=\"itemscope\" itemtype=\"https:\/\/schema.org\/CreativeWork\" ><div role=\"tablist\" class=\"single_toggle\" data-tags=\"{Alle} \"  ><p id='toggle-toggle-id-1' data-fake-id='#toggle-id-1' class='toggler  activeTitle av-title-above '  itemprop=\"headline\"  role='tab' tabindex='0' aria-controls='toggle-id-1' data-slide-speed=\"200\" data-title=\"Was ist eine Spondylolisthesis?\" data-title-open=\"\" data-aria_collapsed=\"Click to expand: Was ist eine Spondylolisthesis?\" data-aria_expanded=\"Click to collapse: Was ist eine Spondylolisthesis?\">Was ist eine Spondylolisthesis?<span class=\"toggle_icon\"><span class=\"vert_icon\"><\/span><span class=\"hor_icon\"><\/span><\/span><\/p><div id='toggle-id-1' aria-labelledby='toggle-toggle-id-1' role='region' class='toggle_wrap  active_tc av-title-above' style='display:block;' ><div class='toggle_content invers-color '  itemprop=\"text\" ><p>Die Spondylolisthesis ist eine Folge von degenerativen Ver\u00e4nderungen der Wirbels\u00e4ule. Mit zunehmendem Alter wird durch \u00dcberlastung und Verschlei\u00df das nat\u00fcrliche Zusammenspiel der Wirbelk\u00f6rper, Bandscheiben, Muskeln und B\u00e4nder gest\u00f6rt. Dies kann dazu f\u00fchren, dass sich die Wirbelk\u00f6rper relativ zueinander verschieben. Es gibt verschiedene Formen der Spondylolisthesis, wie Vorw\u00e4rtsgleiten, R\u00fcckw\u00e4rtsgleiten, Verkippung oder seitliche Verschiebung mit Rotation.<\/p>\n<p>Die degenerative Spondylolisthesis betrifft in der Regel das am st\u00e4rksten belastete Segment der Lendenwirbels\u00e4ule, insbesondere den 4. und 5. Lendenwirbel. Aber auch andere Abschnitte der Wirbels\u00e4ule k\u00f6nnen betroffen sein. Der K\u00f6rper versucht, dem zunehmenden Stabilit\u00e4tsverlust entgegenzuwirken, indem er kn\u00f6cherne Anbauten und Verdickungen der B\u00e4nder bildet. Dieser Selbstheilungsversuch kann im weiteren Verlauf der Erkrankung jedoch kontraproduktiv sein. Die kn\u00f6chernen Anbauten k\u00f6nnen zu einer Verdickung der Gelenke f\u00fchren und zusammen mit Bandscheibenvorw\u00f6lbungen und Verdickungen der B\u00e4nder den Wirbelkanal einengen (Spinalkanalstenose). Bei j\u00fcngeren Patienten kann eine Spondylolisthesis angeboren sein und durch eine fehlerhafte kn\u00f6cherne Verbindung zwischen den Wirbelgelenken verursacht werden.<\/p>\n<\/div><\/div><\/div><\/section>\n<section class='av_toggle_section av-lwhv1y5u-bf4589e662482d9651812bc26d66c312'  itemscope=\"itemscope\" itemtype=\"https:\/\/schema.org\/CreativeWork\" ><div role=\"tablist\" class=\"single_toggle\" data-tags=\"{Alle} \"  ><p id='toggle-toggle-id-2' data-fake-id='#toggle-id-2' class='toggler  av-title-above '  itemprop=\"headline\"  role='tab' tabindex='0' aria-controls='toggle-id-2' data-slide-speed=\"200\" data-title=\"Symptome einer Spondylolisthesis\" data-title-open=\"\" data-aria_collapsed=\"Click to expand: Symptome einer Spondylolisthesis\" data-aria_expanded=\"Click to collapse: Symptome einer Spondylolisthesis\">Symptome einer Spondylolisthesis<span class=\"toggle_icon\"><span class=\"vert_icon\"><\/span><span class=\"hor_icon\"><\/span><\/span><\/p><div id='toggle-id-2' aria-labelledby='toggle-toggle-id-2' role='region' class='toggle_wrap  av-title-above'  ><div class='toggle_content invers-color '  itemprop=\"text\" ><p>Degenerative Wirbelgleiten verursacht starke R\u00fcckenschmerzen und Einschr\u00e4nkungen der Beweglichkeit der Wirbels\u00e4ule. Die Schmerzen k\u00f6nnen sich beim Drehen, Wenden oder bei Ersch\u00fctterungen im R\u00fccken verst\u00e4rken. Sie k\u00f6nnen auch in die Beine ausstrahlen, begleitet von neurologischen Symptomen. In schweren F\u00e4llen kann es zu einem Verlust der Kontrolle \u00fcber die Blasen- und Mastdarmfunktion kommen, wenn die Nerven stark komprimiert werden. Bei angeborener Spondylolisthesis treten in der Regel weniger Beschwerden auf und die Erkrankung wird oft zuf\u00e4llig bei einer R\u00f6ntgenuntersuchung entdeckt. In seltenen F\u00e4llen kann es jedoch zu einem schnellen Fortschreiten des Wirbelgleitens kommen, was eine Behandlung erforderlich macht.<\/p>\n<\/div><\/div><\/div><\/section>\n<section class='av_toggle_section av-lwhv26eh-05eb2efde9b1fc7d1b888229d2db868b'  itemscope=\"itemscope\" itemtype=\"https:\/\/schema.org\/CreativeWork\" ><div role=\"tablist\" class=\"single_toggle\" data-tags=\"{Alle} \"  ><p id='toggle-toggle-id-3' data-fake-id='#toggle-id-3' class='toggler  av-title-above '  itemprop=\"headline\"  role='tab' tabindex='0' aria-controls='toggle-id-3' data-slide-speed=\"200\" data-title=\"Diagnose einer Spondylolisthesis\" data-title-open=\"\" data-aria_collapsed=\"Click to expand: Diagnose einer Spondylolisthesis\" data-aria_expanded=\"Click to collapse: Diagnose einer Spondylolisthesis\">Diagnose einer Spondylolisthesis<span class=\"toggle_icon\"><span class=\"vert_icon\"><\/span><span class=\"hor_icon\"><\/span><\/span><\/p><div id='toggle-id-3' aria-labelledby='toggle-toggle-id-3' role='region' class='toggle_wrap  av-title-above'  ><div class='toggle_content invers-color '  itemprop=\"text\" ><p>Die Spondylolisthesis kann mit R\u00f6ntgenaufnahmen sicher diagnostiziert werden. Funktionsaufnahmen, bei denen der Rumpf nach vorne oder hinten gebeugt wird, k\u00f6nnen helfen, Segmentinstabilit\u00e4ten zu erkennen. Eine Magnetresonanztomografie (MRT) kann eine Spinalkanalstenose zeigen. Die Experten der Orthop\u00e4die-Praxis nutzen ihre langj\u00e4hrige Erfahrung und moderne Technologien, um eine sichere Diagnose zu erstellen und einen individuellen Behandlungsplan zu entwickeln.<\/p>\n<\/div><\/div><\/div><\/section>\n<section class='av_toggle_section av-lwhv2ebr-6abd9179d94e8e03dce301ccf1c42e60'  itemscope=\"itemscope\" itemtype=\"https:\/\/schema.org\/CreativeWork\" ><div role=\"tablist\" class=\"single_toggle\" data-tags=\"{Alle} \"  ><p id='toggle-toggle-id-4' data-fake-id='#toggle-id-4' class='toggler  av-title-above '  itemprop=\"headline\"  role='tab' tabindex='0' aria-controls='toggle-id-4' data-slide-speed=\"200\" data-title=\"Konservative Behandlung einer Spondylolisthesis\" data-title-open=\"\" data-aria_collapsed=\"Click to expand: Konservative Behandlung einer Spondylolisthesis\" data-aria_expanded=\"Click to collapse: Konservative Behandlung einer Spondylolisthesis\">Konservative Behandlung einer Spondylolisthesis<span class=\"toggle_icon\"><span class=\"vert_icon\"><\/span><span class=\"hor_icon\"><\/span><\/span><\/p><div id='toggle-id-4' aria-labelledby='toggle-toggle-id-4' role='region' class='toggle_wrap  av-title-above'  ><div class='toggle_content invers-color '  itemprop=\"text\" ><p>Bei einem konservativen Behandlungsansatz k\u00f6nnen verschiedene Ma\u00dfnahmen eingesetzt werden:<\/p>\n<ul>\n<li>Gezielte Schmerztherapie und Injektionen im Bereich der Wirbels\u00e4ule<\/li>\n<li>Physiotherapie zur St\u00e4rkung und Entlastung der Wirbels\u00e4ule<\/li>\n<li>Apparative Therapien zur Muskelentspannung und Schmerzlinderung<\/li>\n<li>R\u00fcckenschule<\/li>\n<\/ul>\n<\/div><\/div><\/div><\/section>\n<section class='av_toggle_section av-lwhv2lul-6d921d31ec7da39635786187c42919bb'  itemscope=\"itemscope\" itemtype=\"https:\/\/schema.org\/CreativeWork\" ><div role=\"tablist\" class=\"single_toggle\" data-tags=\"{Alle} \"  ><p id='toggle-toggle-id-5' data-fake-id='#toggle-id-5' class='toggler  av-title-above '  itemprop=\"headline\"  role='tab' tabindex='0' aria-controls='toggle-id-5' data-slide-speed=\"200\" data-title=\"Operative Behandlung einer Spondylolisthesis\" data-title-open=\"\" data-aria_collapsed=\"Click to expand: Operative Behandlung einer Spondylolisthesis\" data-aria_expanded=\"Click to collapse: Operative Behandlung einer Spondylolisthesis\">Operative Behandlung einer Spondylolisthesis<span class=\"toggle_icon\"><span class=\"vert_icon\"><\/span><span class=\"hor_icon\"><\/span><\/span><\/p><div id='toggle-id-5' aria-labelledby='toggle-toggle-id-5' role='region' class='toggle_wrap  av-title-above'  ><div class='toggle_content invers-color '  itemprop=\"text\" ><p>Wenn es sich um eine mechanische Instabilit\u00e4t des Bewegungssegments handelt, kann langfristig oft nur eine operative Stabilisierung das Problem effektiv l\u00f6sen. In der MVZ Praxis wird dies in der Regel minimal-invasiv durch eine perkutane Versteifung durchgef\u00fchrt. Bei diesem Verfahren werden die betroffenen Wirbelk\u00f6rper mit Schrauben und St\u00e4ben fixiert. Der Zugang erfolgt \u00fcber kleine Hautschnitte, um den postoperativen Schmerz und die Narbenbildung zu minimieren. Dadurch verk\u00fcrzt sich die Dauer des Krankenhausaufenthalts und die Rehabilitation kann fr\u00fchzeitig beginnen.<\/p>\n<p>Die Spondylodese ist ein bew\u00e4hrtes Verfahren zur langfristigen Linderung von Beschwerden bei fortgeschrittenen Verschlei\u00dfver\u00e4nderungen. Die eingesetzten Operationstechniken in der ATOS Klinik basieren auf langj\u00e4hriger Erfahrung und wissenschaftlicher Etablierung.<\/p>\n<\/div><\/div><\/div><\/section>\n<section class='av_toggle_section av-lwhv2v2s-0d9619f54d437af62687713ca26815e1'  itemscope=\"itemscope\" itemtype=\"https:\/\/schema.org\/CreativeWork\" ><div role=\"tablist\" class=\"single_toggle\" data-tags=\"{Alle} \"  ><p id='toggle-toggle-id-6' data-fake-id='#toggle-id-6' class='toggler  av-title-above '  itemprop=\"headline\"  role='tab' tabindex='0' aria-controls='toggle-id-6' data-slide-speed=\"200\" data-title=\"Rehabilitation nach einer Spondylolisthesis\" data-title-open=\"\" data-aria_collapsed=\"Click to expand: Rehabilitation nach einer Spondylolisthesis\" data-aria_expanded=\"Click to collapse: Rehabilitation nach einer Spondylolisthesis\">Rehabilitation nach einer Spondylolisthesis<span class=\"toggle_icon\"><span class=\"vert_icon\"><\/span><span class=\"hor_icon\"><\/span><\/span><\/p><div id='toggle-id-6' aria-labelledby='toggle-toggle-id-6' role='region' class='toggle_wrap  av-title-above'  ><div class='toggle_content invers-color '  itemprop=\"text\" ><p>Nach dem Eingriff strebt man eine schnelle Mobilisierung an. Die Patienten sollen m\u00f6glichst bald wieder aufstehen und selbstst\u00e4ndig gehen k\u00f6nnen. Eine Korsettbehandlung ist normalerweise nicht erforderlich. Es gibt keine Bewegungsverbote, aber vor\u00fcbergehend k\u00f6nnen Belastungseinschr\u00e4nkungen bestehen. Der Fokus liegt auf dem Muskelaufbau im Rumpf und der Wiedererlangung der Beweglichkeit. Es werden spezielle Techniken f\u00fcr das Heben und Bewegen geschult.<\/p>\n<\/div><\/div><\/div><\/section>\n<\/div><\/p><\/div>\n\n<\/div><\/div><\/div><!-- close content main div --><\/div><\/div>\n<style type=\"text\/css\" data-created_by=\"avia_inline_auto\" id=\"style-css-av-76kd4z-41eaab66dae56fad7f0b7ed563a1638f\">\n.avia-section.av-76kd4z-41eaab66dae56fad7f0b7ed563a1638f{\nbackground-repeat:no-repeat;\nbackground-image:url(https:\/\/atos-mvz.de\/stuttgart\/wp-content\/uploads\/sites\/7\/2021\/07\/Therapien-Titel-1500x700-1.jpg);\nbackground-position:50% 50%;\nbackground-attachment:scroll;\n}\n.avia-section.av-76kd4z-41eaab66dae56fad7f0b7ed563a1638f .av-section-color-overlay{\nopacity:0.9;\nbackground-color:#482683;\n}\n<\/style>\n<div id='cta'  class='avia-section av-76kd4z-41eaab66dae56fad7f0b7ed563a1638f main_color avia-section-large avia-no-border-styling  avia-builder-el-5  el_after_av_section  avia-builder-el-last  avia-full-stretch avia-bg-style-scroll av-section-color-overlay-active container_wrap fullsize'  data-section-bg-repeat='stretch'><div class=\"av-section-color-overlay-wrap\"><div class=\"av-section-color-overlay\"><\/div><div class='container av-section-cont-open' ><div class='template-page content  av-content-full alpha units'><div class='post-entry post-entry-type-page post-entry-1075'><div class='entry-content-wrapper clearfix'>\n<div  class='flex_column av-5zoq5f-55cdcd896380fcbff88783d44f825dae av_two_third  avia-builder-el-6  avia-builder-el-no-sibling  first av-break-at-tablet flex_column_div  '     ><style type=\"text\/css\" data-created_by=\"avia_inline_auto\" id=\"style-css-av-fqicj-679a696dccfa2437930e6cc11509c695\">\n#top .av_textblock_section.av-fqicj-679a696dccfa2437930e6cc11509c695 .avia_textblock{\ncolor:#ffffff;\n}\n<\/style>\n<section  class='av_textblock_section av-fqicj-679a696dccfa2437930e6cc11509c695 '   itemscope=\"itemscope\" itemtype=\"https:\/\/schema.org\/CreativeWork\" ><div class='avia_textblock av_inherit_color'  itemprop=\"text\" ><h2><strong>Termin vereinbaren<\/strong> oder Frage stellen<\/h2>\n<p>Sollten auch Sie unter akuten oder chronischen Gelenkschmerzen leiden, k\u00f6nnen Sie unsere Praxis in Stuttgart Mitte unter der folgenden Telefonnummer erreichen:<\/p>\n<\/div><\/section><br \/>\n<div  class='avia-button-wrap av-263nyr-abc8cade5bcac28daff7731b5dc78395-wrap avia-button-left  avia-builder-el-8  el_after_av_textblock  avia-builder-el-last '><a href='tel:+497116662930'  class='avia-button av-263nyr-abc8cade5bcac28daff7731b5dc78395 av-link-btn avia-icon_select-yes-right-icon avia-size-small avia-position-left avia-color-theme-color-highlight'   aria-label=\"0711 66629-30\"><span class='avia_iconbox_title' >0711 66629-30<\/span><span class='avia_button_icon avia_button_icon_right avia-iconfont avia-font-fontello' data-av_icon='\ue802' data-av_iconfont='fontello' ><\/span><\/a><\/div><\/p><\/div>\n\n","protected":false},"excerpt":{"rendered":"","protected":false},"author":1,"featured_media":0,"parent":0,"menu_order":0,"comment_status":"closed","ping_status":"closed","template":"","meta":{"footnotes":""},"class_list":["post-1075","page","type-page","status-publish","hentry"],"yoast_head":"<!-- This site is optimized with the Yoast SEO plugin v27.3 - https:\/\/yoast.com\/product\/yoast-seo-wordpress\/ -->\n<title>Spondylolisthesis - ATOS Facharztzentrum Klinik Stuttgart<\/title>\n<meta name=\"description\" content=\"Spondylolisthesis in Stuttgart: gezielte Abkl\u00e4rung und Therapie bei Wirbelgleiten \u2013 konservativ oder operativ, individuell abgestimmt.\" \/>\n<meta name=\"robots\" content=\"index, follow, max-snippet:-1, max-image-preview:large, max-video-preview:-1\" \/>\n<link rel=\"canonical\" href=\"https:\/\/atos-mvz.de\/stuttgart\/spondylolisthesis\/\" \/>\n<meta property=\"og:locale\" content=\"de_DE\" \/>\n<meta property=\"og:type\" content=\"article\" \/>\n<meta property=\"og:title\" content=\"Spondylolisthesis - ATOS Facharztzentrum Klinik Stuttgart\" \/>\n<meta property=\"og:description\" content=\"Spondylolisthesis in Stuttgart: gezielte Abkl\u00e4rung und Therapie bei Wirbelgleiten \u2013 konservativ oder operativ, individuell abgestimmt.\" \/>\n<meta property=\"og:url\" content=\"https:\/\/atos-mvz.de\/stuttgart\/spondylolisthesis\/\" \/>\n<meta property=\"og:site_name\" content=\"ATOS Facharztzentrum Klinik Stuttgart\" \/>\n<meta property=\"article:modified_time\" content=\"2026-01-15T16:03:09+00:00\" \/>\n<meta name=\"twitter:card\" content=\"summary_large_image\" \/>\n<script type=\"application\/ld+json\" class=\"yoast-schema-graph\">{\"@context\":\"https:\\\/\\\/schema.org\",\"@graph\":[{\"@type\":\"WebPage\",\"@id\":\"https:\\\/\\\/atos-mvz.de\\\/stuttgart\\\/spondylolisthesis\\\/\",\"url\":\"https:\\\/\\\/atos-mvz.de\\\/stuttgart\\\/spondylolisthesis\\\/\",\"name\":\"Spondylolisthesis - ATOS Facharztzentrum Klinik Stuttgart\",\"isPartOf\":{\"@id\":\"https:\\\/\\\/atos-mvz.de\\\/stuttgart\\\/#website\"},\"datePublished\":\"2024-05-22T13:30:16+00:00\",\"dateModified\":\"2026-01-15T16:03:09+00:00\",\"description\":\"Spondylolisthesis in Stuttgart: gezielte Abkl\u00e4rung und Therapie bei Wirbelgleiten \u2013 konservativ oder operativ, individuell abgestimmt.\",\"breadcrumb\":{\"@id\":\"https:\\\/\\\/atos-mvz.de\\\/stuttgart\\\/spondylolisthesis\\\/#breadcrumb\"},\"inLanguage\":\"de\",\"potentialAction\":[{\"@type\":\"ReadAction\",\"target\":[\"https:\\\/\\\/atos-mvz.de\\\/stuttgart\\\/spondylolisthesis\\\/\"]}]},{\"@type\":\"BreadcrumbList\",\"@id\":\"https:\\\/\\\/atos-mvz.de\\\/stuttgart\\\/spondylolisthesis\\\/#breadcrumb\",\"itemListElement\":[{\"@type\":\"ListItem\",\"position\":1,\"name\":\"Startseite\",\"item\":\"https:\\\/\\\/atos-mvz.de\\\/stuttgart\\\/startseite\\\/\"},{\"@type\":\"ListItem\",\"position\":2,\"name\":\"Spondylolisthesis\"}]},{\"@type\":\"WebSite\",\"@id\":\"https:\\\/\\\/atos-mvz.de\\\/stuttgart\\\/#website\",\"url\":\"https:\\\/\\\/atos-mvz.de\\\/stuttgart\\\/\",\"name\":\"ATOS Facharztzentrum Klinik Stuttgart\",\"description\":\"\",\"potentialAction\":[{\"@type\":\"SearchAction\",\"target\":{\"@type\":\"EntryPoint\",\"urlTemplate\":\"https:\\\/\\\/atos-mvz.de\\\/stuttgart\\\/?s={search_term_string}\"},\"query-input\":{\"@type\":\"PropertyValueSpecification\",\"valueRequired\":true,\"valueName\":\"search_term_string\"}}],\"inLanguage\":\"de\"}]}<\/script>\n<!-- \/ Yoast SEO plugin. -->","yoast_head_json":{"title":"Spondylolisthesis - ATOS Facharztzentrum Klinik Stuttgart","description":"Spondylolisthesis in Stuttgart: gezielte Abkl\u00e4rung und Therapie bei Wirbelgleiten \u2013 konservativ oder operativ, individuell abgestimmt.","robots":{"index":"index","follow":"follow","max-snippet":"max-snippet:-1","max-image-preview":"max-image-preview:large","max-video-preview":"max-video-preview:-1"},"canonical":"https:\/\/atos-mvz.de\/stuttgart\/spondylolisthesis\/","og_locale":"de_DE","og_type":"article","og_title":"Spondylolisthesis - ATOS Facharztzentrum Klinik Stuttgart","og_description":"Spondylolisthesis in Stuttgart: gezielte Abkl\u00e4rung und Therapie bei Wirbelgleiten \u2013 konservativ oder operativ, individuell abgestimmt.","og_url":"https:\/\/atos-mvz.de\/stuttgart\/spondylolisthesis\/","og_site_name":"ATOS Facharztzentrum Klinik Stuttgart","article_modified_time":"2026-01-15T16:03:09+00:00","twitter_card":"summary_large_image","schema":{"@context":"https:\/\/schema.org","@graph":[{"@type":"WebPage","@id":"https:\/\/atos-mvz.de\/stuttgart\/spondylolisthesis\/","url":"https:\/\/atos-mvz.de\/stuttgart\/spondylolisthesis\/","name":"Spondylolisthesis - ATOS Facharztzentrum Klinik Stuttgart","isPartOf":{"@id":"https:\/\/atos-mvz.de\/stuttgart\/#website"},"datePublished":"2024-05-22T13:30:16+00:00","dateModified":"2026-01-15T16:03:09+00:00","description":"Spondylolisthesis in Stuttgart: gezielte Abkl\u00e4rung und Therapie bei Wirbelgleiten \u2013 konservativ oder operativ, individuell abgestimmt.","breadcrumb":{"@id":"https:\/\/atos-mvz.de\/stuttgart\/spondylolisthesis\/#breadcrumb"},"inLanguage":"de","potentialAction":[{"@type":"ReadAction","target":["https:\/\/atos-mvz.de\/stuttgart\/spondylolisthesis\/"]}]},{"@type":"BreadcrumbList","@id":"https:\/\/atos-mvz.de\/stuttgart\/spondylolisthesis\/#breadcrumb","itemListElement":[{"@type":"ListItem","position":1,"name":"Startseite","item":"https:\/\/atos-mvz.de\/stuttgart\/startseite\/"},{"@type":"ListItem","position":2,"name":"Spondylolisthesis"}]},{"@type":"WebSite","@id":"https:\/\/atos-mvz.de\/stuttgart\/#website","url":"https:\/\/atos-mvz.de\/stuttgart\/","name":"ATOS Facharztzentrum Klinik Stuttgart","description":"","potentialAction":[{"@type":"SearchAction","target":{"@type":"EntryPoint","urlTemplate":"https:\/\/atos-mvz.de\/stuttgart\/?s={search_term_string}"},"query-input":{"@type":"PropertyValueSpecification","valueRequired":true,"valueName":"search_term_string"}}],"inLanguage":"de"}]}},"_links":{"self":[{"href":"https:\/\/atos-mvz.de\/stuttgart\/wp-json\/wp\/v2\/pages\/1075","targetHints":{"allow":["GET"]}}],"collection":[{"href":"https:\/\/atos-mvz.de\/stuttgart\/wp-json\/wp\/v2\/pages"}],"about":[{"href":"https:\/\/atos-mvz.de\/stuttgart\/wp-json\/wp\/v2\/types\/page"}],"author":[{"embeddable":true,"href":"https:\/\/atos-mvz.de\/stuttgart\/wp-json\/wp\/v2\/users\/1"}],"replies":[{"embeddable":true,"href":"https:\/\/atos-mvz.de\/stuttgart\/wp-json\/wp\/v2\/comments?post=1075"}],"version-history":[{"count":3,"href":"https:\/\/atos-mvz.de\/stuttgart\/wp-json\/wp\/v2\/pages\/1075\/revisions"}],"predecessor-version":[{"id":1310,"href":"https:\/\/atos-mvz.de\/stuttgart\/wp-json\/wp\/v2\/pages\/1075\/revisions\/1310"}],"wp:attachment":[{"href":"https:\/\/atos-mvz.de\/stuttgart\/wp-json\/wp\/v2\/media?parent=1075"}],"curies":[{"name":"wp","href":"https:\/\/api.w.org\/{rel}","templated":true}]}}