{"id":394,"date":"2021-02-01T14:49:23","date_gmt":"2021-02-01T13:49:23","guid":{"rendered":"https:\/\/atos-mvz.de\/muenchen\/?post_type=portfolio&#038;p=394"},"modified":"2026-02-05T16:45:20","modified_gmt":"2026-02-05T15:45:20","slug":"dr-norbert-harrasser","status":"publish","type":"portfolio","link":"https:\/\/atos-mvz.de\/muenchen\/arzt\/dr-norbert-harrasser\/","title":{"rendered":"Prof. Dr. med. Norbert Harrasser"},"content":{"rendered":"\n<style type=\"text\/css\" data-created_by=\"avia_inline_auto\" id=\"style-css-av-kkfaterk-f433a501ee2e9ebb12c5b0d55feebbdd\">\n.avia-section.av-kkfaterk-f433a501ee2e9ebb12c5b0d55feebbdd{\nbackground-repeat:no-repeat;\nbackground-image:url(https:\/\/atos-mvz.de\/muenchen\/wp-content\/uploads\/sites\/2\/2021\/01\/muenchen.jpg);\nbackground-position:50% 50%;\nbackground-attachment:scroll;\n}\n.avia-section.av-kkfaterk-f433a501ee2e9ebb12c5b0d55feebbdd .av-extra-border-element .av-extra-border-inner{\nbackground-color:#ffffff;\n}\n<\/style>\n<div id='header-img'  class='avia-section av-kkfaterk-f433a501ee2e9ebb12c5b0d55feebbdd main_color avia-section-huge avia-no-border-styling  avia-builder-el-0  el_before_av_section  avia-builder-el-first  largeimg avia-full-stretch avia-bg-style-scroll container_wrap fullsize'  data-section-bg-repeat='stretch'><div class='container av-section-cont-open' ><main  role=\"main\" itemprop=\"mainContentOfPage\"  class='template-page content  av-content-full alpha units'><div class='post-entry post-entry-type-page post-entry-394'><div class='entry-content-wrapper clearfix'>\n<\/div><\/div><\/main><!-- close content main element --><\/div><div class='av-extra-border-element border-extra-diagonal border-extra-diagonal-inverse '><div class='av-extra-border-outer'><div class='av-extra-border-inner'><\/div><\/div><\/div><\/div>\n<style type=\"text\/css\" data-created_by=\"avia_inline_auto\" id=\"style-css-av-16773-35c90dcde9845698d92e3125ce9f2ce7\">\n.avia-section.av-16773-35c90dcde9845698d92e3125ce9f2ce7 .av-extra-border-element .av-extra-border-inner{\nbackground-color:#f1f0f5;\n}\n<\/style>\n<div id='first-section'  class='avia-section av-16773-35c90dcde9845698d92e3125ce9f2ce7 main_color avia-section-large avia-no-border-styling  avia-builder-el-1  el_after_av_section  el_before_av_section  avia-bg-style-scroll container_wrap fullsize'  ><div class='container av-section-cont-open' ><div class='template-page content  av-content-full alpha units'><div class='post-entry post-entry-type-page post-entry-394'><div class='entry-content-wrapper clearfix'>\n\n<style type=\"text\/css\" data-created_by=\"avia_inline_auto\" id=\"style-css-av-1czbz-cdf48f5ac3840c1ed2e4bd834afb9bbc\">\n.flex_column.av-1czbz-cdf48f5ac3840c1ed2e4bd834afb9bbc{\nborder-radius:0px 0px 0px 0px;\npadding:0px 0px 0px 0px;\n}\n<\/style>\n<div  class='flex_column av-1czbz-cdf48f5ac3840c1ed2e4bd834afb9bbc av_one_half  avia-builder-el-2  el_before_av_one_half  avia-builder-el-first  first flex_column_div av-zero-column-padding  '     ><section  class='av_textblock_section av-kkfavlr5-b9e1d62097ba07f406d76d24a226c675 '   itemscope=\"itemscope\" itemtype=\"https:\/\/schema.org\/CreativeWork\" ><div class='avia_textblock'  itemprop=\"text\" ><h1 class=\"av-special-heading-tag \"><strong>Prof. Dr. med. Norbert Harrasser<\/strong><\/h1>\n<\/div><\/section><br \/>\n<section  class='av_textblock_section av-kkfaxdi8-014d939d01a2f58ea92ebc190422f462 '   itemscope=\"itemscope\" itemtype=\"https:\/\/schema.org\/CreativeWork\" ><div class='avia_textblock'  itemprop=\"text\" ><h3><strong>Facharzt f\u00fcr Orthop\u00e4die und Unfallchirurgie. Zusatzbezeichnungen Spezielle Orthop\u00e4dische Chirurgie &amp; Notfallmedizin<\/strong><\/h3>\n<p>PD Dr. med. Norbert Harrasser, Spezialist f\u00fcr Fu\u00df-\/ Sprunggelenkchirurgie und Sprunggelenkendoprothetik, ist Facharzt f\u00fcr Orthop\u00e4die und Unfallchirurgie. Dar\u00fcber hinaus besitzt er die Zusatzbezeichnungen Spezielle Orthop\u00e4dische Chirurgie, Notfallmedizin und Chirotherapie\/ Manuelle Medizin.<\/p>\n<\/div><\/section><br \/>\n<div  class='avia-button-wrap av-kkfav7aq-7db11b243a0b00ee06b1ef2f1f540284-wrap avia-button-left  avia-builder-el-5  el_after_av_textblock  avia-builder-el-last '><a href='https:\/\/www.doctolib.de\/medizinisches-versorgungszentrum-mvz\/muenchen\/mvz-atos-muenchen'  class='avia-button av-kkfav7aq-7db11b243a0b00ee06b1ef2f1f540284 av-link-btn avia-icon_select-yes-right-icon avia-size-small avia-position-left avia-color-theme-color'  target=\"_blank\"  rel=\"noopener noreferrer\"  aria-label=\"Termin vereinbaren\"><span class='avia_iconbox_title' >Termin vereinbaren<\/span><span class='avia_button_icon avia_button_icon_right avia-iconfont avia-font-entypo-fontello' data-av_icon='\ue85b' data-av_iconfont='entypo-fontello' ><\/span><\/a><\/div><\/p><\/div>\n<style type=\"text\/css\" data-created_by=\"avia_inline_auto\" id=\"style-css-av-115y3-3aa006fb81f7378e4fc8f0dae4a7cd17\">\n@keyframes av_boxShadowEffect_av-115y3-3aa006fb81f7378e4fc8f0dae4a7cd17-column {\n0%   { box-shadow:  0 0 0 0 #e0e0e0; opacity: 1; }\n100% { box-shadow:  0 0 30px 0 #e0e0e0; opacity: 1; }\n}\n.flex_column.av-115y3-3aa006fb81f7378e4fc8f0dae4a7cd17{\nbox-shadow: 0 0 30px 0 #e0e0e0;\nborder-radius:20px 20px 20px 20px;\npadding:50px 50px 50px 50px;\n}\n<\/style>\n<div  class='flex_column av-115y3-3aa006fb81f7378e4fc8f0dae4a7cd17 av_one_half  avia-builder-el-6  el_after_av_one_half  el_before_av_hr  flex_column_div shadow-not-animated  '     ><style type=\"text\/css\" data-created_by=\"avia_inline_auto\" id=\"style-css-av-kkfba3sr-7e6b2a558c6ed33ff9f0da66f01bdfb5\">\n.avia-image-container.av-kkfba3sr-7e6b2a558c6ed33ff9f0da66f01bdfb5 img.avia_image{\nbox-shadow:none;\n}\n.avia-image-container.av-kkfba3sr-7e6b2a558c6ed33ff9f0da66f01bdfb5 .av-image-caption-overlay-center{\ncolor:#ffffff;\n}\n<\/style>\n<div  class='avia-image-container av-kkfba3sr-7e6b2a558c6ed33ff9f0da66f01bdfb5 av-styling-no-styling avia-align-  avia-builder-el-7  avia-builder-el-no-sibling '   itemprop=\"image\" itemscope=\"itemscope\" itemtype=\"https:\/\/schema.org\/ImageObject\" ><div class=\"avia-image-container-inner\"><div class=\"avia-image-overlay-wrap\"><img decoding=\"async\" fetchpriority=\"high\" class='wp-image-1017 avia-img-lazy-loading-not-1017 avia_image ' src=\"https:\/\/atos-mvz.de\/muenchen\/wp-content\/uploads\/sites\/2\/2021\/02\/harrasser.jpg\" alt='Harrasser' title=''  height=\"550\" width=\"800\"  itemprop=\"thumbnailUrl\" srcset=\"https:\/\/atos-mvz.de\/muenchen\/wp-content\/uploads\/sites\/2\/2021\/02\/harrasser.jpg 800w, https:\/\/atos-mvz.de\/muenchen\/wp-content\/uploads\/sites\/2\/2021\/02\/harrasser-300x206.jpg 300w, https:\/\/atos-mvz.de\/muenchen\/wp-content\/uploads\/sites\/2\/2021\/02\/harrasser-768x528.jpg 768w, https:\/\/atos-mvz.de\/muenchen\/wp-content\/uploads\/sites\/2\/2021\/02\/harrasser-705x485.jpg 705w\" sizes=\"(max-width: 800px) 100vw, 800px\" \/><\/div><\/div><\/div><\/div>\n<style type=\"text\/css\" data-created_by=\"avia_inline_auto\" id=\"style-css-av-kkfative-987a6f7db079caafb24516884c6a1da4\">\n#top .hr.hr-invisible.av-kkfative-987a6f7db079caafb24516884c6a1da4{\nheight:200px;\n}\n<\/style>\n<div  class='hr av-kkfative-987a6f7db079caafb24516884c6a1da4 hr-invisible  avia-builder-el-8  el_after_av_one_half  avia-builder-el-last '><span class='hr-inner '><span class=\"hr-inner-style\"><\/span><\/span><\/div>\n\n<\/div><\/div><\/div><!-- close content main div --><\/div><div class='av-extra-border-element border-extra-diagonal border-extra-diagonal-inverse '><div class='av-extra-border-outer'><div class='av-extra-border-inner'><\/div><\/div><\/div><\/div><div id='second-section'  class='avia-section av-kkfbaki1-b5d056bcb0de83f4a84ea38b74b01d41 alternate_color avia-section-large avia-no-border-styling  avia-builder-el-9  el_after_av_section  avia-builder-el-last  avia-bg-style-scroll container_wrap fullsize'  ><div class='container av-section-cont-open' ><div class='template-page content  av-content-full alpha units'><div class='post-entry post-entry-type-page post-entry-394'><div class='entry-content-wrapper clearfix'>\n\n<style type=\"text\/css\" data-created_by=\"avia_inline_auto\" id=\"style-css-av-kkfbfgby-5de7d4c87eb7c8b743495baa81b1d24e\">\n#top .togglecontainer.av-kkfbfgby-5de7d4c87eb7c8b743495baa81b1d24e p.toggler{\nbackground-color:#ffffff;\n}\n#top .togglecontainer.av-kkfbfgby-5de7d4c87eb7c8b743495baa81b1d24e .toggle_wrap .toggle_content{\nbackground-color:#ffffff;\n}\n<\/style>\n<div  class='togglecontainer av-kkfbfgby-5de7d4c87eb7c8b743495baa81b1d24e av-minimal-toggle  avia-builder-el-10  avia-builder-el-no-sibling  toggle_close_all' >\n<section class='av_toggle_section av-9gnf6-a41c95177a5c63020e3b7d3ee40858b6'  itemscope=\"itemscope\" itemtype=\"https:\/\/schema.org\/CreativeWork\" ><div role=\"tablist\" class=\"single_toggle\" data-tags=\"{Alle} \"  ><p id='toggle-toggle-id-1' data-fake-id='#toggle-id-1' class='toggler  activeTitle av-title-above '  itemprop=\"headline\"  role='tab' tabindex='0' aria-controls='toggle-id-1' data-slide-speed=\"200\" data-title=\"Dr. Norbert Harrasser\" data-title-open=\"\" data-aria_collapsed=\"Click to expand: Dr. Norbert Harrasser\" data-aria_expanded=\"Click to collapse: Dr. Norbert Harrasser\">Dr. Norbert Harrasser<span class=\"toggle_icon\"><span class=\"vert_icon\"><\/span><span class=\"hor_icon\"><\/span><\/span><\/p><div id='toggle-id-1' aria-labelledby='toggle-toggle-id-1' role='region' class='toggle_wrap  active_tc av-title-above' style='display:block;' ><div class='toggle_content invers-color '  itemprop=\"text\" ><p><img loading=\"lazy\" decoding=\"async\" class=\"wp-image-1076 size-full alignright\" src=\"https:\/\/atos-mvz.de\/muenchen\/wp-content\/uploads\/sites\/2\/2021\/02\/focus_2026_prof-dr-norbert-har-rasser_fusschirurgie.png\" alt=\"\" width=\"92\" height=\"180\" \/><\/p>\n<ul>\n<li>Facharzt f\u00fcr Orthop\u00e4die und Unfallchirurgie<\/li>\n<li>Zusatzbezeichnungen Spezielle Orthop\u00e4dische Chirurgie, Notfallmedizin<\/li>\n<\/ul>\n<p>PD Dr. med. Norbert Harrasser studierte in M\u00fcnchen an der Ludwig-Maximilians-Universit\u00e4t (LMU) und der Technischen Universit\u00e4t (TU). Im Rahmen seiner Facharztausbildung am Klinikum rechts der Isar in M\u00fcnchen wurde er unter den Professoren Gradinger und von Eisenhart-Rothe in der Orthop\u00e4die, Sportorthop\u00e4die und Unfallchirurgie ausgebildet. Mit seiner Facharztanerkennung und dem Erwerb der Fu\u00dfzertifikate der GFFC und DAF \u00fcbernahm er ein Jahr die stellvertretende Sektionsleitung \u201eFu\u00df- und Sprunggelenkchirurgie\u201c am Klinikum rechts Isar. Von 2018 bis 2020 wechselte er als Oberarzt an das renommierte Zentrum f\u00fcr Fu\u00df- und Sprunggelenkchirurgie (Chefarzt: Prof. Dr. M. Walther) der Sch\u00f6n-Klinik M\u00fcnchen-Harlaching und konnte hier seine F\u00e4higkeiten auf dem Gebiet der minimal-invasiven Fu\u00dfchirurgie und Sprunggelenkendoprothetik anwenden.<\/p>\n<\/div><\/div><\/div><\/section>\n<section class='av_toggle_section av-lk2ea-3117effa270c883a47479e29a59be2cd'  itemscope=\"itemscope\" itemtype=\"https:\/\/schema.org\/CreativeWork\" ><div role=\"tablist\" class=\"single_toggle\" data-tags=\"{Alle} \"  ><p id='toggle-toggle-id-2' data-fake-id='#toggle-id-2' class='toggler  av-title-above '  itemprop=\"headline\"  role='tab' tabindex='0' aria-controls='toggle-id-2' data-slide-speed=\"200\" data-title=\"Leistungsspektrum\" data-title-open=\"\" data-aria_collapsed=\"Click to expand: Leistungsspektrum\" data-aria_expanded=\"Click to collapse: Leistungsspektrum\">Leistungsspektrum<span class=\"toggle_icon\"><span class=\"vert_icon\"><\/span><span class=\"hor_icon\"><\/span><\/span><\/p><div id='toggle-id-2' aria-labelledby='toggle-toggle-id-2' role='region' class='toggle_wrap  av-title-above'  ><div class='toggle_content invers-color '  itemprop=\"text\" ><p><strong>Fu\u00df- Sprunggelenk:<\/strong><\/p>\n<ul>\n<li>Achillessehne: frische Ruptur und Rekonstruktionen veralteter und ausgepr\u00e4gter Defekte, Tendinosen<\/li>\n<li>Achillessehnenansatz: Haglundferse, Fersensporn, Sehnenrupturen<\/li>\n<li>Sprunggelenk: Arthroskopie bei Impingement, Instabilit\u00e4t bei Bandverletzungen, Knorpelsch\u00e4den und Arthrosen (Umstellungsosteotomien an Fibula und Tibia, Versteifung oder Oberfl\u00e4chenersatz am Sprungbein bzw. Total-Endoprothese (k\u00fcnstlicher Gelenkersatz))<\/li>\n<li>Komplexe Fu\u00dfdeformit\u00e4ten wie Knick-Senkfu\u00df bzw. Ballen-Hohlfu\u00df<\/li>\n<li>R\u00fcck-, Mittelfu\u00dfarthrosen<\/li>\n<li>Hallux-valgus-Korrektur, Spreizfu\u00df (minimal-invasiv oder offen)<\/li>\n<li>Kleinzehenkorrekturen z.B. Krallen-, Hammerzehen (minimal-invasiv oder offen)<\/li>\n<li>Schneiderballen<\/li>\n<\/ul>\n<p><strong>Sportverletzungen:<\/strong><\/p>\n<ul class=\"cols-2\">\n<li>Skiverletzungen<\/li>\n<li>Fu\u00dfballverletzungen<\/li>\n<li>Eishockeyverletzungen<\/li>\n<li>Tennisverletzungen<\/li>\n<li>allgemeine Sportverletzungen<\/li>\n<\/ul>\n<\/div><\/div><\/div><\/section>\n<section class='av_toggle_section av-guoei-2fa1edbdaa2494e99f2e310d1d161dc1'  itemscope=\"itemscope\" itemtype=\"https:\/\/schema.org\/CreativeWork\" ><div role=\"tablist\" class=\"single_toggle\" data-tags=\"{Alle} \"  ><p id='toggle-toggle-id-3' data-fake-id='#toggle-id-3' class='toggler  av-title-above '  itemprop=\"headline\"  role='tab' tabindex='0' aria-controls='toggle-id-3' data-slide-speed=\"200\" data-title=\"Ausbildung\" data-title-open=\"\" data-aria_collapsed=\"Click to expand: Ausbildung\" data-aria_expanded=\"Click to collapse: Ausbildung\">Ausbildung<span class=\"toggle_icon\"><span class=\"vert_icon\"><\/span><span class=\"hor_icon\"><\/span><\/span><\/p><div id='toggle-id-3' aria-labelledby='toggle-toggle-id-3' role='region' class='toggle_wrap  av-title-above'  ><div class='toggle_content invers-color '  itemprop=\"text\" ><ul>\n<li>2000 \u2013 2003 Studium der Physiotherapie an der Fachhochschule f\u00fcr Gesundheitsberufe Bozen und Universit\u00e4t Ferrara (Emilia-Romagna, ITA); Abschluss: \u201cLaurea in fisioterapia\u201d<\/li>\n<li>10\/2003 \u2013 11\/2009 Studium der Humanmedizin an der LMU\/TU M\u00fcnchen<\/li>\n<\/ul>\n<\/div><\/div><\/div><\/section>\n<section class='av_toggle_section av-9thfm-5f0dd9a17e32bd6e4095be762db16d64'  itemscope=\"itemscope\" itemtype=\"https:\/\/schema.org\/CreativeWork\" ><div role=\"tablist\" class=\"single_toggle\" data-tags=\"{Alle} \"  ><p id='toggle-toggle-id-4' data-fake-id='#toggle-id-4' class='toggler  av-title-above '  itemprop=\"headline\"  role='tab' tabindex='0' aria-controls='toggle-id-4' data-slide-speed=\"200\" data-title=\"Klinischer Werdegang\" data-title-open=\"\" data-aria_collapsed=\"Click to expand: Klinischer Werdegang\" data-aria_expanded=\"Click to collapse: Klinischer Werdegang\">Klinischer Werdegang<span class=\"toggle_icon\"><span class=\"vert_icon\"><\/span><span class=\"hor_icon\"><\/span><\/span><\/p><div id='toggle-id-4' aria-labelledby='toggle-toggle-id-4' role='region' class='toggle_wrap  av-title-above'  ><div class='toggle_content invers-color '  itemprop=\"text\" ><ul>\n<li>01\/2010 \u2013 04\/2011 Assistenzarzt Orthop\u00e4die, Klinikum rechts der Isar der TU M\u00fcnchen (Direktor: Prof. Dr. R. Gradinger)<\/li>\n<li>05\/2011 \u2013 10\/2011 Rotation An\u00e4sthesie\/Intensivmedizin, Klinikum rechts der Isar der TU M\u00fcnchen (Direktor: Prof. Dr. Dipl.-Phys. E. Kochs)<\/li>\n<li>11\/2011 \u2013 05\/2013 Assistenzarzt Unfallchirurgie, Klinikum rechts der Isar der TU M\u00fcnchen (Direktor: Prof. Dr. P. Biberthaler)<\/li>\n<li>06\/2013 \u2013 06\/2016 Assistenzarzt Orthop\u00e4die, Klinikum rechts der Isar der TU M\u00fcnchen (Direktor: Prof. Dr. R. v. Eisenhart-Rothe)<\/li>\n<li>06\/2016 Facharztanerkennung Orthop\u00e4die\/Unfallchirurgie\/ Stellvertretender Sektionsleiter Fu\u00df-\/Sprunggelenkchirurgie<\/li>\n<li>02\/2018 Funktionsoberarzt der Klinik f\u00fcr Orthop\u00e4die\/Sportorthop\u00e4die<\/li>\n<li>06\/2018 Hauptoperateur am EndoTUM (Maximalversorgung)<\/li>\n<li>12\/2018 Oberarzt Zentrum f\u00fcr Fu\u00df-\/Sprunggelenkchirurgie Sch\u00f6n Klinik M\u00fcnchen-Harlaching (Chefarzt: Prof. Dr. M. Walther)<\/li>\n<li>03\/2019 Senior-Hauptoperateur Fu\u00dfchirurgie (CLARCert)<\/li>\n<\/ul>\n<\/div><\/div><\/div><\/section>\n<\/div>\n\n","protected":false},"excerpt":{"rendered":"<p>Facharzt f\u00fcr Orthop\u00e4die und Unfallchirurgie.<br \/>\nSpezielle Orthop. Chirurgie &#038; Notfallmedizin<\/p>\n","protected":false},"author":1,"featured_media":1017,"comment_status":"closed","ping_status":"closed","template":"","meta":{"footnotes":""},"tags":[],"portfolio_entries":[3],"class_list":["post-394","portfolio","type-portfolio","status-publish","has-post-thumbnail","hentry","portfolio_entries-arzt"],"yoast_head":"<!-- This site is optimized with the Yoast SEO plugin v27.3 - https:\/\/yoast.com\/product\/yoast-seo-wordpress\/ -->\n<title>Prof. Dr. med. Norbert Harrasser - MVZ M\u00fcnchen<\/title>\n<meta name=\"robots\" content=\"index, follow, max-snippet:-1, max-image-preview:large, max-video-preview:-1\" \/>\n<link rel=\"canonical\" href=\"https:\/\/atos-mvz.de\/muenchen\/arzt\/dr-norbert-harrasser\/\" \/>\n<meta property=\"og:locale\" content=\"de_DE\" \/>\n<meta property=\"og:type\" content=\"article\" \/>\n<meta property=\"og:title\" content=\"Prof. Dr. med. Norbert Harrasser - MVZ M\u00fcnchen\" \/>\n<meta property=\"og:description\" content=\"Facharzt f\u00fcr Orthop\u00e4die und Unfallchirurgie. Spezielle Orthop. Chirurgie &amp; Notfallmedizin\" \/>\n<meta property=\"og:url\" content=\"https:\/\/atos-mvz.de\/muenchen\/arzt\/dr-norbert-harrasser\/\" \/>\n<meta property=\"og:site_name\" content=\"MVZ M\u00fcnchen\" \/>\n<meta property=\"article:modified_time\" content=\"2026-02-05T15:45:20+00:00\" \/>\n<meta property=\"og:image\" content=\"https:\/\/atos-mvz.de\/muenchen\/wp-content\/uploads\/sites\/2\/2021\/02\/harrasser.jpg\" \/>\n\t<meta property=\"og:image:width\" content=\"800\" \/>\n\t<meta property=\"og:image:height\" content=\"550\" \/>\n\t<meta property=\"og:image:type\" content=\"image\/jpeg\" \/>\n<meta name=\"twitter:card\" content=\"summary_large_image\" \/>\n<script type=\"application\/ld+json\" class=\"yoast-schema-graph\">{\"@context\":\"https:\\\/\\\/schema.org\",\"@graph\":[{\"@type\":\"WebPage\",\"@id\":\"https:\\\/\\\/atos-mvz.de\\\/muenchen\\\/arzt\\\/dr-norbert-harrasser\\\/\",\"url\":\"https:\\\/\\\/atos-mvz.de\\\/muenchen\\\/arzt\\\/dr-norbert-harrasser\\\/\",\"name\":\"Prof. Dr. med. Norbert Harrasser - MVZ M\u00fcnchen\",\"isPartOf\":{\"@id\":\"https:\\\/\\\/atos-mvz.de\\\/muenchen\\\/#website\"},\"primaryImageOfPage\":{\"@id\":\"https:\\\/\\\/atos-mvz.de\\\/muenchen\\\/arzt\\\/dr-norbert-harrasser\\\/#primaryimage\"},\"image\":{\"@id\":\"https:\\\/\\\/atos-mvz.de\\\/muenchen\\\/arzt\\\/dr-norbert-harrasser\\\/#primaryimage\"},\"thumbnailUrl\":\"https:\\\/\\\/atos-mvz.de\\\/muenchen\\\/wp-content\\\/uploads\\\/sites\\\/2\\\/2021\\\/02\\\/harrasser.jpg\",\"datePublished\":\"2021-02-01T13:49:23+00:00\",\"dateModified\":\"2026-02-05T15:45:20+00:00\",\"breadcrumb\":{\"@id\":\"https:\\\/\\\/atos-mvz.de\\\/muenchen\\\/arzt\\\/dr-norbert-harrasser\\\/#breadcrumb\"},\"inLanguage\":\"de\",\"potentialAction\":[{\"@type\":\"ReadAction\",\"target\":[\"https:\\\/\\\/atos-mvz.de\\\/muenchen\\\/arzt\\\/dr-norbert-harrasser\\\/\"]}]},{\"@type\":\"ImageObject\",\"inLanguage\":\"de\",\"@id\":\"https:\\\/\\\/atos-mvz.de\\\/muenchen\\\/arzt\\\/dr-norbert-harrasser\\\/#primaryimage\",\"url\":\"https:\\\/\\\/atos-mvz.de\\\/muenchen\\\/wp-content\\\/uploads\\\/sites\\\/2\\\/2021\\\/02\\\/harrasser.jpg\",\"contentUrl\":\"https:\\\/\\\/atos-mvz.de\\\/muenchen\\\/wp-content\\\/uploads\\\/sites\\\/2\\\/2021\\\/02\\\/harrasser.jpg\",\"width\":800,\"height\":550,\"caption\":\"Harrasser\"},{\"@type\":\"BreadcrumbList\",\"@id\":\"https:\\\/\\\/atos-mvz.de\\\/muenchen\\\/arzt\\\/dr-norbert-harrasser\\\/#breadcrumb\",\"itemListElement\":[{\"@type\":\"ListItem\",\"position\":1,\"name\":\"Startseite\",\"item\":\"https:\\\/\\\/atos-mvz.de\\\/muenchen\\\/startseite\\\/\"},{\"@type\":\"ListItem\",\"position\":2,\"name\":\"Prof. Dr. med. Norbert Harrasser\"}]},{\"@type\":\"WebSite\",\"@id\":\"https:\\\/\\\/atos-mvz.de\\\/muenchen\\\/#website\",\"url\":\"https:\\\/\\\/atos-mvz.de\\\/muenchen\\\/\",\"name\":\"MVZ M\u00fcnchen\",\"description\":\"\",\"potentialAction\":[{\"@type\":\"SearchAction\",\"target\":{\"@type\":\"EntryPoint\",\"urlTemplate\":\"https:\\\/\\\/atos-mvz.de\\\/muenchen\\\/?s={search_term_string}\"},\"query-input\":{\"@type\":\"PropertyValueSpecification\",\"valueRequired\":true,\"valueName\":\"search_term_string\"}}],\"inLanguage\":\"de\"}]}<\/script>\n<!-- \/ Yoast SEO plugin. -->","yoast_head_json":{"title":"Prof. Dr. med. Norbert Harrasser - MVZ M\u00fcnchen","robots":{"index":"index","follow":"follow","max-snippet":"max-snippet:-1","max-image-preview":"max-image-preview:large","max-video-preview":"max-video-preview:-1"},"canonical":"https:\/\/atos-mvz.de\/muenchen\/arzt\/dr-norbert-harrasser\/","og_locale":"de_DE","og_type":"article","og_title":"Prof. Dr. med. Norbert Harrasser - MVZ M\u00fcnchen","og_description":"Facharzt f\u00fcr Orthop\u00e4die und Unfallchirurgie. Spezielle Orthop. Chirurgie & Notfallmedizin","og_url":"https:\/\/atos-mvz.de\/muenchen\/arzt\/dr-norbert-harrasser\/","og_site_name":"MVZ M\u00fcnchen","article_modified_time":"2026-02-05T15:45:20+00:00","og_image":[{"width":800,"height":550,"url":"https:\/\/atos-mvz.de\/muenchen\/wp-content\/uploads\/sites\/2\/2021\/02\/harrasser.jpg","type":"image\/jpeg"}],"twitter_card":"summary_large_image","schema":{"@context":"https:\/\/schema.org","@graph":[{"@type":"WebPage","@id":"https:\/\/atos-mvz.de\/muenchen\/arzt\/dr-norbert-harrasser\/","url":"https:\/\/atos-mvz.de\/muenchen\/arzt\/dr-norbert-harrasser\/","name":"Prof. Dr. med. Norbert Harrasser - MVZ M\u00fcnchen","isPartOf":{"@id":"https:\/\/atos-mvz.de\/muenchen\/#website"},"primaryImageOfPage":{"@id":"https:\/\/atos-mvz.de\/muenchen\/arzt\/dr-norbert-harrasser\/#primaryimage"},"image":{"@id":"https:\/\/atos-mvz.de\/muenchen\/arzt\/dr-norbert-harrasser\/#primaryimage"},"thumbnailUrl":"https:\/\/atos-mvz.de\/muenchen\/wp-content\/uploads\/sites\/2\/2021\/02\/harrasser.jpg","datePublished":"2021-02-01T13:49:23+00:00","dateModified":"2026-02-05T15:45:20+00:00","breadcrumb":{"@id":"https:\/\/atos-mvz.de\/muenchen\/arzt\/dr-norbert-harrasser\/#breadcrumb"},"inLanguage":"de","potentialAction":[{"@type":"ReadAction","target":["https:\/\/atos-mvz.de\/muenchen\/arzt\/dr-norbert-harrasser\/"]}]},{"@type":"ImageObject","inLanguage":"de","@id":"https:\/\/atos-mvz.de\/muenchen\/arzt\/dr-norbert-harrasser\/#primaryimage","url":"https:\/\/atos-mvz.de\/muenchen\/wp-content\/uploads\/sites\/2\/2021\/02\/harrasser.jpg","contentUrl":"https:\/\/atos-mvz.de\/muenchen\/wp-content\/uploads\/sites\/2\/2021\/02\/harrasser.jpg","width":800,"height":550,"caption":"Harrasser"},{"@type":"BreadcrumbList","@id":"https:\/\/atos-mvz.de\/muenchen\/arzt\/dr-norbert-harrasser\/#breadcrumb","itemListElement":[{"@type":"ListItem","position":1,"name":"Startseite","item":"https:\/\/atos-mvz.de\/muenchen\/startseite\/"},{"@type":"ListItem","position":2,"name":"Prof. Dr. med. Norbert Harrasser"}]},{"@type":"WebSite","@id":"https:\/\/atos-mvz.de\/muenchen\/#website","url":"https:\/\/atos-mvz.de\/muenchen\/","name":"MVZ M\u00fcnchen","description":"","potentialAction":[{"@type":"SearchAction","target":{"@type":"EntryPoint","urlTemplate":"https:\/\/atos-mvz.de\/muenchen\/?s={search_term_string}"},"query-input":{"@type":"PropertyValueSpecification","valueRequired":true,"valueName":"search_term_string"}}],"inLanguage":"de"}]}},"_links":{"self":[{"href":"https:\/\/atos-mvz.de\/muenchen\/wp-json\/wp\/v2\/portfolio\/394","targetHints":{"allow":["GET"]}}],"collection":[{"href":"https:\/\/atos-mvz.de\/muenchen\/wp-json\/wp\/v2\/portfolio"}],"about":[{"href":"https:\/\/atos-mvz.de\/muenchen\/wp-json\/wp\/v2\/types\/portfolio"}],"author":[{"embeddable":true,"href":"https:\/\/atos-mvz.de\/muenchen\/wp-json\/wp\/v2\/users\/1"}],"replies":[{"embeddable":true,"href":"https:\/\/atos-mvz.de\/muenchen\/wp-json\/wp\/v2\/comments?post=394"}],"version-history":[{"count":14,"href":"https:\/\/atos-mvz.de\/muenchen\/wp-json\/wp\/v2\/portfolio\/394\/revisions"}],"predecessor-version":[{"id":670,"href":"https:\/\/atos-mvz.de\/muenchen\/wp-json\/wp\/v2\/portfolio\/394\/revisions\/670"}],"wp:featuredmedia":[{"embeddable":true,"href":"https:\/\/atos-mvz.de\/muenchen\/wp-json\/wp\/v2\/media\/1017"}],"wp:attachment":[{"href":"https:\/\/atos-mvz.de\/muenchen\/wp-json\/wp\/v2\/media?parent=394"}],"wp:term":[{"taxonomy":"post_tag","embeddable":true,"href":"https:\/\/atos-mvz.de\/muenchen\/wp-json\/wp\/v2\/tags?post=394"},{"taxonomy":"portfolio_entries","embeddable":true,"href":"https:\/\/atos-mvz.de\/muenchen\/wp-json\/wp\/v2\/portfolio_entries?post=394"}],"curies":[{"name":"wp","href":"https:\/\/api.w.org\/{rel}","templated":true}]}}