{"id":391,"date":"2021-02-01T14:48:49","date_gmt":"2021-02-01T13:48:49","guid":{"rendered":"https:\/\/atos-mvz.de\/muenchen\/?post_type=portfolio&#038;p=391"},"modified":"2024-03-22T14:17:07","modified_gmt":"2024-03-22T13:17:07","slug":"dr-peter-brucker","status":"publish","type":"portfolio","link":"https:\/\/atos-mvz.de\/muenchen\/arzt\/dr-peter-brucker\/","title":{"rendered":"PD Dr. med. Peter Brucker"},"content":{"rendered":"\n<style type=\"text\/css\" data-created_by=\"avia_inline_auto\" id=\"style-css-av-kkfaterk-f433a501ee2e9ebb12c5b0d55feebbdd\">\n.avia-section.av-kkfaterk-f433a501ee2e9ebb12c5b0d55feebbdd{\nbackground-repeat:no-repeat;\nbackground-image:url(https:\/\/atos-mvz.de\/muenchen\/wp-content\/uploads\/sites\/2\/2021\/01\/muenchen.jpg);\nbackground-position:50% 50%;\nbackground-attachment:scroll;\n}\n.avia-section.av-kkfaterk-f433a501ee2e9ebb12c5b0d55feebbdd .av-extra-border-element .av-extra-border-inner{\nbackground-color:#ffffff;\n}\n<\/style>\n<div id='header-img'  class='avia-section av-kkfaterk-f433a501ee2e9ebb12c5b0d55feebbdd main_color avia-section-huge avia-no-border-styling  avia-builder-el-0  el_before_av_section  avia-builder-el-first  largeimg avia-full-stretch avia-bg-style-scroll container_wrap fullsize'  data-section-bg-repeat='stretch'><div class='container av-section-cont-open' ><main  role=\"main\" itemprop=\"mainContentOfPage\"  class='template-page content  av-content-full alpha units'><div class='post-entry post-entry-type-page post-entry-391'><div class='entry-content-wrapper clearfix'>\n<\/div><\/div><\/main><!-- close content main element --><\/div><div class='av-extra-border-element border-extra-diagonal border-extra-diagonal-inverse '><div class='av-extra-border-outer'><div class='av-extra-border-inner'><\/div><\/div><\/div><\/div>\n<style type=\"text\/css\" data-created_by=\"avia_inline_auto\" id=\"style-css-av-16773-35c90dcde9845698d92e3125ce9f2ce7\">\n.avia-section.av-16773-35c90dcde9845698d92e3125ce9f2ce7 .av-extra-border-element .av-extra-border-inner{\nbackground-color:#f1f0f5;\n}\n<\/style>\n<div id='first-section'  class='avia-section av-16773-35c90dcde9845698d92e3125ce9f2ce7 main_color avia-section-large avia-no-border-styling  avia-builder-el-1  el_after_av_section  el_before_av_section  avia-bg-style-scroll container_wrap fullsize'  ><div class='container av-section-cont-open' ><div class='template-page content  av-content-full alpha units'><div class='post-entry post-entry-type-page post-entry-391'><div class='entry-content-wrapper clearfix'>\n\n<style type=\"text\/css\" data-created_by=\"avia_inline_auto\" id=\"style-css-av-1czbz-cdf48f5ac3840c1ed2e4bd834afb9bbc\">\n.flex_column.av-1czbz-cdf48f5ac3840c1ed2e4bd834afb9bbc{\nborder-radius:0px 0px 0px 0px;\npadding:0px 0px 0px 0px;\n}\n<\/style>\n<div  class='flex_column av-1czbz-cdf48f5ac3840c1ed2e4bd834afb9bbc av_one_half  avia-builder-el-2  el_before_av_one_half  avia-builder-el-first  first flex_column_div av-zero-column-padding  '     ><section  class='av_textblock_section av-kkfavlr5-b9e1d62097ba07f406d76d24a226c675 '   itemscope=\"itemscope\" itemtype=\"https:\/\/schema.org\/CreativeWork\" ><div class='avia_textblock'  itemprop=\"text\" ><h1 class=\"av-special-heading-tag \"><strong>PD Dr. med. Peter Brucker<\/strong><\/h1>\n<\/div><\/section><br \/>\n<section  class='av_textblock_section av-kkfaxdi8-b0284c56d44f53ec244f6939d1d76348 '   itemscope=\"itemscope\" itemtype=\"https:\/\/schema.org\/CreativeWork\" ><div class='avia_textblock'  itemprop=\"text\" ><h3><strong>\u00c4rztlicher Leiter. Facharzt f\u00fcr Orthop\u00e4die und Unfallchirurgie. Zusatzbezeichnung Sportmedizin<\/strong><\/h3>\n<p>Priv.-Doz. Dr. med. Peter Brucker geh\u00f6rt auf dem Gebiet der minimal-invasiven, regenerativen und rekonstruktiven Knie-Chirurgie, der Muskel-\/ Sehnen-Chirurgie an der unteren Extremit\u00e4t sowie der orthop\u00e4dischen Sportmedizin zu den national und international renommierten Knie- und Sportorthop\u00e4die-Spezialisten.<\/p>\n<\/div><\/section><br \/>\n<div  class='avia-button-wrap av-kkfav7aq-7db11b243a0b00ee06b1ef2f1f540284-wrap avia-button-left  avia-builder-el-5  el_after_av_textblock  avia-builder-el-last '><a href='https:\/\/www.doctolib.de\/medizinisches-versorgungszentrum-mvz\/muenchen\/mvz-atos-muenchen'  class='avia-button av-kkfav7aq-7db11b243a0b00ee06b1ef2f1f540284 av-link-btn avia-icon_select-yes-right-icon avia-size-small avia-position-left avia-color-theme-color'  target=\"_blank\"  rel=\"noopener noreferrer\"  aria-label=\"Termin vereinbaren\"><span class='avia_iconbox_title' >Termin vereinbaren<\/span><span class='avia_button_icon avia_button_icon_right avia-iconfont avia-font-entypo-fontello' data-av_icon='\ue85b' data-av_iconfont='entypo-fontello' ><\/span><\/a><\/div><\/p><\/div>\n<style type=\"text\/css\" data-created_by=\"avia_inline_auto\" id=\"style-css-av-115y3-3aa006fb81f7378e4fc8f0dae4a7cd17\">\n@keyframes av_boxShadowEffect_av-115y3-3aa006fb81f7378e4fc8f0dae4a7cd17-column {\n0%   { box-shadow:  0 0 0 0 #e0e0e0; opacity: 1; }\n100% { box-shadow:  0 0 30px 0 #e0e0e0; opacity: 1; }\n}\n.flex_column.av-115y3-3aa006fb81f7378e4fc8f0dae4a7cd17{\nbox-shadow: 0 0 30px 0 #e0e0e0;\nborder-radius:20px 20px 20px 20px;\npadding:50px 50px 50px 50px;\n}\n<\/style>\n<div  class='flex_column av-115y3-3aa006fb81f7378e4fc8f0dae4a7cd17 av_one_half  avia-builder-el-6  el_after_av_one_half  el_before_av_hr  flex_column_div shadow-not-animated  '     ><style type=\"text\/css\" data-created_by=\"avia_inline_auto\" id=\"style-css-av-kkfba3sr-e90b6af549920d9b63b03bab7c0a0af6\">\n.avia-image-container.av-kkfba3sr-e90b6af549920d9b63b03bab7c0a0af6 img.avia_image{\nbox-shadow:none;\n}\n.avia-image-container.av-kkfba3sr-e90b6af549920d9b63b03bab7c0a0af6 .av-image-caption-overlay-center{\ncolor:#ffffff;\n}\n<\/style>\n<div  class='avia-image-container av-kkfba3sr-e90b6af549920d9b63b03bab7c0a0af6 av-styling-no-styling avia-align-  avia-builder-el-7  avia-builder-el-no-sibling '   itemprop=\"image\" itemscope=\"itemscope\" itemtype=\"https:\/\/schema.org\/ImageObject\" ><div class=\"avia-image-container-inner\"><div class=\"avia-image-overlay-wrap\"><img decoding=\"async\" fetchpriority=\"high\" class='wp-image-138 avia-img-lazy-loading-not-138 avia_image ' src=\"https:\/\/atos-mvz.de\/muenchen\/wp-content\/uploads\/sites\/2\/2021\/01\/brucker.jpg\" alt='' title=''  height=\"550\" width=\"800\"  itemprop=\"thumbnailUrl\" srcset=\"https:\/\/atos-mvz.de\/muenchen\/wp-content\/uploads\/sites\/2\/2021\/01\/brucker.jpg 800w, https:\/\/atos-mvz.de\/muenchen\/wp-content\/uploads\/sites\/2\/2021\/01\/brucker-300x206.jpg 300w, https:\/\/atos-mvz.de\/muenchen\/wp-content\/uploads\/sites\/2\/2021\/01\/brucker-768x528.jpg 768w, https:\/\/atos-mvz.de\/muenchen\/wp-content\/uploads\/sites\/2\/2021\/01\/brucker-705x485.jpg 705w\" sizes=\"(max-width: 800px) 100vw, 800px\" \/><\/div><\/div><\/div><\/div>\n<style type=\"text\/css\" data-created_by=\"avia_inline_auto\" id=\"style-css-av-kkfative-987a6f7db079caafb24516884c6a1da4\">\n#top .hr.hr-invisible.av-kkfative-987a6f7db079caafb24516884c6a1da4{\nheight:200px;\n}\n<\/style>\n<div  class='hr av-kkfative-987a6f7db079caafb24516884c6a1da4 hr-invisible  avia-builder-el-8  el_after_av_one_half  avia-builder-el-last '><span class='hr-inner '><span class=\"hr-inner-style\"><\/span><\/span><\/div>\n<\/div><\/div><\/div><!-- close content main div --><\/div><div class='av-extra-border-element border-extra-diagonal border-extra-diagonal-inverse '><div class='av-extra-border-outer'><div class='av-extra-border-inner'><\/div><\/div><\/div><\/div><div id='second-section'  class='avia-section av-kkfbaki1-b5d056bcb0de83f4a84ea38b74b01d41 alternate_color avia-section-large avia-no-border-styling  avia-builder-el-9  el_after_av_section  avia-builder-el-last  avia-bg-style-scroll container_wrap fullsize'  ><div class='container av-section-cont-open' ><div class='template-page content  av-content-full alpha units'><div class='post-entry post-entry-type-page post-entry-391'><div class='entry-content-wrapper clearfix'>\n\n<style type=\"text\/css\" data-created_by=\"avia_inline_auto\" id=\"style-css-av-kkfbfgby-72b73a8bc6ce1a7cc813b659484aeed1\">\n#top .togglecontainer.av-kkfbfgby-72b73a8bc6ce1a7cc813b659484aeed1 p.toggler{\nbackground-color:#ffffff;\n}\n#top .togglecontainer.av-kkfbfgby-72b73a8bc6ce1a7cc813b659484aeed1 .toggle_wrap .toggle_content{\nbackground-color:#ffffff;\n}\n<\/style>\n<div  class='togglecontainer av-kkfbfgby-72b73a8bc6ce1a7cc813b659484aeed1 av-minimal-toggle  avia-builder-el-10  avia-builder-el-no-sibling  toggle_close_all' >\n<section class='av_toggle_section av-7tq2j-1ce268da6a9abb640960885565419f40'  itemscope=\"itemscope\" itemtype=\"https:\/\/schema.org\/CreativeWork\" ><div role=\"tablist\" class=\"single_toggle\" data-tags=\"{Alle} \"  ><p id='toggle-toggle-id-1' data-fake-id='#toggle-id-1' class='toggler  activeTitle av-title-above '  itemprop=\"headline\"  role='tab' tabindex='0' aria-controls='toggle-id-1' data-slide-speed=\"200\" data-title=\"Dr. Peter Brucker\" data-title-open=\"\" data-aria_collapsed=\"Click to expand: Dr. Peter Brucker\" data-aria_expanded=\"Click to collapse: Dr. Peter Brucker\">Dr. Peter Brucker<span class=\"toggle_icon\"><span class=\"vert_icon\"><\/span><span class=\"hor_icon\"><\/span><\/span><\/p><div id='toggle-id-1' aria-labelledby='toggle-toggle-id-1' role='region' class='toggle_wrap  active_tc av-title-above' style='display:block;' ><div class='toggle_content invers-color '  itemprop=\"text\" ><ul>\n<li>Offizieller leitender Mannschaftsarzt der Deutschen Ski-Nationalmannschaft Alpin (DSV) und Olympiaarzt des Deutschen Olympischen Sportbundes<\/li>\n<li>Dipl.-Sportlehrer, Staatl. gepr. Skilehrer (DSLV) und Ausbilder des Deutschen Skiverbandes (DSV-Landesausbilder)<\/li>\n<li>Lehrt\u00e4tigkeit als Privatdozent an der Medizinischen Fakult\u00e4t der Technischen Universit\u00e4t M\u00fcnchen (TUM) und Wissenschaftlicher Mitarbeiter am Institut f\u00fcr Biomechanik im Sport an der Fakult\u00e4t f\u00fcr Sport- und Gesundheitswissenschaften der Technischen Universit\u00e4t M\u00fcnchen (TUM)<\/li>\n<li><strong>AGA-Instruktor<\/strong> (Zertifizierter Ausbilder \/ Instruktor f\u00fcr Arthroskopie der <a href=\"http:\/\/www.aga-online.ch\/ausbildung\/instruktoren\/aga-instruktor-werden\/\" target=\"_blank\" rel=\"noopener\">Gesellschaft f\u00fcr Arthroskopie und Gelenkchirurgie<\/a><\/li>\n<\/ul>\n<p>Priv.-Doz. Dr. med. Peter Brucker ist einer der wenigen operativ t\u00e4tigen Knie-Experten, der auch als Mannschaftsarzt nicht nur unmittelbar Profi-, Leistungs- und Nachwuchssportler im Wettkampf und Training betreut (Ski alpin, Fu\u00dfball, weitere olympische Sportarten), sondern die Sportler auch wissenschaftlich begleitet, untersucht und ber\u00e4t. Der Schwerpunkt der wissenschaftlichen Untersuchungen liegt hierbei im Bereich der Pr\u00e4vention und Rehabilitation (Back-to-Sports) von operativ behandelten Sportverletzungen und Sportsch\u00e4den des Kniegelenkes (insbesondere vorderes Kreuzband sowie Knorpel) und Muskel-Sehnen-Verletzungen im Profi- und Leistungs-, aber auch im Amateur- und Breitensport. Ein weiterer wissenschaftlicher Schwerpunkt ist die Entwicklung von pr\u00e4ventiv wirksamen Knie-Orthesen (sog. \u201ePr\u00e4venthese\u201c) im Leistungssport.<\/p>\n<p>Seit vielen Jahren ist Priv.-Doz. Dr. med. Peter Brucker mit mittlerweile mehr als 400 Vortr\u00e4gen international und national regelm\u00e4\u00dfig als Experte, Referent, Moderator, Instruktor und Live-Operateur eingeladen. Seit 2016 ist er in der <strong>FOCUS \u00c4rzteliste<\/strong> im Bereich \u201eSportorthop\u00e4die\u201c gelistet.<\/p>\n<\/div><\/div><\/div><\/section>\n<section class='av_toggle_section av-1yarr-d89698eac4700d633310bd6aff811e1d'  itemscope=\"itemscope\" itemtype=\"https:\/\/schema.org\/CreativeWork\" ><div role=\"tablist\" class=\"single_toggle\" data-tags=\"{Alle} \"  ><p id='toggle-toggle-id-2' data-fake-id='#toggle-id-2' class='toggler  av-title-above '  itemprop=\"headline\"  role='tab' tabindex='0' aria-controls='toggle-id-2' data-slide-speed=\"200\" data-title=\"Leistungsspektrum\" data-title-open=\"\" data-aria_collapsed=\"Click to expand: Leistungsspektrum\" data-aria_expanded=\"Click to collapse: Leistungsspektrum\">Leistungsspektrum<span class=\"toggle_icon\"><span class=\"vert_icon\"><\/span><span class=\"hor_icon\"><\/span><\/span><\/p><div id='toggle-id-2' aria-labelledby='toggle-toggle-id-2' role='region' class='toggle_wrap  av-title-above'  ><div class='toggle_content invers-color '  itemprop=\"text\" ><p><strong>Konservative und operative Therapie von Verletzungen und Sch\u00e4den:<\/strong><\/p>\n<ol>\n<li>Kniegelenk<\/li>\n<li>Muskel-\/Sehnenverletzungen bzw. \u00dcberlastungen (insbes. am Oberschenkel \/ untere Extremit\u00e4t)<\/li>\n<li>Gesamtes Spektrum der orthop\u00e4dischen Sportmedizin (Bewegungsapparat) (Sportverletzungen\/Sportsch\u00e4den)<\/li>\n<\/ol>\n<p><strong>Operatives Spektrum<\/strong><\/p>\n<ol>\n<li>Kniegelenk:\n<ul>\n<li>Akute oder chronische vordere bzw. hintere Kreuzband-Verletzungen \/-Instabilit\u00e4ten durch Erhalt\/Refixation des eigenen Kreuzbandes (ohne k\u00f6rpereigenes Transplantat, sog. Internal Bracing) oder Ersatz des Kreuzbandes unter Ber\u00fccksichtigung des individuell geeigneten Kreuzband-Transplantates mittels k\u00f6rpereigener Sehne (Semitendinosus-\/(Gracilis)-, Quadrizeps- oder Patellasehne), alternativ auch mittels gereinigten, sog. Allograft-Sehnen von Spendern<\/li>\n<li>Chronische bzw. erneute vordere bzw. hintere Kreuzband-Instabilit\u00e4ten nach fehlgeschlagener prim\u00e4rer Kreuzband-Refixation\/Rekonstruktion oder erneutem Trauma mit Revisionsoperation (erneute Kreuzband-Rekonstruktion) unter Verwendung von alternativen, noch verf\u00fcgbaren k\u00f6rpereigenen oder k\u00f6rperfremden Sehnen-Transplantate, ggfs. in Kombination mit notwendiger vorheriger kn\u00f6cherner Auff\u00fcllung der vorbestehenden Bohrkan\u00e4le sowie Begleit-Stabilisationsoperationen (z.B. Ersatz oder Verst\u00e4rkung peripherer B\u00e4nder, z.B. anterolaterales Band)<\/li>\n<li>Akute und chronische Knorpel-Verletzungen bzw. Knorpel-Sch\u00e4den sowie Knorpel-Knochen-Sch\u00e4den und (Knorpel-)Knochen-Nekrose mit derzeit s\u00e4mtlich verf\u00fcgbaren Techniken der Knorpel-\/(Knochen)-Regeneration und -Rekonstruktion<\/li>\n<li>Knorpel-Zellz\u00fcchtung (MACT mit Membran oder in injizierbarer Form), AMIC mit zellfreier Membran, \u201eMinced Cartilage\u201c mit k\u00f6rpereigenem Knorpel, Mikro- bzw. Nanofrakturierung; k\u00f6rpereigene Knorpel-Knochen-Transplantation (sog. OATS, Mega-OATS oder \u201eSandwich-Technik\u201c); Knochen-Rekonstruktion durch k\u00f6rpereigene Knochen-Transplantation oder k\u00f6rperfremden Knochen-Ersatz (gereinigter, zellfreier und somit vom eigenen Immunsystem akzeptierter Allograft-Knochen von Spendern)<\/li>\n<li>Akute und chronische Meniskus-Risse \/-Degenerationen inklusive spezieller komplexer Meniskus-Wurzel- bzw. -Rampen-Verletzungen mit Schwerpunkt auf Meniskus-Erhalt durch Naht oder Refixation des Meniskus, alternativ Meniskus-Rekonstruktion durch k\u00fcnstliche Meniskus-Transplantate), ggfs. in Kombination mit unterst\u00fctzenden Techniken zur Verbesserung der Meniskusheilung (sog. \u201eintraoperative biologische Augmentation\u201c)<\/li>\n<li>Isolierte und komplexe Kniescheiben-Instabilit\u00e4ten durch Kniescheiben-Stabilisierung (sog. MPFL-Rekonstruktion (Ersatz des innenseitigen Kniescheiben-Bandes)), ggfs. isoliert oder in Kombination mit Kniescheiben-Versetzung, Verl\u00e4ngerung des au\u00dfenseitigen Kniescheiben-Bandes, kn\u00f6chernen Korrektur-Eingriffen (sog. Torsions- oder Dreh-Osteotomien) und\/oder Modellierung\/Vertiefung des Kniescheiben-Gleitlagers (sog. Trochleaplastik)<\/li>\n<li>Akute oder chronische Seitenband-Verletzungen \/-Instabilit\u00e4ten bzw. Kapsel-Verletzungen durch Erhalt\/Refixation oder Ersatz des Innen-\/ Au\u00dfenbandes bzw. weiterer sog. peripherer B\u00e4nder und Kapsel-Rekonstruktionen<\/li>\n<li>Komplexe Kniegelenk-Verletzungen \/-Instabilit\u00e4ten sowie -Auskugelungen (Luxationen) und kniegelenksnahe Knochenbr\u00fcche (Frakturen) mit sog. Multiligament-Rekonstruktionen bzw. kn\u00f6cherner Stabilisation (sog. Osteosynthese)<\/li>\n<li>Prim\u00e4re bzw. sekund\u00e4re Bewegungseinschr\u00e4nkungen des Kniegelenkes, z.B. nach Trauma, bei Arthrose\/Degeneration oder postoperativ durch arthroskopische Gelenkl\u00f6sung und -mobilisation (sog. Arthrolyse)<\/li>\n<li>Beginnende und fortgeschrittene Kniegelenksarthrose durch gelenkerhaltende Umstellungsoperationen (sog. Umstellungsosteotomie), Mini- oder Teilprothesen, z.B. Trochlea-Prothese)<\/li>\n<li>Erkrankungen der Gelenkschleimhaut durch lokalisierte oder generalisierte Entfernung der Gelenkschleimhaut (sog. Synovektomie)<\/li>\n<\/ul>\n<\/li>\n<li>Muskel-\/Sehnen-Risse \/-Verletzungen \/-\u00dcberlastungen insbes. am Oberschenkel (Becken-, Knie-Region):\n<ul>\n<li>Muskelverletzungen am Oberschenkel (Vorder- und R\u00fcckseite) bzw. gesamte untere Extremit\u00e4t<\/li>\n<li>Muskel-\/Sehnenverletzungen am Kniegelenk (Streckapparat, insbes. Patella- und Quadrizepssehne) durch Sehnen-Rekonstruktion \/-Refixation<\/li>\n<li>Muskel-\/Sehnenverletzungen am Becken, insbes. hintere Oberschenkel-Muskulatur (sog. Hamstrings) am Sitzbein, vordere Oberschenkel-Muskulatur (Quadrizeps, M. rectus femoris) und Adduktoren-Muskulatur (M. adductor longus) durch Sehnen-Rekonstruktion \/-Refixation<\/li>\n<li>Sehnen-\u00dcberlastungen (sog. Tendinopathien) insbes. am Streckapparat (Patella-Quadrizepssehne durch Entfernung von betroffenem Sehnenanteile (sog. Sehnen-Debridement)<\/li>\n<\/ul>\n<\/li>\n<\/ol>\n<p><strong>Konservatives Spektrum<\/strong><\/p>\n<p>In der konservativen Therapie werden neben der begleitenden Physiotherapie, physikalischen Therapie und medizinischen Trainingstherapie auch additive Verfahren wie Injektionen von k\u00f6rpereigenem aktivierten Blutplasma (PRP), Hyalurons\u00e4ure, etc. sowie Sto\u00dfwellen-Therapie bei geeigneter Indikation eingesetzt, um das biologische Heilungspotenzial zu verbessern. Zur Therapieoptimierung wird ein interdisziplin\u00e4res Netzwerk von Komplement\u00e4rmedizinern, Sporttherapeuten, Osteopathen, Chirotherapeuten, Kinesiologen und Strahlentherapeuten genutzt.<\/p>\n<p>Ein weiterer Schwerpunkt im Rahmen der konservativen wie operativen Therapie ist die Implementierung von sog. R\u00fcckkehr-zum-Sport-Testungen (\u201eBack-to-Sports-Test\u201c) zur Vermeidung bzw. Reduktion von erneuten Verletzungen (Zweitverletzungen, Rezidiv-Verletzung). Hierbei wird spezifisch die Funktion der betroffenen Struktur (lokal), aber auch der jeweiligen Extremit\u00e4t (regional) und der Bewegungsapparat (gesamt) w\u00e4hrend statischen und dynamischen Belastungen unter Videokontrolle analysiert und ein Risikoprofil f\u00fcr eine erneute Verletzung erstellt, welches durch ein individuell erstelltes, gezieltes Trainingsprogramm positiv beeinflusst werden kann.<\/p>\n<\/div><\/div><\/div><\/section>\n<section class='av_toggle_section av-1bixv-ad6300ac37bb4621f94d21790a710971'  itemscope=\"itemscope\" itemtype=\"https:\/\/schema.org\/CreativeWork\" ><div role=\"tablist\" class=\"single_toggle\" data-tags=\"{Alle} \"  ><p id='toggle-toggle-id-3' data-fake-id='#toggle-id-3' class='toggler  av-title-above '  itemprop=\"headline\"  role='tab' tabindex='0' aria-controls='toggle-id-3' data-slide-speed=\"200\" data-title=\"Ausbildung\" data-title-open=\"\" data-aria_collapsed=\"Click to expand: Ausbildung\" data-aria_expanded=\"Click to collapse: Ausbildung\">Ausbildung<span class=\"toggle_icon\"><span class=\"vert_icon\"><\/span><span class=\"hor_icon\"><\/span><\/span><\/p><div id='toggle-id-3' aria-labelledby='toggle-toggle-id-3' role='region' class='toggle_wrap  av-title-above'  ><div class='toggle_content invers-color '  itemprop=\"text\" ><ul>\n<li>1989 \u2013 2002 Studium der Sportwissenschaften an der Deutschen Sporthochschule K\u00f6ln<\/li>\n<li>1992 \u2013 1998 Studium der Humanmedizin an der Universit\u00e4t zu K\u00f6ln, u.a. Studienaufenthalte in den USA (Harvard Medical School, Boston, MA) und in der Schweiz (Z\u00fcrich, Luzern)<\/li>\n<li>Au\u00dferuniversit\u00e4re Ausbildung: 1998 \u2013 2000 Staatlich gepr\u00fcfter Skilehrer<\/li>\n<\/ul>\n<\/div><\/div><\/div><\/section>\n<section class='av_toggle_section av-bea5n-fda2d06567ee1774f2d21d0f49a3b38a'  itemscope=\"itemscope\" itemtype=\"https:\/\/schema.org\/CreativeWork\" ><div role=\"tablist\" class=\"single_toggle\" data-tags=\"{Alle} \"  ><p id='toggle-toggle-id-4' data-fake-id='#toggle-id-4' class='toggler  av-title-above '  itemprop=\"headline\"  role='tab' tabindex='0' aria-controls='toggle-id-4' data-slide-speed=\"200\" data-title=\"Klinischer Werdegang\" data-title-open=\"\" data-aria_collapsed=\"Click to expand: Klinischer Werdegang\" data-aria_expanded=\"Click to collapse: Klinischer Werdegang\">Klinischer Werdegang<span class=\"toggle_icon\"><span class=\"vert_icon\"><\/span><span class=\"hor_icon\"><\/span><\/span><\/p><div id='toggle-id-4' aria-labelledby='toggle-toggle-id-4' role='region' class='toggle_wrap  av-title-above'  ><div class='toggle_content invers-color '  itemprop=\"text\" ><ul>\n<li>1999 \u2013 2000 Facharztausbildung in der Abteilung und Poliklinik f\u00fcr Sportorthop\u00e4die der Technischen Universit\u00e4t M\u00fcnchen (TUM), Klinikum Rechts der Isar (Prof. Imhoff)<\/li>\n<li>2000 \u2013 2003 Facharztausbildung in der Berufsgenossenschaftliche Unfallklinik (BGU) Murnau (Prof. B\u00fchren)<\/li>\n<li>2003 \u2013 2004 Forschungsstipendium (Post-Doctoral Research Fellowship Cartilage Restoration Laboratory \/ Ferguson Laboratory of Orthopaedic Research, Department of Orthopaedic Surgery, Division of Sports Medicine, University of Pittsburgh School of Medicine, Pittsburgh, Pennsylvania \/ USA (Prof. Fu)<\/li>\n<li>2005 \u2013 2007 Facharztausbildung in der Orthop\u00e4dischen Uniklinik Balgrist, Universit\u00e4t Z\u00fcrich \/ CH (Prof. Gerber)<\/li>\n<li>2007 \u2013 2015 Facharzt \/ Oberarzt-T\u00e4tigkeit in der Abteilung und Poliklinik f\u00fcr Sportorthop\u00e4die der Technischen Universit\u00e4t M\u00fcnchen (TUM), Klinikum Rechts der Isar (Prof. Imhoff) u.a. Leitung der Lehre und Pr\u00fcfer im Auftrag der Regierung von Oberbayern f\u00fcr das Medizinische Staatsexamen (2. Abschnitt der \u00c4rztlichen Pr\u00fcfung), Transplantations- und Knorpelbeauftragter sowie Leiter des Knie-Teams<\/li>\n<li>2015 \u2013 2016 Chefarzt Orthop\u00e4dische und Chirurgische Abteilung, Starmed Klinik GmbH (Internationale Klinik f\u00fcr Knie- und Schulterchirurgie), M\u00fcnchen<\/li>\n<li>2016 \u2013 2019 Mitbeteiligung an MVZ Alte B\u00f6rse, OrthoPlus M\u00fcnchen<\/li>\n<li>2017 \u2013 2019 Chefarzt Orthop\u00e4dische Hauptabteilung, ATOS Starmed Klinik GmbH (Internationale Klinik f\u00fcr Knie- und Schulterchirurgie), M\u00fcnchen<\/li>\n<li>seit 2018 Privat\u00e4rztliche Praxengemeinschaft (Einzelpraxis), Orthop\u00e4die Ottostra\u00dfe 11, M\u00fcnchen<\/li>\n<li>seit 2020 Kooperationsarzt Orthop\u00e4dische Hauptabteilung, ATOS Klinik M\u00fcnchen GmbH &amp; Co. KG (Orthop\u00e4dische Spezialklinik), M\u00fcnchen<\/li>\n<li>seit 2020 \u00c4rztlicher Leiter MVZ ATOS Klinik M\u00fcnchen GmbH, M\u00fcnchen<\/li>\n<\/ul>\n<\/div><\/div><\/div><\/section>\n<\/div>\n<\/p>\n","protected":false},"excerpt":{"rendered":"<p>Facharzt f\u00fcr Orthop\u00e4die und Unfallchirurgie, Sportmedizin<\/p>\n","protected":false},"author":1,"featured_media":149,"comment_status":"closed","ping_status":"closed","template":"","meta":{"footnotes":""},"tags":[],"portfolio_entries":[3],"class_list":["post-391","portfolio","type-portfolio","status-publish","has-post-thumbnail","hentry","portfolio_entries-arzt"],"yoast_head":"<!-- This site is optimized with the Yoast SEO plugin v27.3 - https:\/\/yoast.com\/product\/yoast-seo-wordpress\/ -->\n<title>PD Dr. med. Peter Brucker - MVZ M\u00fcnchen<\/title>\n<meta name=\"robots\" content=\"index, follow, max-snippet:-1, max-image-preview:large, max-video-preview:-1\" \/>\n<link rel=\"canonical\" href=\"https:\/\/atos-mvz.de\/muenchen\/arzt\/dr-peter-brucker\/\" \/>\n<meta property=\"og:locale\" content=\"de_DE\" \/>\n<meta property=\"og:type\" content=\"article\" \/>\n<meta property=\"og:title\" content=\"PD Dr. med. Peter Brucker - MVZ M\u00fcnchen\" \/>\n<meta property=\"og:description\" content=\"Facharzt f\u00fcr Orthop\u00e4die und Unfallchirurgie, Sportmedizin\" \/>\n<meta property=\"og:url\" content=\"https:\/\/atos-mvz.de\/muenchen\/arzt\/dr-peter-brucker\/\" \/>\n<meta property=\"og:site_name\" content=\"MVZ M\u00fcnchen\" \/>\n<meta property=\"article:modified_time\" content=\"2024-03-22T13:17:07+00:00\" \/>\n<meta property=\"og:image\" content=\"https:\/\/atos-mvz.de\/muenchen\/wp-content\/uploads\/sites\/2\/2021\/01\/brucker_550x550.jpg\" \/>\n\t<meta property=\"og:image:width\" content=\"550\" \/>\n\t<meta property=\"og:image:height\" content=\"550\" \/>\n\t<meta property=\"og:image:type\" content=\"image\/jpeg\" \/>\n<meta name=\"twitter:card\" content=\"summary_large_image\" \/>\n<script type=\"application\/ld+json\" class=\"yoast-schema-graph\">{\"@context\":\"https:\\\/\\\/schema.org\",\"@graph\":[{\"@type\":\"WebPage\",\"@id\":\"https:\\\/\\\/atos-mvz.de\\\/muenchen\\\/arzt\\\/dr-peter-brucker\\\/\",\"url\":\"https:\\\/\\\/atos-mvz.de\\\/muenchen\\\/arzt\\\/dr-peter-brucker\\\/\",\"name\":\"PD Dr. med. Peter Brucker - MVZ M\u00fcnchen\",\"isPartOf\":{\"@id\":\"https:\\\/\\\/atos-mvz.de\\\/muenchen\\\/#website\"},\"primaryImageOfPage\":{\"@id\":\"https:\\\/\\\/atos-mvz.de\\\/muenchen\\\/arzt\\\/dr-peter-brucker\\\/#primaryimage\"},\"image\":{\"@id\":\"https:\\\/\\\/atos-mvz.de\\\/muenchen\\\/arzt\\\/dr-peter-brucker\\\/#primaryimage\"},\"thumbnailUrl\":\"https:\\\/\\\/atos-mvz.de\\\/muenchen\\\/wp-content\\\/uploads\\\/sites\\\/2\\\/2021\\\/01\\\/brucker_550x550.jpg\",\"datePublished\":\"2021-02-01T13:48:49+00:00\",\"dateModified\":\"2024-03-22T13:17:07+00:00\",\"breadcrumb\":{\"@id\":\"https:\\\/\\\/atos-mvz.de\\\/muenchen\\\/arzt\\\/dr-peter-brucker\\\/#breadcrumb\"},\"inLanguage\":\"de\",\"potentialAction\":[{\"@type\":\"ReadAction\",\"target\":[\"https:\\\/\\\/atos-mvz.de\\\/muenchen\\\/arzt\\\/dr-peter-brucker\\\/\"]}]},{\"@type\":\"ImageObject\",\"inLanguage\":\"de\",\"@id\":\"https:\\\/\\\/atos-mvz.de\\\/muenchen\\\/arzt\\\/dr-peter-brucker\\\/#primaryimage\",\"url\":\"https:\\\/\\\/atos-mvz.de\\\/muenchen\\\/wp-content\\\/uploads\\\/sites\\\/2\\\/2021\\\/01\\\/brucker_550x550.jpg\",\"contentUrl\":\"https:\\\/\\\/atos-mvz.de\\\/muenchen\\\/wp-content\\\/uploads\\\/sites\\\/2\\\/2021\\\/01\\\/brucker_550x550.jpg\",\"width\":550,\"height\":550},{\"@type\":\"BreadcrumbList\",\"@id\":\"https:\\\/\\\/atos-mvz.de\\\/muenchen\\\/arzt\\\/dr-peter-brucker\\\/#breadcrumb\",\"itemListElement\":[{\"@type\":\"ListItem\",\"position\":1,\"name\":\"Startseite\",\"item\":\"https:\\\/\\\/atos-mvz.de\\\/muenchen\\\/startseite\\\/\"},{\"@type\":\"ListItem\",\"position\":2,\"name\":\"PD Dr. med. Peter Brucker\"}]},{\"@type\":\"WebSite\",\"@id\":\"https:\\\/\\\/atos-mvz.de\\\/muenchen\\\/#website\",\"url\":\"https:\\\/\\\/atos-mvz.de\\\/muenchen\\\/\",\"name\":\"MVZ M\u00fcnchen\",\"description\":\"\",\"potentialAction\":[{\"@type\":\"SearchAction\",\"target\":{\"@type\":\"EntryPoint\",\"urlTemplate\":\"https:\\\/\\\/atos-mvz.de\\\/muenchen\\\/?s={search_term_string}\"},\"query-input\":{\"@type\":\"PropertyValueSpecification\",\"valueRequired\":true,\"valueName\":\"search_term_string\"}}],\"inLanguage\":\"de\"}]}<\/script>\n<!-- \/ Yoast SEO plugin. -->","yoast_head_json":{"title":"PD Dr. med. Peter Brucker - MVZ M\u00fcnchen","robots":{"index":"index","follow":"follow","max-snippet":"max-snippet:-1","max-image-preview":"max-image-preview:large","max-video-preview":"max-video-preview:-1"},"canonical":"https:\/\/atos-mvz.de\/muenchen\/arzt\/dr-peter-brucker\/","og_locale":"de_DE","og_type":"article","og_title":"PD Dr. med. Peter Brucker - MVZ M\u00fcnchen","og_description":"Facharzt f\u00fcr Orthop\u00e4die und Unfallchirurgie, Sportmedizin","og_url":"https:\/\/atos-mvz.de\/muenchen\/arzt\/dr-peter-brucker\/","og_site_name":"MVZ M\u00fcnchen","article_modified_time":"2024-03-22T13:17:07+00:00","og_image":[{"width":550,"height":550,"url":"https:\/\/atos-mvz.de\/muenchen\/wp-content\/uploads\/sites\/2\/2021\/01\/brucker_550x550.jpg","type":"image\/jpeg"}],"twitter_card":"summary_large_image","schema":{"@context":"https:\/\/schema.org","@graph":[{"@type":"WebPage","@id":"https:\/\/atos-mvz.de\/muenchen\/arzt\/dr-peter-brucker\/","url":"https:\/\/atos-mvz.de\/muenchen\/arzt\/dr-peter-brucker\/","name":"PD Dr. med. Peter Brucker - MVZ M\u00fcnchen","isPartOf":{"@id":"https:\/\/atos-mvz.de\/muenchen\/#website"},"primaryImageOfPage":{"@id":"https:\/\/atos-mvz.de\/muenchen\/arzt\/dr-peter-brucker\/#primaryimage"},"image":{"@id":"https:\/\/atos-mvz.de\/muenchen\/arzt\/dr-peter-brucker\/#primaryimage"},"thumbnailUrl":"https:\/\/atos-mvz.de\/muenchen\/wp-content\/uploads\/sites\/2\/2021\/01\/brucker_550x550.jpg","datePublished":"2021-02-01T13:48:49+00:00","dateModified":"2024-03-22T13:17:07+00:00","breadcrumb":{"@id":"https:\/\/atos-mvz.de\/muenchen\/arzt\/dr-peter-brucker\/#breadcrumb"},"inLanguage":"de","potentialAction":[{"@type":"ReadAction","target":["https:\/\/atos-mvz.de\/muenchen\/arzt\/dr-peter-brucker\/"]}]},{"@type":"ImageObject","inLanguage":"de","@id":"https:\/\/atos-mvz.de\/muenchen\/arzt\/dr-peter-brucker\/#primaryimage","url":"https:\/\/atos-mvz.de\/muenchen\/wp-content\/uploads\/sites\/2\/2021\/01\/brucker_550x550.jpg","contentUrl":"https:\/\/atos-mvz.de\/muenchen\/wp-content\/uploads\/sites\/2\/2021\/01\/brucker_550x550.jpg","width":550,"height":550},{"@type":"BreadcrumbList","@id":"https:\/\/atos-mvz.de\/muenchen\/arzt\/dr-peter-brucker\/#breadcrumb","itemListElement":[{"@type":"ListItem","position":1,"name":"Startseite","item":"https:\/\/atos-mvz.de\/muenchen\/startseite\/"},{"@type":"ListItem","position":2,"name":"PD Dr. med. Peter Brucker"}]},{"@type":"WebSite","@id":"https:\/\/atos-mvz.de\/muenchen\/#website","url":"https:\/\/atos-mvz.de\/muenchen\/","name":"MVZ M\u00fcnchen","description":"","potentialAction":[{"@type":"SearchAction","target":{"@type":"EntryPoint","urlTemplate":"https:\/\/atos-mvz.de\/muenchen\/?s={search_term_string}"},"query-input":{"@type":"PropertyValueSpecification","valueRequired":true,"valueName":"search_term_string"}}],"inLanguage":"de"}]}},"_links":{"self":[{"href":"https:\/\/atos-mvz.de\/muenchen\/wp-json\/wp\/v2\/portfolio\/391","targetHints":{"allow":["GET"]}}],"collection":[{"href":"https:\/\/atos-mvz.de\/muenchen\/wp-json\/wp\/v2\/portfolio"}],"about":[{"href":"https:\/\/atos-mvz.de\/muenchen\/wp-json\/wp\/v2\/types\/portfolio"}],"author":[{"embeddable":true,"href":"https:\/\/atos-mvz.de\/muenchen\/wp-json\/wp\/v2\/users\/1"}],"replies":[{"embeddable":true,"href":"https:\/\/atos-mvz.de\/muenchen\/wp-json\/wp\/v2\/comments?post=391"}],"version-history":[{"count":10,"href":"https:\/\/atos-mvz.de\/muenchen\/wp-json\/wp\/v2\/portfolio\/391\/revisions"}],"predecessor-version":[{"id":1024,"href":"https:\/\/atos-mvz.de\/muenchen\/wp-json\/wp\/v2\/portfolio\/391\/revisions\/1024"}],"wp:featuredmedia":[{"embeddable":true,"href":"https:\/\/atos-mvz.de\/muenchen\/wp-json\/wp\/v2\/media\/149"}],"wp:attachment":[{"href":"https:\/\/atos-mvz.de\/muenchen\/wp-json\/wp\/v2\/media?parent=391"}],"wp:term":[{"taxonomy":"post_tag","embeddable":true,"href":"https:\/\/atos-mvz.de\/muenchen\/wp-json\/wp\/v2\/tags?post=391"},{"taxonomy":"portfolio_entries","embeddable":true,"href":"https:\/\/atos-mvz.de\/muenchen\/wp-json\/wp\/v2\/portfolio_entries?post=391"}],"curies":[{"name":"wp","href":"https:\/\/api.w.org\/{rel}","templated":true}]}}