{"id":1093,"date":"2026-04-23T11:34:05","date_gmt":"2026-04-23T09:34:05","guid":{"rendered":"https:\/\/atos-mvz.de\/muenchen\/?post_type=portfolio&#038;p=1093"},"modified":"2026-04-23T11:36:46","modified_gmt":"2026-04-23T09:36:46","slug":"dr-med-reza-akhavan-sigari","status":"publish","type":"portfolio","link":"https:\/\/atos-mvz.de\/muenchen\/arzt\/dr-med-reza-akhavan-sigari\/","title":{"rendered":"Univ.-Prof. Dr. med. Reza Akhavan-Sigari"},"content":{"rendered":"\n<style type=\"text\/css\" data-created_by=\"avia_inline_auto\" id=\"style-css-av-kkfaterk-c2d289a9fc8cccd06d566858ea553a62\">\n.avia-section.av-kkfaterk-c2d289a9fc8cccd06d566858ea553a62{\nbackground-repeat:no-repeat;\nbackground-image:url(https:\/\/atos-mvz.de\/muenchen\/wp-content\/uploads\/sites\/2\/2021\/01\/muenchen.jpg);\nbackground-position:50% 50%;\nbackground-attachment:scroll;\n}\n.avia-section.av-kkfaterk-c2d289a9fc8cccd06d566858ea553a62 .av-extra-border-element .av-extra-border-inner{\nbackground-color:#ffffff;\n}\n<\/style>\n<div id='header-img'  class='avia-section av-kkfaterk-c2d289a9fc8cccd06d566858ea553a62 main_color avia-section-huge avia-no-border-styling  avia-builder-el-0  el_before_av_section  avia-builder-el-first  avia-full-stretch avia-bg-style-scroll container_wrap fullsize'  data-section-bg-repeat='stretch'><div class='container av-section-cont-open' ><main  role=\"main\" itemprop=\"mainContentOfPage\"  class='template-page content  av-content-full alpha units'><div class='post-entry post-entry-type-page post-entry-1093'><div class='entry-content-wrapper clearfix'>\n\n<style type=\"text\/css\" data-created_by=\"avia_inline_auto\" id=\"style-css-av-kkfative-d8d571ca25772f7261e193e8c059b3fa\">\n#top .hr.hr-invisible.av-kkfative-d8d571ca25772f7261e193e8c059b3fa{\nheight:100px;\n}\n<\/style>\n<div  class='hr av-kkfative-d8d571ca25772f7261e193e8c059b3fa hr-invisible  avia-builder-el-1  avia-builder-el-no-sibling '><span class='hr-inner '><span class=\"hr-inner-style\"><\/span><\/span><\/div>\n\n<\/div><\/div><\/main><!-- close content main element --><\/div><div class='av-extra-border-element border-extra-diagonal border-extra-diagonal-inverse '><div class='av-extra-border-outer'><div class='av-extra-border-inner'><\/div><\/div><\/div><\/div>\n<style type=\"text\/css\" data-created_by=\"avia_inline_auto\" id=\"style-css-av-16773-35c90dcde9845698d92e3125ce9f2ce7\">\n.avia-section.av-16773-35c90dcde9845698d92e3125ce9f2ce7 .av-extra-border-element .av-extra-border-inner{\nbackground-color:#f1f0f5;\n}\n<\/style>\n<div id='first-section'  class='avia-section av-16773-35c90dcde9845698d92e3125ce9f2ce7 main_color avia-section-large avia-no-border-styling  avia-builder-el-2  el_after_av_section  el_before_av_section  avia-bg-style-scroll container_wrap fullsize'  ><div class='container av-section-cont-open' ><div class='template-page content  av-content-full alpha units'><div class='post-entry post-entry-type-page post-entry-1093'><div class='entry-content-wrapper clearfix'>\n<div class='flex_column_table av-1czbz-ee51da47ebe5712b2889c35b12586d80 sc-av_one_half av-equal-height-column-flextable'>\n<style type=\"text\/css\" data-created_by=\"avia_inline_auto\" id=\"style-css-av-1czbz-ee51da47ebe5712b2889c35b12586d80\">\n.flex_column.av-1czbz-ee51da47ebe5712b2889c35b12586d80{\nborder-radius:0px 0px 0px 0px;\npadding:0px 0px 0px 0px;\n}\n<\/style>\n<div  class='flex_column av-1czbz-ee51da47ebe5712b2889c35b12586d80 av_one_half  avia-builder-el-3  el_before_av_one_half  avia-builder-el-first  first flex_column_table_cell av-equal-height-column av-align-middle av-zero-column-padding  '     ><section  class='av_textblock_section av-2h5gyt-19b9ca4b8653b6f0d689c0ce3c52f08c '   itemscope=\"itemscope\" itemtype=\"https:\/\/schema.org\/CreativeWork\" ><div class='avia_textblock'  itemprop=\"text\" ><h1><strong>Univ.-Prof. Dr. med. Reza Akhavan-Sigari<\/strong><\/h1>\n<\/div><\/section><br \/>\n<section  class='av_textblock_section av-kkfaxdi8-890a50ceedb78e8f64f80d834bb2397c '   itemscope=\"itemscope\" itemtype=\"https:\/\/schema.org\/CreativeWork\" ><div class='avia_textblock'  itemprop=\"text\" ><h3><strong>Facharzt f\u00fcr Neurochirurgie, Plexuschirurgie, Tumorchirurgie und komplexe periphere Nervenchirurgie<\/strong><\/h3>\n<\/div><\/section><br \/>\n<div  class='avia-button-wrap av-kkfav7aq-446dc8b6bd5e904b635567c272d82d52-wrap avia-button-left  avia-builder-el-6  el_after_av_textblock  avia-builder-el-last '><a href='https:\/\/www.doctolib.de\/medizinisches-versorgungszentrum-mvz\/muenchen\/mvz-atos-muenchen'  class='avia-button av-kkfav7aq-446dc8b6bd5e904b635567c272d82d52 av-link-btn avia-icon_select-yes-right-icon avia-size-small avia-position-left avia-color-theme-color'  target=\"_blank\"  rel=\"noopener noreferrer\"  aria-label=\"Doctolib\"><span class='avia_iconbox_title' >Doctolib<\/span><span class='avia_button_icon avia_button_icon_right avia-iconfont avia-font-entypo-fontello' data-av_icon='\ue85b' data-av_iconfont='entypo-fontello' ><\/span><\/a><\/div><\/p><\/div><div class='av-flex-placeholder'><\/div>\n<style type=\"text\/css\" data-created_by=\"avia_inline_auto\" id=\"style-css-av-115y3-d0e5460fe572c5868594daf30f62ed5c\">\n@keyframes av_boxShadowEffect_av-115y3-d0e5460fe572c5868594daf30f62ed5c-column {\n0%   { box-shadow:  0 0 0 0 #e0e0e0; opacity: 1; }\n100% { box-shadow:  0 0 30px 0 #e0e0e0; opacity: 1; }\n}\n.flex_column.av-115y3-d0e5460fe572c5868594daf30f62ed5c{\nbox-shadow: 0 0 30px 0 #e0e0e0;\nborder-radius:20px 20px 20px 20px;\npadding:50px 50px 50px 50px;\n}\n<\/style>\n<div  class='flex_column av-115y3-d0e5460fe572c5868594daf30f62ed5c av_one_half  avia-builder-el-7  el_after_av_one_half  el_before_av_hr  box-right flex_column_table_cell av-equal-height-column av-align-middle shadow-not-animated  '     ><style type=\"text\/css\" data-created_by=\"avia_inline_auto\" id=\"style-css-av-kkfba3sr-469afd682112f90cde13c6defb973030\">\n.avia-image-container.av-kkfba3sr-469afd682112f90cde13c6defb973030 img.avia_image{\nbox-shadow:none;\n}\n.avia-image-container.av-kkfba3sr-469afd682112f90cde13c6defb973030 .av-image-caption-overlay-center{\ncolor:#ffffff;\n}\n<\/style>\n<div  class='avia-image-container av-kkfba3sr-469afd682112f90cde13c6defb973030 av-styling-no-styling avia-align-  avia-builder-el-8  avia-builder-el-no-sibling '   itemprop=\"image\" itemscope=\"itemscope\" itemtype=\"https:\/\/schema.org\/ImageObject\" ><div class=\"avia-image-container-inner\"><div class=\"avia-image-overlay-wrap\"><img decoding=\"async\" fetchpriority=\"high\" class='wp-image-1094 avia-img-lazy-loading-not-1094 avia_image ' src=\"https:\/\/atos-mvz.de\/muenchen\/wp-content\/uploads\/sites\/2\/2026\/04\/akhavan-sigari.jpg\" alt='Reza Akhavan-Sigari' title=''  height=\"550\" width=\"800\"  itemprop=\"thumbnailUrl\" srcset=\"https:\/\/atos-mvz.de\/muenchen\/wp-content\/uploads\/sites\/2\/2026\/04\/akhavan-sigari.jpg 800w, https:\/\/atos-mvz.de\/muenchen\/wp-content\/uploads\/sites\/2\/2026\/04\/akhavan-sigari-300x206.jpg 300w, https:\/\/atos-mvz.de\/muenchen\/wp-content\/uploads\/sites\/2\/2026\/04\/akhavan-sigari-768x528.jpg 768w, https:\/\/atos-mvz.de\/muenchen\/wp-content\/uploads\/sites\/2\/2026\/04\/akhavan-sigari-705x485.jpg 705w\" sizes=\"(max-width: 800px) 100vw, 800px\" \/><\/div><\/div><\/div><\/div><\/div><!--close column table wrapper. Autoclose: 1 -->\n<style type=\"text\/css\" data-created_by=\"avia_inline_auto\" id=\"style-css-av-kkfative-2-c3c5b1f5d703227ec2dc954b0f5f38d3\">\n#top .hr.hr-invisible.av-kkfative-2-c3c5b1f5d703227ec2dc954b0f5f38d3{\nheight:200px;\n}\n<\/style>\n<div  class='hr av-kkfative-2-c3c5b1f5d703227ec2dc954b0f5f38d3 hr-invisible  avia-builder-el-9  el_after_av_one_half  avia-builder-el-last '><span class='hr-inner '><span class=\"hr-inner-style\"><\/span><\/span><\/div>\n\n<\/div><\/div><\/div><!-- close content main div --><\/div><div class='av-extra-border-element border-extra-diagonal border-extra-diagonal-inverse '><div class='av-extra-border-outer'><div class='av-extra-border-inner'><\/div><\/div><\/div><\/div><div id='second-section'  class='avia-section av-kkfbaki1-b5d056bcb0de83f4a84ea38b74b01d41 alternate_color avia-section-large avia-no-border-styling  avia-builder-el-10  el_after_av_section  avia-builder-el-last  avia-bg-style-scroll container_wrap fullsize'  ><div class='container av-section-cont-open' ><div class='template-page content  av-content-full alpha units'><div class='post-entry post-entry-type-page post-entry-1093'><div class='entry-content-wrapper clearfix'>\n\n<style type=\"text\/css\" data-created_by=\"avia_inline_auto\" id=\"style-css-av-kkfbfgby-5de7d4c87eb7c8b743495baa81b1d24e\">\n#top .togglecontainer.av-kkfbfgby-5de7d4c87eb7c8b743495baa81b1d24e p.toggler{\nbackground-color:#ffffff;\n}\n#top .togglecontainer.av-kkfbfgby-5de7d4c87eb7c8b743495baa81b1d24e .toggle_wrap .toggle_content{\nbackground-color:#ffffff;\n}\n<\/style>\n<div  class='togglecontainer av-kkfbfgby-5de7d4c87eb7c8b743495baa81b1d24e av-minimal-toggle  avia-builder-el-11  avia-builder-el-no-sibling  toggle_close_all' >\n<section class='av_toggle_section av-moba2ht9-c66a698de1641424457d9ec376de5d0a'  itemscope=\"itemscope\" itemtype=\"https:\/\/schema.org\/CreativeWork\" ><div role=\"tablist\" class=\"single_toggle\" data-tags=\"{Alle} \"  ><p id='toggle-toggle-id-1' data-fake-id='#toggle-id-1' class='toggler  activeTitle av-title-above '  itemprop=\"headline\"  role='tab' tabindex='0' aria-controls='toggle-id-1' data-slide-speed=\"200\" data-title=\"Univ.-Prof. Dr. med. Reza Akhavan-Sigari\" data-title-open=\"\" data-aria_collapsed=\"Click to expand: Univ.-Prof. Dr. med. Reza Akhavan-Sigari\" data-aria_expanded=\"Click to collapse: Univ.-Prof. Dr. med. Reza Akhavan-Sigari\">Univ.-Prof. Dr. med. Reza Akhavan-Sigari<span class=\"toggle_icon\"><span class=\"vert_icon\"><\/span><span class=\"hor_icon\"><\/span><\/span><\/p><div id='toggle-id-1' aria-labelledby='toggle-toggle-id-1' role='region' class='toggle_wrap  active_tc av-title-above' style='display:block;' ><div class='toggle_content invers-color '  itemprop=\"text\" ><p>Univ.-Prof. Dr. med. Reza Akhavan-Sigari ist Facharzt f\u00fcr Neurochirurgie mit \u00fcber 25 Jahren klinischer und akademischer Erfahrung. Sein Schwerpunkt liegt in der komplexen Wirbels\u00e4ulenchirurgie, Neuroonkologie sowie der peripheren Nervenchirurgie, insbesondere der Plexuschirurgie. In leitenden Positionen hat er hochvolumige neurochirurgische Einheiten aufgebaut und weiterentwickelt sowie interdisziplin\u00e4re Versorgungsstrukturen etabliert. Seine T\u00e4tigkeit verbindet exzellente operative Expertise mit translationaler Forschung, insbesondere im Bereich der Tumorbiologie und datenbasierter klinischer Ans\u00e4tze.<\/p>\n<p>Neben seiner klinischen Arbeit engagiert er sich in der Ausbildung j\u00fcngerer Kolleginnen und Kollegen sowie in der Weiterentwicklung moderner Versorgungskonzepte. Durch seine internationale Erfahrung und akademische Ausrichtung strebt er eine T\u00e4tigkeit in einem leistungsstarken Umfeld an, in dem er seine Expertise in klinischer Exzellenz, Forschung und Programmaufbau einbringen kann.<\/p>\n<\/div><\/div><\/div><\/section>\n<section class='av_toggle_section av-moba2vud-1d7d82bc6b125270e5da4e53521116dc'  itemscope=\"itemscope\" itemtype=\"https:\/\/schema.org\/CreativeWork\" ><div role=\"tablist\" class=\"single_toggle\" data-tags=\"{Alle} \"  ><p id='toggle-toggle-id-2' data-fake-id='#toggle-id-2' class='toggler  av-title-above '  itemprop=\"headline\"  role='tab' tabindex='0' aria-controls='toggle-id-2' data-slide-speed=\"200\" data-title=\"Leistungsspektrum\" data-title-open=\"\" data-aria_collapsed=\"Click to expand: Leistungsspektrum\" data-aria_expanded=\"Click to collapse: Leistungsspektrum\">Leistungsspektrum<span class=\"toggle_icon\"><span class=\"vert_icon\"><\/span><span class=\"hor_icon\"><\/span><\/span><\/p><div id='toggle-id-2' aria-labelledby='toggle-toggle-id-2' role='region' class='toggle_wrap  av-title-above'  ><div class='toggle_content invers-color '  itemprop=\"text\" ><ul>\n<li>Neurochirurgie<\/li>\n<li>Plexuschirurgie<\/li>\n<li>Tumorchirurgie<\/li>\n<li>Fusionen<\/li>\n<li>komplexe periphere Nervenchirurgie<\/li>\n<li>schonende endoskopische Techniken<\/li>\n<li>mikrochirurgische OP-Technik<\/li>\n<\/ul>\n<\/div><\/div><\/div><\/section>\n<section class='av_toggle_section av-moba4kuh-c27c543594dd2439e9828f204be5d2e0'  itemscope=\"itemscope\" itemtype=\"https:\/\/schema.org\/CreativeWork\" ><div role=\"tablist\" class=\"single_toggle\" data-tags=\"{Alle} \"  ><p id='toggle-toggle-id-3' data-fake-id='#toggle-id-3' class='toggler  av-title-above '  itemprop=\"headline\"  role='tab' tabindex='0' aria-controls='toggle-id-3' data-slide-speed=\"200\" data-title=\"Studium\" data-title-open=\"\" data-aria_collapsed=\"Click to expand: Studium\" data-aria_expanded=\"Click to collapse: Studium\">Studium<span class=\"toggle_icon\"><span class=\"vert_icon\"><\/span><span class=\"hor_icon\"><\/span><\/span><\/p><div id='toggle-id-3' aria-labelledby='toggle-toggle-id-3' role='region' class='toggle_wrap  av-title-above'  ><div class='toggle_content invers-color '  itemprop=\"text\" ><ul>\n<li>10\/1993 Beginn des Medizinstudiums an der Georg-August-Universit\u00e4t G\u00f6ttingen<\/li>\n<li>13.03.1996 \u00c4rztliche Vorpr\u00fcfung (Physikum)<\/li>\n<li>25.03.1997 Erster Abschnitt der \u00c4rztlichen Pr\u00fcfung<\/li>\n<li>19.03.1999 Zweiter Abschnitt der \u00c4rztlichen Pr\u00fcfung<\/li>\n<li>09.05.2000 Dritter Abschnitt der \u00c4rztlichen Pr\u00fcfung (Staatsexamen) und Abschluss des Medizinstudiums an der Georg-August-Universit\u00e4t G\u00f6ttingen<\/li>\n<li>01.06.2015 Habilitation<br \/>\n(Erlangung der Lehrbefugnis &#8222;Venia Legendi&#8220;)<br \/>\nThema: &#8222;The prognostic significant of immunohistochemical expression of receptor tyrosine kinases (VEGFR2, PDGFR-\u03b1, EGFR, c-MET), iNOS und Ki-M1P in skull base and spinalchordoma&#8220;<\/li>\n<\/ul>\n<\/div><\/div><\/div><\/section>\n<section class='av_toggle_section av-moba6u1q-221cd0ae353cada7a953442695e1879c'  itemscope=\"itemscope\" itemtype=\"https:\/\/schema.org\/CreativeWork\" ><div role=\"tablist\" class=\"single_toggle\" data-tags=\"{Alle} \"  ><p id='toggle-toggle-id-4' data-fake-id='#toggle-id-4' class='toggler  av-title-above '  itemprop=\"headline\"  role='tab' tabindex='0' aria-controls='toggle-id-4' data-slide-speed=\"200\" data-title=\"Klinischer Werdegang\" data-title-open=\"\" data-aria_collapsed=\"Click to expand: Klinischer Werdegang\" data-aria_expanded=\"Click to collapse: Klinischer Werdegang\">Klinischer Werdegang<span class=\"toggle_icon\"><span class=\"vert_icon\"><\/span><span class=\"hor_icon\"><\/span><\/span><\/p><div id='toggle-id-4' aria-labelledby='toggle-toggle-id-4' role='region' class='toggle_wrap  av-title-above'  ><div class='toggle_content invers-color '  itemprop=\"text\" ><ul>\n<li>2001 Approbation als Arzt<\/li>\n<li>2002 \u2013 2003 Assistenzarzt und wissenschaftlicher Mitarbeiter<br \/>\nMedizinische Hochschule Hannover<br \/>\nNeurochirurgische Klinik<br \/>\nProf. Dr. med. Dr. h.c. mult. M. Samii<\/li>\n<li>2003 \u2013 2006 Assistenzarzt und wissenschaftlicher Mitarbeiter<br \/>\nKlinikum Hannover Nordstadt<br \/>\nNeurochirurgische Klinik<br \/>\nProf. Dr. med. habil. M.R. Gaab<\/li>\n<li>2007 Facharzt f\u00fcr Neurochirurgie<br \/>\nAsklepios Westklinikum Hamburg<br \/>\nNeurochirurgie\/ Wirbels\u00e4ulenchirurgie<br \/>\nDr. med. H.-P. K\u00f6hler<\/li>\n<li>2007 Facharzt f\u00fcr Neurochirurgie<br \/>\nClemenshospital M\u00fcnster<br \/>\nNeurochirurgische Klinik<br \/>\nProf. Dr. med. A. Sepehrnia<\/li>\n<li>2007 \u2013 2008 Facharzt f\u00fcr Neurochirurgie<br \/>\nHirntumorforschung<br \/>\nKlinikum Hannover Nordstadt, Institut f\u00fcr Pathologie<br \/>\nProf. Dr. med. H. Ostertag<\/li>\n<li>2009 \u2013 2011 Consultant Neurosurgeon<br \/>\nImam Reza University, Razavi Hospital<br \/>\nDepartment of Neurosurgery<br \/>\nMashhad\/Iran<\/li>\n<li>2010 \u2013 2011 Consultant Neurosurgeon<br \/>\nMashhad University of Medical Sciences<br \/>\nTaleghani-Hospital, Department of Neurosurgery<br \/>\nMashhad\/Iran<\/li>\n<li>2011 \u2013 2015 Oberarzt der Neurochirurgie<br \/>\nUniversit\u00e4tsmedizin G\u00f6ttingen<br \/>\nKlinik f\u00fcr Neurochirurgie<br \/>\nProf. Dr. med. V. Rohde<\/li>\n<li>2015 \u2013 2019 Consultant Neurosurgeon<br \/>\nIslamic Azad University of Medical Sciences, Tehran<br \/>\nDepartment of Neurosurgery, Boali Hospital<br \/>\nassoc.-Prof. Dr. H. Abdolhoseinpour<\/li>\n<li>2019 \u2013 2020 Leitender Oberarzt der komplexen Wirbels\u00e4ulenchirurgie<br \/>\nUniversit\u00e4tsklinikum T\u00fcbingen<br \/>\nKlinik f\u00fcr Neurochirurgie<\/li>\n<li>2021 \u2013 2023 \u00c4rztlicher Leiter Neurochirurgie<br \/>\nParacelsus-Klinik Bremen, In der Vahr 65<br \/>\n28329 Bremen<\/li>\n<li>2023 \u2013 2025 Consultant Neurosurgeon<br \/>\nIslamic Azad University of Medical Sciences, Tehran<br \/>\nDepartment of Neurosurgery, Boali Hospital<br \/>\nassoc.-Prof. Dr. H. Abdolhoseinpour<\/li>\n<li>2024 \u2013 2025 Leiter Neurochirurgie<br \/>\nDreifaltigkeits-Hospital Lippstadt und MVZ Delbr\u00fcck<br \/>\nKloster Str. 31<br \/>\n59555 Lippstadt<\/li>\n<li>seit 2025 Neurosurgeon-in-Chief<br \/>\nat Dr. Schneiderhan GmbH\/ Isar-Hospital\/ ATOS Klinikum<br \/>\nMunich<\/li>\n<li>2014 &#8211; jetzt Reviewer of the Journals:<br \/>\nBrain Sciences<br \/>\nHeliyon<br \/>\nJournal of Neurological Surgery Part A<br \/>\nExperimental and Molecular Pathology<br \/>\nMolecular and Cellular Biochemistry<br \/>\nWorld Neurosurgery<br \/>\nClinical Neurology and Neurosurgery<br \/>\nNeurosurgical Review<br \/>\nWorld Journal of Surgical Oncology<br \/>\nOncoTargets and Therapy<br \/>\nCancer Medicine<br \/>\nJournal of Neurological Surgery Reports<br \/>\nAnnals of Medical and Health Sciences Research<br \/>\nLongdom Journals<br \/>\nCancer Biotherapy and<br \/>\nRadiopharmaceuticals<br \/>\nCancer Management and Research<br \/>\nCancers<br \/>\nJournal of Clinical Medicine<br \/>\nThe European Journal of Translational Myology<\/li>\n<\/ul>\n<\/div><\/div><\/div><\/section>\n<section class='av_toggle_section av-moba7hiy-12666519a83189ddced7716e79448a92'  itemscope=\"itemscope\" itemtype=\"https:\/\/schema.org\/CreativeWork\" ><div role=\"tablist\" class=\"single_toggle\" data-tags=\"{Alle} \"  ><p id='toggle-toggle-id-5' data-fake-id='#toggle-id-5' class='toggler  av-title-above '  itemprop=\"headline\"  role='tab' tabindex='0' aria-controls='toggle-id-5' data-slide-speed=\"200\" data-title=\"Mitgliedschaften in Fachgesellschaften\" data-title-open=\"\" data-aria_collapsed=\"Click to expand: Mitgliedschaften in Fachgesellschaften\" data-aria_expanded=\"Click to collapse: Mitgliedschaften in Fachgesellschaften\">Mitgliedschaften in Fachgesellschaften<span class=\"toggle_icon\"><span class=\"vert_icon\"><\/span><span class=\"hor_icon\"><\/span><\/span><\/p><div id='toggle-id-5' aria-labelledby='toggle-toggle-id-5' role='region' class='toggle_wrap  av-title-above'  ><div class='toggle_content invers-color '  itemprop=\"text\" ><ul>\n<li>Deutsche Gesellschaft f\u00fcr Neurochirurgie<\/li>\n<li>World Federation of Neurosurgical Societies<\/li>\n<li>Neurosurgical Society of Iran<\/li>\n<\/ul>\n<\/div><\/div><\/div><\/section>\n<\/div>\n\n","protected":false},"excerpt":{"rendered":"","protected":false},"author":1,"featured_media":1094,"comment_status":"closed","ping_status":"closed","template":"","meta":{"footnotes":""},"tags":[],"portfolio_entries":[3],"class_list":["post-1093","portfolio","type-portfolio","status-publish","has-post-thumbnail","hentry","portfolio_entries-arzt"],"yoast_head":"<!-- This site is optimized with the Yoast SEO plugin v27.3 - https:\/\/yoast.com\/product\/yoast-seo-wordpress\/ -->\n<title>Univ.-Prof. Dr. med. Reza Akhavan-Sigari - MVZ M\u00fcnchen<\/title>\n<meta name=\"robots\" content=\"index, follow, max-snippet:-1, max-image-preview:large, max-video-preview:-1\" \/>\n<link rel=\"canonical\" href=\"https:\/\/atos-mvz.de\/muenchen\/arzt\/dr-med-reza-akhavan-sigari\/\" \/>\n<meta property=\"og:locale\" content=\"de_DE\" \/>\n<meta property=\"og:type\" content=\"article\" \/>\n<meta property=\"og:title\" content=\"Univ.-Prof. Dr. med. Reza Akhavan-Sigari - MVZ M\u00fcnchen\" \/>\n<meta property=\"og:url\" content=\"https:\/\/atos-mvz.de\/muenchen\/arzt\/dr-med-reza-akhavan-sigari\/\" \/>\n<meta property=\"og:site_name\" content=\"MVZ M\u00fcnchen\" \/>\n<meta property=\"article:modified_time\" content=\"2026-04-23T09:36:46+00:00\" \/>\n<meta property=\"og:image\" content=\"https:\/\/atos-mvz.de\/muenchen\/wp-content\/uploads\/sites\/2\/2026\/04\/akhavan-sigari.jpg\" \/>\n\t<meta property=\"og:image:width\" content=\"800\" \/>\n\t<meta property=\"og:image:height\" content=\"550\" \/>\n\t<meta property=\"og:image:type\" content=\"image\/jpeg\" \/>\n<meta name=\"twitter:card\" content=\"summary_large_image\" \/>\n<script type=\"application\/ld+json\" class=\"yoast-schema-graph\">{\"@context\":\"https:\\\/\\\/schema.org\",\"@graph\":[{\"@type\":\"WebPage\",\"@id\":\"https:\\\/\\\/atos-mvz.de\\\/muenchen\\\/arzt\\\/dr-med-reza-akhavan-sigari\\\/\",\"url\":\"https:\\\/\\\/atos-mvz.de\\\/muenchen\\\/arzt\\\/dr-med-reza-akhavan-sigari\\\/\",\"name\":\"Univ.-Prof. Dr. med. Reza Akhavan-Sigari - MVZ M\u00fcnchen\",\"isPartOf\":{\"@id\":\"https:\\\/\\\/atos-mvz.de\\\/muenchen\\\/#website\"},\"primaryImageOfPage\":{\"@id\":\"https:\\\/\\\/atos-mvz.de\\\/muenchen\\\/arzt\\\/dr-med-reza-akhavan-sigari\\\/#primaryimage\"},\"image\":{\"@id\":\"https:\\\/\\\/atos-mvz.de\\\/muenchen\\\/arzt\\\/dr-med-reza-akhavan-sigari\\\/#primaryimage\"},\"thumbnailUrl\":\"https:\\\/\\\/atos-mvz.de\\\/muenchen\\\/wp-content\\\/uploads\\\/sites\\\/2\\\/2026\\\/04\\\/akhavan-sigari.jpg\",\"datePublished\":\"2026-04-23T09:34:05+00:00\",\"dateModified\":\"2026-04-23T09:36:46+00:00\",\"breadcrumb\":{\"@id\":\"https:\\\/\\\/atos-mvz.de\\\/muenchen\\\/arzt\\\/dr-med-reza-akhavan-sigari\\\/#breadcrumb\"},\"inLanguage\":\"de\",\"potentialAction\":[{\"@type\":\"ReadAction\",\"target\":[\"https:\\\/\\\/atos-mvz.de\\\/muenchen\\\/arzt\\\/dr-med-reza-akhavan-sigari\\\/\"]}]},{\"@type\":\"ImageObject\",\"inLanguage\":\"de\",\"@id\":\"https:\\\/\\\/atos-mvz.de\\\/muenchen\\\/arzt\\\/dr-med-reza-akhavan-sigari\\\/#primaryimage\",\"url\":\"https:\\\/\\\/atos-mvz.de\\\/muenchen\\\/wp-content\\\/uploads\\\/sites\\\/2\\\/2026\\\/04\\\/akhavan-sigari.jpg\",\"contentUrl\":\"https:\\\/\\\/atos-mvz.de\\\/muenchen\\\/wp-content\\\/uploads\\\/sites\\\/2\\\/2026\\\/04\\\/akhavan-sigari.jpg\",\"width\":800,\"height\":550,\"caption\":\"Reza Akhavan-Sigari\"},{\"@type\":\"BreadcrumbList\",\"@id\":\"https:\\\/\\\/atos-mvz.de\\\/muenchen\\\/arzt\\\/dr-med-reza-akhavan-sigari\\\/#breadcrumb\",\"itemListElement\":[{\"@type\":\"ListItem\",\"position\":1,\"name\":\"Startseite\",\"item\":\"https:\\\/\\\/atos-mvz.de\\\/muenchen\\\/startseite\\\/\"},{\"@type\":\"ListItem\",\"position\":2,\"name\":\"Univ.-Prof. Dr. med. Reza Akhavan-Sigari\"}]},{\"@type\":\"WebSite\",\"@id\":\"https:\\\/\\\/atos-mvz.de\\\/muenchen\\\/#website\",\"url\":\"https:\\\/\\\/atos-mvz.de\\\/muenchen\\\/\",\"name\":\"MVZ M\u00fcnchen\",\"description\":\"\",\"potentialAction\":[{\"@type\":\"SearchAction\",\"target\":{\"@type\":\"EntryPoint\",\"urlTemplate\":\"https:\\\/\\\/atos-mvz.de\\\/muenchen\\\/?s={search_term_string}\"},\"query-input\":{\"@type\":\"PropertyValueSpecification\",\"valueRequired\":true,\"valueName\":\"search_term_string\"}}],\"inLanguage\":\"de\"}]}<\/script>\n<!-- \/ Yoast SEO plugin. -->","yoast_head_json":{"title":"Univ.-Prof. Dr. med. Reza Akhavan-Sigari - MVZ M\u00fcnchen","robots":{"index":"index","follow":"follow","max-snippet":"max-snippet:-1","max-image-preview":"max-image-preview:large","max-video-preview":"max-video-preview:-1"},"canonical":"https:\/\/atos-mvz.de\/muenchen\/arzt\/dr-med-reza-akhavan-sigari\/","og_locale":"de_DE","og_type":"article","og_title":"Univ.-Prof. Dr. med. Reza Akhavan-Sigari - MVZ M\u00fcnchen","og_url":"https:\/\/atos-mvz.de\/muenchen\/arzt\/dr-med-reza-akhavan-sigari\/","og_site_name":"MVZ M\u00fcnchen","article_modified_time":"2026-04-23T09:36:46+00:00","og_image":[{"width":800,"height":550,"url":"https:\/\/atos-mvz.de\/muenchen\/wp-content\/uploads\/sites\/2\/2026\/04\/akhavan-sigari.jpg","type":"image\/jpeg"}],"twitter_card":"summary_large_image","schema":{"@context":"https:\/\/schema.org","@graph":[{"@type":"WebPage","@id":"https:\/\/atos-mvz.de\/muenchen\/arzt\/dr-med-reza-akhavan-sigari\/","url":"https:\/\/atos-mvz.de\/muenchen\/arzt\/dr-med-reza-akhavan-sigari\/","name":"Univ.-Prof. Dr. med. Reza Akhavan-Sigari - MVZ M\u00fcnchen","isPartOf":{"@id":"https:\/\/atos-mvz.de\/muenchen\/#website"},"primaryImageOfPage":{"@id":"https:\/\/atos-mvz.de\/muenchen\/arzt\/dr-med-reza-akhavan-sigari\/#primaryimage"},"image":{"@id":"https:\/\/atos-mvz.de\/muenchen\/arzt\/dr-med-reza-akhavan-sigari\/#primaryimage"},"thumbnailUrl":"https:\/\/atos-mvz.de\/muenchen\/wp-content\/uploads\/sites\/2\/2026\/04\/akhavan-sigari.jpg","datePublished":"2026-04-23T09:34:05+00:00","dateModified":"2026-04-23T09:36:46+00:00","breadcrumb":{"@id":"https:\/\/atos-mvz.de\/muenchen\/arzt\/dr-med-reza-akhavan-sigari\/#breadcrumb"},"inLanguage":"de","potentialAction":[{"@type":"ReadAction","target":["https:\/\/atos-mvz.de\/muenchen\/arzt\/dr-med-reza-akhavan-sigari\/"]}]},{"@type":"ImageObject","inLanguage":"de","@id":"https:\/\/atos-mvz.de\/muenchen\/arzt\/dr-med-reza-akhavan-sigari\/#primaryimage","url":"https:\/\/atos-mvz.de\/muenchen\/wp-content\/uploads\/sites\/2\/2026\/04\/akhavan-sigari.jpg","contentUrl":"https:\/\/atos-mvz.de\/muenchen\/wp-content\/uploads\/sites\/2\/2026\/04\/akhavan-sigari.jpg","width":800,"height":550,"caption":"Reza Akhavan-Sigari"},{"@type":"BreadcrumbList","@id":"https:\/\/atos-mvz.de\/muenchen\/arzt\/dr-med-reza-akhavan-sigari\/#breadcrumb","itemListElement":[{"@type":"ListItem","position":1,"name":"Startseite","item":"https:\/\/atos-mvz.de\/muenchen\/startseite\/"},{"@type":"ListItem","position":2,"name":"Univ.-Prof. Dr. med. Reza Akhavan-Sigari"}]},{"@type":"WebSite","@id":"https:\/\/atos-mvz.de\/muenchen\/#website","url":"https:\/\/atos-mvz.de\/muenchen\/","name":"MVZ M\u00fcnchen","description":"","potentialAction":[{"@type":"SearchAction","target":{"@type":"EntryPoint","urlTemplate":"https:\/\/atos-mvz.de\/muenchen\/?s={search_term_string}"},"query-input":{"@type":"PropertyValueSpecification","valueRequired":true,"valueName":"search_term_string"}}],"inLanguage":"de"}]}},"_links":{"self":[{"href":"https:\/\/atos-mvz.de\/muenchen\/wp-json\/wp\/v2\/portfolio\/1093","targetHints":{"allow":["GET"]}}],"collection":[{"href":"https:\/\/atos-mvz.de\/muenchen\/wp-json\/wp\/v2\/portfolio"}],"about":[{"href":"https:\/\/atos-mvz.de\/muenchen\/wp-json\/wp\/v2\/types\/portfolio"}],"author":[{"embeddable":true,"href":"https:\/\/atos-mvz.de\/muenchen\/wp-json\/wp\/v2\/users\/1"}],"replies":[{"embeddable":true,"href":"https:\/\/atos-mvz.de\/muenchen\/wp-json\/wp\/v2\/comments?post=1093"}],"version-history":[{"count":4,"href":"https:\/\/atos-mvz.de\/muenchen\/wp-json\/wp\/v2\/portfolio\/1093\/revisions"}],"predecessor-version":[{"id":1098,"href":"https:\/\/atos-mvz.de\/muenchen\/wp-json\/wp\/v2\/portfolio\/1093\/revisions\/1098"}],"wp:featuredmedia":[{"embeddable":true,"href":"https:\/\/atos-mvz.de\/muenchen\/wp-json\/wp\/v2\/media\/1094"}],"wp:attachment":[{"href":"https:\/\/atos-mvz.de\/muenchen\/wp-json\/wp\/v2\/media?parent=1093"}],"wp:term":[{"taxonomy":"post_tag","embeddable":true,"href":"https:\/\/atos-mvz.de\/muenchen\/wp-json\/wp\/v2\/tags?post=1093"},{"taxonomy":"portfolio_entries","embeddable":true,"href":"https:\/\/atos-mvz.de\/muenchen\/wp-json\/wp\/v2\/portfolio_entries?post=1093"}],"curies":[{"name":"wp","href":"https:\/\/api.w.org\/{rel}","templated":true}]}}