{"id":1085,"date":"2026-04-23T11:19:20","date_gmt":"2026-04-23T09:19:20","guid":{"rendered":"https:\/\/atos-mvz.de\/muenchen\/?post_type=portfolio&#038;p=1085"},"modified":"2026-04-23T16:45:30","modified_gmt":"2026-04-23T14:45:30","slug":"dr-med-nikolai-g-rainov","status":"publish","type":"portfolio","link":"https:\/\/atos-mvz.de\/muenchen\/arzt\/dr-med-nikolai-g-rainov\/","title":{"rendered":"Prof. Dr. med. Nikolai G. Raino"},"content":{"rendered":"\n<style type=\"text\/css\" data-created_by=\"avia_inline_auto\" id=\"style-css-av-kkfaterk-c2d289a9fc8cccd06d566858ea553a62\">\n.avia-section.av-kkfaterk-c2d289a9fc8cccd06d566858ea553a62{\nbackground-repeat:no-repeat;\nbackground-image:url(https:\/\/atos-mvz.de\/muenchen\/wp-content\/uploads\/sites\/2\/2021\/01\/muenchen.jpg);\nbackground-position:50% 50%;\nbackground-attachment:scroll;\n}\n.avia-section.av-kkfaterk-c2d289a9fc8cccd06d566858ea553a62 .av-extra-border-element .av-extra-border-inner{\nbackground-color:#ffffff;\n}\n<\/style>\n<div id='header-img'  class='avia-section av-kkfaterk-c2d289a9fc8cccd06d566858ea553a62 main_color avia-section-huge avia-no-border-styling  avia-builder-el-0  el_before_av_section  avia-builder-el-first  avia-full-stretch avia-bg-style-scroll container_wrap fullsize'  data-section-bg-repeat='stretch'><div class='container av-section-cont-open' ><main  role=\"main\" itemprop=\"mainContentOfPage\"  class='template-page content  av-content-full alpha units'><div class='post-entry post-entry-type-page post-entry-1085'><div class='entry-content-wrapper clearfix'>\n\n<style type=\"text\/css\" data-created_by=\"avia_inline_auto\" id=\"style-css-av-kkfative-d8d571ca25772f7261e193e8c059b3fa\">\n#top .hr.hr-invisible.av-kkfative-d8d571ca25772f7261e193e8c059b3fa{\nheight:100px;\n}\n<\/style>\n<div  class='hr av-kkfative-d8d571ca25772f7261e193e8c059b3fa hr-invisible  avia-builder-el-1  avia-builder-el-no-sibling '><span class='hr-inner '><span class=\"hr-inner-style\"><\/span><\/span><\/div>\n\n<\/div><\/div><\/main><!-- close content main element --><\/div><div class='av-extra-border-element border-extra-diagonal border-extra-diagonal-inverse '><div class='av-extra-border-outer'><div class='av-extra-border-inner'><\/div><\/div><\/div><\/div>\n<style type=\"text\/css\" data-created_by=\"avia_inline_auto\" id=\"style-css-av-16773-35c90dcde9845698d92e3125ce9f2ce7\">\n.avia-section.av-16773-35c90dcde9845698d92e3125ce9f2ce7 .av-extra-border-element .av-extra-border-inner{\nbackground-color:#f1f0f5;\n}\n<\/style>\n<div id='first-section'  class='avia-section av-16773-35c90dcde9845698d92e3125ce9f2ce7 main_color avia-section-large avia-no-border-styling  avia-builder-el-2  el_after_av_section  el_before_av_section  avia-bg-style-scroll container_wrap fullsize'  ><div class='container av-section-cont-open' ><div class='template-page content  av-content-full alpha units'><div class='post-entry post-entry-type-page post-entry-1085'><div class='entry-content-wrapper clearfix'>\n<div class='flex_column_table av-1czbz-ee51da47ebe5712b2889c35b12586d80 sc-av_one_half av-equal-height-column-flextable'>\n<style type=\"text\/css\" data-created_by=\"avia_inline_auto\" id=\"style-css-av-1czbz-ee51da47ebe5712b2889c35b12586d80\">\n.flex_column.av-1czbz-ee51da47ebe5712b2889c35b12586d80{\nborder-radius:0px 0px 0px 0px;\npadding:0px 0px 0px 0px;\n}\n<\/style>\n<div  class='flex_column av-1czbz-ee51da47ebe5712b2889c35b12586d80 av_one_half  avia-builder-el-3  el_before_av_one_half  avia-builder-el-first  first flex_column_table_cell av-equal-height-column av-align-middle av-zero-column-padding  '     ><section  class='av_textblock_section av-kkfavlr5-5c6867383e35341850ad0d8e20d24396 '   itemscope=\"itemscope\" itemtype=\"https:\/\/schema.org\/CreativeWork\" ><div class='avia_textblock'  itemprop=\"text\" ><h1><strong>Prof. Dr. med. Nikolai G. Raino<\/strong><\/h1>\n<\/div><\/section><br \/>\n<section  class='av_textblock_section av-kkfaxdi8-890a50ceedb78e8f64f80d834bb2397c '   itemscope=\"itemscope\" itemtype=\"https:\/\/schema.org\/CreativeWork\" ><div class='avia_textblock'  itemprop=\"text\" ><h3><strong>Facharzt f\u00fcr Neurochirurgie, Belegarzt des ISAR-Klinikums M\u00fcnchen und der ATOS Klinik M\u00fcnchen<\/strong><\/h3>\n<\/div><\/section><br \/>\n<div  class='avia-button-wrap av-kkfav7aq-dadbbd66fd45f9da9ff26288f69f0a64-wrap avia-button-left  avia-builder-el-6  el_after_av_textblock  avia-builder-el-last '><a href='https:\/\/www.doctolib.de\/medizinisches-versorgungszentrum-mvz\/muenchen\/mvz-atos-muenchen'  class='avia-button av-kkfav7aq-dadbbd66fd45f9da9ff26288f69f0a64 av-link-btn avia-icon_select-yes-right-icon avia-size-small avia-position-left avia-color-theme-color'  target=\"_blank\"  rel=\"noopener noreferrer\"  aria-label=\"Doctolib\"><span class='avia_iconbox_title' >Doctolib<\/span><span class='avia_button_icon avia_button_icon_right avia-iconfont avia-font-entypo-fontello' data-av_icon='\ue85b' data-av_iconfont='entypo-fontello' ><\/span><\/a><\/div><\/p><\/div><div class='av-flex-placeholder'><\/div>\n<style type=\"text\/css\" data-created_by=\"avia_inline_auto\" id=\"style-css-av-115y3-d0e5460fe572c5868594daf30f62ed5c\">\n@keyframes av_boxShadowEffect_av-115y3-d0e5460fe572c5868594daf30f62ed5c-column {\n0%   { box-shadow:  0 0 0 0 #e0e0e0; opacity: 1; }\n100% { box-shadow:  0 0 30px 0 #e0e0e0; opacity: 1; }\n}\n.flex_column.av-115y3-d0e5460fe572c5868594daf30f62ed5c{\nbox-shadow: 0 0 30px 0 #e0e0e0;\nborder-radius:20px 20px 20px 20px;\npadding:50px 50px 50px 50px;\n}\n<\/style>\n<div  class='flex_column av-115y3-d0e5460fe572c5868594daf30f62ed5c av_one_half  avia-builder-el-7  el_after_av_one_half  el_before_av_hr  box-right flex_column_table_cell av-equal-height-column av-align-middle shadow-not-animated  '     ><style type=\"text\/css\" data-created_by=\"avia_inline_auto\" id=\"style-css-av-kkfba3sr-427b7becdc4f495da37962e71b28d643\">\n.avia-image-container.av-kkfba3sr-427b7becdc4f495da37962e71b28d643 img.avia_image{\nbox-shadow:none;\n}\n.avia-image-container.av-kkfba3sr-427b7becdc4f495da37962e71b28d643 .av-image-caption-overlay-center{\ncolor:#ffffff;\n}\n<\/style>\n<div  class='avia-image-container av-kkfba3sr-427b7becdc4f495da37962e71b28d643 av-styling-no-styling avia-align-  avia-builder-el-8  avia-builder-el-no-sibling '   itemprop=\"image\" itemscope=\"itemscope\" itemtype=\"https:\/\/schema.org\/ImageObject\" ><div class=\"avia-image-container-inner\"><div class=\"avia-image-overlay-wrap\"><img decoding=\"async\" fetchpriority=\"high\" class='wp-image-1086 avia-img-lazy-loading-not-1086 avia_image ' src=\"https:\/\/atos-mvz.de\/muenchen\/wp-content\/uploads\/sites\/2\/2026\/04\/rainov.jpg\" alt='Nikolai G. Rainov' title=''  height=\"550\" width=\"800\"  itemprop=\"thumbnailUrl\" srcset=\"https:\/\/atos-mvz.de\/muenchen\/wp-content\/uploads\/sites\/2\/2026\/04\/rainov.jpg 800w, https:\/\/atos-mvz.de\/muenchen\/wp-content\/uploads\/sites\/2\/2026\/04\/rainov-300x206.jpg 300w, https:\/\/atos-mvz.de\/muenchen\/wp-content\/uploads\/sites\/2\/2026\/04\/rainov-768x528.jpg 768w, https:\/\/atos-mvz.de\/muenchen\/wp-content\/uploads\/sites\/2\/2026\/04\/rainov-705x485.jpg 705w\" sizes=\"(max-width: 800px) 100vw, 800px\" \/><\/div><\/div><\/div><\/div><\/div><!--close column table wrapper. Autoclose: 1 -->\n<style type=\"text\/css\" data-created_by=\"avia_inline_auto\" id=\"style-css-av-kkfative-1-a440550d9c4ba88c38a86b0aba4c5b9f\">\n#top .hr.hr-invisible.av-kkfative-1-a440550d9c4ba88c38a86b0aba4c5b9f{\nheight:200px;\n}\n<\/style>\n<div  class='hr av-kkfative-1-a440550d9c4ba88c38a86b0aba4c5b9f hr-invisible  avia-builder-el-9  el_after_av_one_half  avia-builder-el-last '><span class='hr-inner '><span class=\"hr-inner-style\"><\/span><\/span><\/div>\n<\/div><\/div><\/div><!-- close content main div --><\/div><div class='av-extra-border-element border-extra-diagonal border-extra-diagonal-inverse '><div class='av-extra-border-outer'><div class='av-extra-border-inner'><\/div><\/div><\/div><\/div><div id='second-section'  class='avia-section av-kkfbaki1-b5d056bcb0de83f4a84ea38b74b01d41 alternate_color avia-section-large avia-no-border-styling  avia-builder-el-10  el_after_av_section  avia-builder-el-last  avia-bg-style-scroll container_wrap fullsize'  ><div class='container av-section-cont-open' ><div class='template-page content  av-content-full alpha units'><div class='post-entry post-entry-type-page post-entry-1085'><div class='entry-content-wrapper clearfix'>\n\n<style type=\"text\/css\" data-created_by=\"avia_inline_auto\" id=\"style-css-av-kkfbfgby-5de7d4c87eb7c8b743495baa81b1d24e\">\n#top .togglecontainer.av-kkfbfgby-5de7d4c87eb7c8b743495baa81b1d24e p.toggler{\nbackground-color:#ffffff;\n}\n#top .togglecontainer.av-kkfbfgby-5de7d4c87eb7c8b743495baa81b1d24e .toggle_wrap .toggle_content{\nbackground-color:#ffffff;\n}\n<\/style>\n<div  class='togglecontainer av-kkfbfgby-5de7d4c87eb7c8b743495baa81b1d24e av-minimal-toggle  avia-builder-el-11  avia-builder-el-no-sibling  toggle_close_all' >\n<section class='av_toggle_section av-mob9de14-69e418ade493a588dc09e9739cdde6aa'  itemscope=\"itemscope\" itemtype=\"https:\/\/schema.org\/CreativeWork\" ><div role=\"tablist\" class=\"single_toggle\" data-tags=\"{Alle} \"  ><p id='toggle-toggle-id-1' data-fake-id='#toggle-id-1' class='toggler  activeTitle av-title-above '  itemprop=\"headline\"  role='tab' tabindex='0' aria-controls='toggle-id-1' data-slide-speed=\"200\" data-title=\"Prof. h. c. mult. Dr. med. habil. Dr. h. c. Nikolai G. Rainov, FRCSEd FAACR\" data-title-open=\"\" data-aria_collapsed=\"Click to expand: Prof. h. c. mult. Dr. med. habil. Dr. h. c. Nikolai G. Rainov, FRCSEd FAACR\" data-aria_expanded=\"Click to collapse: Prof. h. c. mult. Dr. med. habil. Dr. h. c. Nikolai G. Rainov, FRCSEd FAACR\">Prof. h. c. mult. Dr. med. habil. Dr. h. c. Nikolai G. Rainov, FRCSEd FAACR<span class=\"toggle_icon\"><span class=\"vert_icon\"><\/span><span class=\"hor_icon\"><\/span><\/span><\/p><div id='toggle-id-1' aria-labelledby='toggle-toggle-id-1' role='region' class='toggle_wrap  active_tc av-title-above' style='display:block;' ><div class='toggle_content invers-color '  itemprop=\"text\" ><p>Prof. Dr. med. Nikolai Rainov ist ein international bekannter und sehr erfahrener Facharzt f\u00fcr Neurochirurgie und spezielle neurochirurgische Schmerztherapie mit 35 Jahren klinischer und wissenschaftlicher T\u00e4tigkeit und mit ausgewiesener Expertise in der Behandlung komplexer Erkrankungen der Wirbels\u00e4ule und des Nervensystems. Seine Schwerpunkte liegen in der mikrochirurgischen und minimal-invasiven Wirbels\u00e4ulenchirurgie und der Iliosakralgelenk-Chirurgie, der modernen instrumentierten Stabilisations- und Dekompressionsverfahren sowie in innovativen Methoden der neurochirurgischen Schmerztherapie, einschlie\u00dflich Neuromodulation und Implantation von Medikamentenpumpen. Nach seiner Facharztausbildung und Habilitation an der Martin-Luther-Universit\u00e4t Halle war Prof. Rainov in f\u00fchrenden neurochirurgischen Zentren in Deutschland, Gro\u00dfbritannien, der Schweiz und den USA t\u00e4tig, unter anderem am renommierten Walton Centre in Liverpool und am Massachusetts General Hospital der Harvard University Boston. Prof. Rainov kooperiert seit Jahrzehnten mit internationalen medizinischen Universit\u00e4ten, unter anderem in China, Ukraine und Bulgarien, wo er akademische Forschungszentren und klinische Ausbildungsstrukturen aufgebaut hat und Ehrenfunktionen aus\u00fcbt. Seine langj\u00e4hrige internationale T\u00e4tigkeit und sein Engagement in wissenschaftlichen Fachgesellschaften spiegeln sich in \u00fcber 150 Publikationen und \u00fcber 280 Vortr\u00e4gen wider. Prof. Rainov ist Tr\u00e4ger zahlreicher nationaler und internationaler Forschungspreise, unter anderem der Forschungspreis der Deutschen Akademie der Naturforscher \u201eLeopoldina\u201c und das \u201eT\u00f6nis Award and Fellowship\u201c der Deutschen Gesellschaft f\u00fcr Neurochirurgie.<\/p>\n<\/div><\/div><\/div><\/section>\n<section class='av_toggle_section av-mob9e18w-32fce71b747e23c9b086fd4eb0a81c81'  itemscope=\"itemscope\" itemtype=\"https:\/\/schema.org\/CreativeWork\" ><div role=\"tablist\" class=\"single_toggle\" data-tags=\"{Alle} \"  ><p id='toggle-toggle-id-2' data-fake-id='#toggle-id-2' class='toggler  av-title-above '  itemprop=\"headline\"  role='tab' tabindex='0' aria-controls='toggle-id-2' data-slide-speed=\"200\" data-title=\"Leistungsspektrum\" data-title-open=\"\" data-aria_collapsed=\"Click to expand: Leistungsspektrum\" data-aria_expanded=\"Click to collapse: Leistungsspektrum\">Leistungsspektrum<span class=\"toggle_icon\"><span class=\"vert_icon\"><\/span><span class=\"hor_icon\"><\/span><\/span><\/p><div id='toggle-id-2' aria-labelledby='toggle-toggle-id-2' role='region' class='toggle_wrap  av-title-above'  ><div class='toggle_content invers-color '  itemprop=\"text\" ><ul>\n<li>Hochpr\u00e4zise endoskopische und mikrochirurgische Eingriffe an der gesamten Wirbels\u00e4ule mit maximal gewebeschonenden, minimal-invasiven Techniken und dem Anspruch schnellstm\u00f6glicher Rehabilitation<\/li>\n<li>Individuell abgestimmte minimal-invasive Dekompressionsverfahren bei Bandscheibenvorf\u00e4llen und Spinalkanalstenosen \u2013 auch bei komplexen oder voroperierten Befunden<\/li>\n<li>Bildgesteuerte Schmerztherapie (CT-\/R\u00f6ntgen-gest\u00fctzt) auf h\u00f6chstem Niveau mit selektiven Infiltrationen, Nervenblockaden und Radiofrequenztechnologie<\/li>\n<li>Fortschrittlichste Verfahren der funktionellen Neurochirurgie zur Behandlung chronischer Schmerzsyndrome einschlie\u00dflich spinaler Neuromodulation (SCS mit neuesten Stimulationsformen) sowie implantierbarer Medikamentenpumpensysteme<\/li>\n<li>Minimal-invasive, rekonstruktive und langstreckige Stabilisationsverfahren der gesamten Wirbels\u00e4ule \u2013 von fokussierten Eingriffen (perkutane Ballon-Kyphoplastie) bis hin zu komplexen mehrsegmentalen Operationen (360\u00b0 &#8211; Spondylodese)<\/li>\n<li>Korrektur anspruchsvoller Wirbels\u00e4ulendeformit\u00e4ten (Skoliose, Kyphose) mit modernsten Implantat- und Operationstechniken<\/li>\n<li>Hochentwickelte rekonstruktive Verfahren einschlie\u00dflich Wirbelk\u00f6rperersatz und Implantation zervikaler Bandscheibenprothesen<\/li>\n<li>Hochspezialisierte Therapie des Iliosakralgelenks \u2013 von pr\u00e4ziser Denervierung bis zur minimal-invasiven stabilisierenden Titanimplantat-Arthrodese<\/li>\n<li>Navigations- und bildgest\u00fctzte Pr\u00e4zisionschirurgie (3D-Technologie) zur Maximierung von Sicherheit, Genauigkeit und Vorhersagbarkeit der Ergebnisse<\/li>\n<li>Pers\u00f6nliche Zweitmeinungs- und Individualkonzepte f\u00fcr anspruchsvolle und komplexe Krankheitsbilder<\/li>\n<\/ul>\n<\/div><\/div><\/div><\/section>\n<section class='av_toggle_section av-mob9fgu8-9bc94b9bd98841eb03e3a68a8ee5e407'  itemscope=\"itemscope\" itemtype=\"https:\/\/schema.org\/CreativeWork\" ><div role=\"tablist\" class=\"single_toggle\" data-tags=\"{Alle} \"  ><p id='toggle-toggle-id-3' data-fake-id='#toggle-id-3' class='toggler  av-title-above '  itemprop=\"headline\"  role='tab' tabindex='0' aria-controls='toggle-id-3' data-slide-speed=\"200\" data-title=\"Studium\" data-title-open=\"\" data-aria_collapsed=\"Click to expand: Studium\" data-aria_expanded=\"Click to collapse: Studium\">Studium<span class=\"toggle_icon\"><span class=\"vert_icon\"><\/span><span class=\"hor_icon\"><\/span><\/span><\/p><div id='toggle-id-3' aria-labelledby='toggle-toggle-id-3' role='region' class='toggle_wrap  av-title-above'  ><div class='toggle_content invers-color '  itemprop=\"text\" ><ul>\n<li>1985\u20131991 Martin-Luther-Universit\u00e4t Halle-Wittenberg, Diplommediziner (DM)<\/li>\n<li>1991 Medizinisches Staatsexamen, M.-Luther-Universit\u00e4t Halle<\/li>\n<li>1991 Studienabschluss mit \u201emagna cum laude\u201c<\/li>\n<li>1992\u20131993 Forschungsstipendiat, Institut f\u00fcr Neuropathologie, Universit\u00e4t Z\u00fcrich (bei Prof. P.Kleihues)<\/li>\n<li>1993 Promotion (Dr. med.), M.-Luther-Universit\u00e4t Halle<\/li>\n<li>1993 Doktorarbeit (Dr. med.) mit \u201esumma cum laude\u201d<\/li>\n<li>1994\u20131995 Forschungsstipendiat, Neurogenetik, Massachusetts General Hospital und Harvard Medical School, Boston (bei Prof. X.O. Breakefield)<\/li>\n<li>1996\u20131997 Gastwissenschaftler, Neurogenetik, Massachusetts General Hospital, Boston, USA<\/li>\n<li>1996 Habilitation und Venia legendi im Fach Allgemeine Neurochirurgie, Martin-Luther-Universit\u00e4t Halle<\/li>\n<li>1997 Facharzt f\u00fcr Neurochirurgie (CCST), \u00c4rztekammer Sachsen-Anhalt<\/li>\n<li>1999 Zusatzbezeichnung \u201eNeurochirurgische Schmerztherapie\u201c, \u00c4rztekammer Sachsen-Anhalt<\/li>\n<\/ul>\n<\/div><\/div><\/div><\/section>\n<section class='av_toggle_section av-mob9gzgr-6eeebf1753a12d9f2ff6581b112b375b'  itemscope=\"itemscope\" itemtype=\"https:\/\/schema.org\/CreativeWork\" ><div role=\"tablist\" class=\"single_toggle\" data-tags=\"{Alle} \"  ><p id='toggle-toggle-id-4' data-fake-id='#toggle-id-4' class='toggler  av-title-above '  itemprop=\"headline\"  role='tab' tabindex='0' aria-controls='toggle-id-4' data-slide-speed=\"200\" data-title=\"Klinischer Werdegang\" data-title-open=\"\" data-aria_collapsed=\"Click to expand: Klinischer Werdegang\" data-aria_expanded=\"Click to collapse: Klinischer Werdegang\">Klinischer Werdegang<span class=\"toggle_icon\"><span class=\"vert_icon\"><\/span><span class=\"hor_icon\"><\/span><\/span><\/p><div id='toggle-id-4' aria-labelledby='toggle-toggle-id-4' role='region' class='toggle_wrap  av-title-above'  ><div class='toggle_content invers-color '  itemprop=\"text\" ><ul>\n<li>Seit 12\/2014 Neurochirurg, MVZ Wirbels\u00e4ulenzentrum Taufkirchen\/M\u00fcnchen und Belegarzt des ISAR-Klinikums M\u00fcnchen und der ATOS Klinik M\u00fcnchen<\/li>\n<li>2007\u20132014 Oberarzt und Stellvertreter des Chefarztes, Klinik f\u00fcr Neurochirurgie, Klinikum Augsburg<\/li>\n<li>2005\u20132007 Oberarzt, Neurochirurgie, Klinikum Augsburg<\/li>\n<li>2001\u20132005\u00a0 Senior Lecturer (Clinical) und Honorary Consultant, University of Liverpool, The Walton Centre for Neurology and Neurosurgery NHS Trust und Royal Liverpool Children\u2019s Hospital Alder Hey<\/li>\n<li>2000\u20132001 Oberarzt, Neurochirurgie, MLU Halle<\/li>\n<li>1997\u20132001 Facharzt f\u00fcr Neurochirurgie, MLU Halle<\/li>\n<li>1997\u20132010 Privatdozent f\u00fcr Neurochirurgie, MLU Halle<\/li>\n<li>1993\u20131997 Assistenzarzt und Facharzt in Weiterbildung, Neurochirurgie, MLU Halle<\/li>\n<li>1991\u20131993 Arzt im Praktikum, Neurochirurgie, MLU Halle<\/li>\n<\/ul>\n<\/div><\/div><\/div><\/section>\n<section class='av_toggle_section av-mob9hvnj-2604339caa2f4f653214fe1c6e649dcb'  itemscope=\"itemscope\" itemtype=\"https:\/\/schema.org\/CreativeWork\" ><div role=\"tablist\" class=\"single_toggle\" data-tags=\"{Alle} \"  ><p id='toggle-toggle-id-5' data-fake-id='#toggle-id-5' class='toggler  av-title-above '  itemprop=\"headline\"  role='tab' tabindex='0' aria-controls='toggle-id-5' data-slide-speed=\"200\" data-title=\"Mitgliedschaften in Fachgesellschaften\" data-title-open=\"\" data-aria_collapsed=\"Click to expand: Mitgliedschaften in Fachgesellschaften\" data-aria_expanded=\"Click to collapse: Mitgliedschaften in Fachgesellschaften\">Mitgliedschaften in Fachgesellschaften<span class=\"toggle_icon\"><span class=\"vert_icon\"><\/span><span class=\"hor_icon\"><\/span><\/span><\/p><div id='toggle-id-5' aria-labelledby='toggle-toggle-id-5' role='region' class='toggle_wrap  av-title-above'  ><div class='toggle_content invers-color '  itemprop=\"text\" ><ul>\n<li>FMH Schweiz (seit 2014)<br \/>\nFellow of Royal College of Surgeons of Edinburgh (FRCSEd, seit 2004)<\/li>\n<li>UK Children\u2019s Cancer Study Group (seit 2003)<\/li>\n<li>Society of British Neurological Surgeons (seit 2002)<\/li>\n<li>American Association of Neurological Surgeons (seit 2001)<\/li>\n<li>European Association of Neurooncology (EANO, seit 1999)<\/li>\n<li>Deutsche Krebsgesellschaft (seit 1999)<\/li>\n<li>US Society for Neurooncology (SNO, seit 1999)<\/li>\n<li>American Society of Gene Therapy (seit 1998)<\/li>\n<li>Deutsche Gesellschaft zum Studium des Schmerzes (DGSS, seit 1998)<\/li>\n<li>European Society for Gene Therapy (seit 1997)<\/li>\n<li>American Association for Cancer Research (seit 1995)<\/li>\n<li>Deutsche Arbeitsgemeinschaft f\u00fcr Gentherapie (seit 1995)<\/li>\n<li>Deutsche Gesellschaft f\u00fcr Neurochirurgie (DGNC, seit 1992)<\/li>\n<\/ul>\n<\/div><\/div><\/div><\/section>\n<\/div>\n<\/p>\n","protected":false},"excerpt":{"rendered":"","protected":false},"author":1,"featured_media":1086,"comment_status":"closed","ping_status":"closed","template":"","meta":{"footnotes":""},"tags":[],"portfolio_entries":[3],"class_list":["post-1085","portfolio","type-portfolio","status-publish","has-post-thumbnail","hentry","portfolio_entries-arzt"],"yoast_head":"<!-- This site is optimized with the Yoast SEO plugin v27.3 - https:\/\/yoast.com\/product\/yoast-seo-wordpress\/ -->\n<title>Prof. Dr. med. Nikolai G. Raino - MVZ M\u00fcnchen<\/title>\n<meta name=\"robots\" content=\"index, follow, max-snippet:-1, max-image-preview:large, max-video-preview:-1\" \/>\n<link rel=\"canonical\" href=\"https:\/\/atos-mvz.de\/muenchen\/arzt\/dr-med-nikolai-g-rainov\/\" \/>\n<meta property=\"og:locale\" content=\"de_DE\" \/>\n<meta property=\"og:type\" content=\"article\" \/>\n<meta property=\"og:title\" content=\"Prof. Dr. med. Nikolai G. Raino - MVZ M\u00fcnchen\" \/>\n<meta property=\"og:url\" content=\"https:\/\/atos-mvz.de\/muenchen\/arzt\/dr-med-nikolai-g-rainov\/\" \/>\n<meta property=\"og:site_name\" content=\"MVZ M\u00fcnchen\" \/>\n<meta property=\"article:modified_time\" content=\"2026-04-23T14:45:30+00:00\" \/>\n<meta property=\"og:image\" content=\"https:\/\/atos-mvz.de\/muenchen\/wp-content\/uploads\/sites\/2\/2026\/04\/rainov.jpg\" \/>\n\t<meta property=\"og:image:width\" content=\"800\" \/>\n\t<meta property=\"og:image:height\" content=\"550\" \/>\n\t<meta property=\"og:image:type\" content=\"image\/jpeg\" \/>\n<meta name=\"twitter:card\" content=\"summary_large_image\" \/>\n<script type=\"application\/ld+json\" class=\"yoast-schema-graph\">{\"@context\":\"https:\\\/\\\/schema.org\",\"@graph\":[{\"@type\":\"WebPage\",\"@id\":\"https:\\\/\\\/atos-mvz.de\\\/muenchen\\\/arzt\\\/dr-med-nikolai-g-rainov\\\/\",\"url\":\"https:\\\/\\\/atos-mvz.de\\\/muenchen\\\/arzt\\\/dr-med-nikolai-g-rainov\\\/\",\"name\":\"Prof. Dr. med. Nikolai G. Raino - MVZ M\u00fcnchen\",\"isPartOf\":{\"@id\":\"https:\\\/\\\/atos-mvz.de\\\/muenchen\\\/#website\"},\"primaryImageOfPage\":{\"@id\":\"https:\\\/\\\/atos-mvz.de\\\/muenchen\\\/arzt\\\/dr-med-nikolai-g-rainov\\\/#primaryimage\"},\"image\":{\"@id\":\"https:\\\/\\\/atos-mvz.de\\\/muenchen\\\/arzt\\\/dr-med-nikolai-g-rainov\\\/#primaryimage\"},\"thumbnailUrl\":\"https:\\\/\\\/atos-mvz.de\\\/muenchen\\\/wp-content\\\/uploads\\\/sites\\\/2\\\/2026\\\/04\\\/rainov.jpg\",\"datePublished\":\"2026-04-23T09:19:20+00:00\",\"dateModified\":\"2026-04-23T14:45:30+00:00\",\"breadcrumb\":{\"@id\":\"https:\\\/\\\/atos-mvz.de\\\/muenchen\\\/arzt\\\/dr-med-nikolai-g-rainov\\\/#breadcrumb\"},\"inLanguage\":\"de\",\"potentialAction\":[{\"@type\":\"ReadAction\",\"target\":[\"https:\\\/\\\/atos-mvz.de\\\/muenchen\\\/arzt\\\/dr-med-nikolai-g-rainov\\\/\"]}]},{\"@type\":\"ImageObject\",\"inLanguage\":\"de\",\"@id\":\"https:\\\/\\\/atos-mvz.de\\\/muenchen\\\/arzt\\\/dr-med-nikolai-g-rainov\\\/#primaryimage\",\"url\":\"https:\\\/\\\/atos-mvz.de\\\/muenchen\\\/wp-content\\\/uploads\\\/sites\\\/2\\\/2026\\\/04\\\/rainov.jpg\",\"contentUrl\":\"https:\\\/\\\/atos-mvz.de\\\/muenchen\\\/wp-content\\\/uploads\\\/sites\\\/2\\\/2026\\\/04\\\/rainov.jpg\",\"width\":800,\"height\":550,\"caption\":\"Nikolai G. Rainov\"},{\"@type\":\"BreadcrumbList\",\"@id\":\"https:\\\/\\\/atos-mvz.de\\\/muenchen\\\/arzt\\\/dr-med-nikolai-g-rainov\\\/#breadcrumb\",\"itemListElement\":[{\"@type\":\"ListItem\",\"position\":1,\"name\":\"Startseite\",\"item\":\"https:\\\/\\\/atos-mvz.de\\\/muenchen\\\/startseite\\\/\"},{\"@type\":\"ListItem\",\"position\":2,\"name\":\"Prof. Dr. med. Nikolai G. Raino\"}]},{\"@type\":\"WebSite\",\"@id\":\"https:\\\/\\\/atos-mvz.de\\\/muenchen\\\/#website\",\"url\":\"https:\\\/\\\/atos-mvz.de\\\/muenchen\\\/\",\"name\":\"MVZ M\u00fcnchen\",\"description\":\"\",\"potentialAction\":[{\"@type\":\"SearchAction\",\"target\":{\"@type\":\"EntryPoint\",\"urlTemplate\":\"https:\\\/\\\/atos-mvz.de\\\/muenchen\\\/?s={search_term_string}\"},\"query-input\":{\"@type\":\"PropertyValueSpecification\",\"valueRequired\":true,\"valueName\":\"search_term_string\"}}],\"inLanguage\":\"de\"}]}<\/script>\n<!-- \/ Yoast SEO plugin. -->","yoast_head_json":{"title":"Prof. Dr. med. Nikolai G. Raino - MVZ M\u00fcnchen","robots":{"index":"index","follow":"follow","max-snippet":"max-snippet:-1","max-image-preview":"max-image-preview:large","max-video-preview":"max-video-preview:-1"},"canonical":"https:\/\/atos-mvz.de\/muenchen\/arzt\/dr-med-nikolai-g-rainov\/","og_locale":"de_DE","og_type":"article","og_title":"Prof. Dr. med. Nikolai G. Raino - MVZ M\u00fcnchen","og_url":"https:\/\/atos-mvz.de\/muenchen\/arzt\/dr-med-nikolai-g-rainov\/","og_site_name":"MVZ M\u00fcnchen","article_modified_time":"2026-04-23T14:45:30+00:00","og_image":[{"width":800,"height":550,"url":"https:\/\/atos-mvz.de\/muenchen\/wp-content\/uploads\/sites\/2\/2026\/04\/rainov.jpg","type":"image\/jpeg"}],"twitter_card":"summary_large_image","schema":{"@context":"https:\/\/schema.org","@graph":[{"@type":"WebPage","@id":"https:\/\/atos-mvz.de\/muenchen\/arzt\/dr-med-nikolai-g-rainov\/","url":"https:\/\/atos-mvz.de\/muenchen\/arzt\/dr-med-nikolai-g-rainov\/","name":"Prof. Dr. med. Nikolai G. Raino - MVZ M\u00fcnchen","isPartOf":{"@id":"https:\/\/atos-mvz.de\/muenchen\/#website"},"primaryImageOfPage":{"@id":"https:\/\/atos-mvz.de\/muenchen\/arzt\/dr-med-nikolai-g-rainov\/#primaryimage"},"image":{"@id":"https:\/\/atos-mvz.de\/muenchen\/arzt\/dr-med-nikolai-g-rainov\/#primaryimage"},"thumbnailUrl":"https:\/\/atos-mvz.de\/muenchen\/wp-content\/uploads\/sites\/2\/2026\/04\/rainov.jpg","datePublished":"2026-04-23T09:19:20+00:00","dateModified":"2026-04-23T14:45:30+00:00","breadcrumb":{"@id":"https:\/\/atos-mvz.de\/muenchen\/arzt\/dr-med-nikolai-g-rainov\/#breadcrumb"},"inLanguage":"de","potentialAction":[{"@type":"ReadAction","target":["https:\/\/atos-mvz.de\/muenchen\/arzt\/dr-med-nikolai-g-rainov\/"]}]},{"@type":"ImageObject","inLanguage":"de","@id":"https:\/\/atos-mvz.de\/muenchen\/arzt\/dr-med-nikolai-g-rainov\/#primaryimage","url":"https:\/\/atos-mvz.de\/muenchen\/wp-content\/uploads\/sites\/2\/2026\/04\/rainov.jpg","contentUrl":"https:\/\/atos-mvz.de\/muenchen\/wp-content\/uploads\/sites\/2\/2026\/04\/rainov.jpg","width":800,"height":550,"caption":"Nikolai G. Rainov"},{"@type":"BreadcrumbList","@id":"https:\/\/atos-mvz.de\/muenchen\/arzt\/dr-med-nikolai-g-rainov\/#breadcrumb","itemListElement":[{"@type":"ListItem","position":1,"name":"Startseite","item":"https:\/\/atos-mvz.de\/muenchen\/startseite\/"},{"@type":"ListItem","position":2,"name":"Prof. Dr. med. Nikolai G. Raino"}]},{"@type":"WebSite","@id":"https:\/\/atos-mvz.de\/muenchen\/#website","url":"https:\/\/atos-mvz.de\/muenchen\/","name":"MVZ M\u00fcnchen","description":"","potentialAction":[{"@type":"SearchAction","target":{"@type":"EntryPoint","urlTemplate":"https:\/\/atos-mvz.de\/muenchen\/?s={search_term_string}"},"query-input":{"@type":"PropertyValueSpecification","valueRequired":true,"valueName":"search_term_string"}}],"inLanguage":"de"}]}},"_links":{"self":[{"href":"https:\/\/atos-mvz.de\/muenchen\/wp-json\/wp\/v2\/portfolio\/1085","targetHints":{"allow":["GET"]}}],"collection":[{"href":"https:\/\/atos-mvz.de\/muenchen\/wp-json\/wp\/v2\/portfolio"}],"about":[{"href":"https:\/\/atos-mvz.de\/muenchen\/wp-json\/wp\/v2\/types\/portfolio"}],"author":[{"embeddable":true,"href":"https:\/\/atos-mvz.de\/muenchen\/wp-json\/wp\/v2\/users\/1"}],"replies":[{"embeddable":true,"href":"https:\/\/atos-mvz.de\/muenchen\/wp-json\/wp\/v2\/comments?post=1085"}],"version-history":[{"count":5,"href":"https:\/\/atos-mvz.de\/muenchen\/wp-json\/wp\/v2\/portfolio\/1085\/revisions"}],"predecessor-version":[{"id":1101,"href":"https:\/\/atos-mvz.de\/muenchen\/wp-json\/wp\/v2\/portfolio\/1085\/revisions\/1101"}],"wp:featuredmedia":[{"embeddable":true,"href":"https:\/\/atos-mvz.de\/muenchen\/wp-json\/wp\/v2\/media\/1086"}],"wp:attachment":[{"href":"https:\/\/atos-mvz.de\/muenchen\/wp-json\/wp\/v2\/media?parent=1085"}],"wp:term":[{"taxonomy":"post_tag","embeddable":true,"href":"https:\/\/atos-mvz.de\/muenchen\/wp-json\/wp\/v2\/tags?post=1085"},{"taxonomy":"portfolio_entries","embeddable":true,"href":"https:\/\/atos-mvz.de\/muenchen\/wp-json\/wp\/v2\/portfolio_entries?post=1085"}],"curies":[{"name":"wp","href":"https:\/\/api.w.org\/{rel}","templated":true}]}}