{"id":395,"date":"2023-07-05T16:37:58","date_gmt":"2023-07-05T14:37:58","guid":{"rendered":"https:\/\/atos-mvz.de\/diez\/?post_type=portfolio&#038;p=395"},"modified":"2026-01-14T12:19:29","modified_gmt":"2026-01-14T11:19:29","slug":"dr-ivo-marcel-knych","status":"publish","type":"portfolio","link":"https:\/\/atos-mvz.de\/diez\/arzt\/dr-ivo-marcel-knych\/","title":{"rendered":"Dr. Ivo Marcel Knych"},"content":{"rendered":"\n<style type=\"text\/css\" data-created_by=\"avia_inline_auto\" id=\"style-css-av-kkz6ycyg-bcd0d69afb2f9c2e6a5d91e3fc5dda39\">\n.avia-section.av-kkz6ycyg-bcd0d69afb2f9c2e6a5d91e3fc5dda39{\nbackground-repeat:no-repeat;\nbackground-image:url(https:\/\/atos-mvz.de\/diez\/wp-content\/uploads\/sites\/5\/2021\/02\/diez-castle.jpg);\nbackground-position:0% 50%;\nbackground-attachment:scroll;\n}\n.avia-section.av-kkz6ycyg-bcd0d69afb2f9c2e6a5d91e3fc5dda39 .av-extra-border-element .av-extra-border-inner{\nbackground-color:#ffffff;\n}\n<\/style>\n<div id='header-img'  class='avia-section av-kkz6ycyg-bcd0d69afb2f9c2e6a5d91e3fc5dda39 main_color avia-section-huge avia-no-border-styling  avia-builder-el-0  el_before_av_section  avia-builder-el-first  largeimg avia-full-stretch avia-bg-style-scroll container_wrap fullsize'  data-section-bg-repeat='stretch'><div class='container av-section-cont-open' ><main  role=\"main\" itemprop=\"mainContentOfPage\"  class='template-page content  av-content-full alpha units'><div class='post-entry post-entry-type-page post-entry-395'><div class='entry-content-wrapper clearfix'>\n<\/div><\/div><\/main><!-- close content main element --><\/div><div class='av-extra-border-element border-extra-diagonal border-extra-diagonal-inverse '><div class='av-extra-border-outer'><div class='av-extra-border-inner'><\/div><\/div><\/div><\/div>\n<style type=\"text\/css\" data-created_by=\"avia_inline_auto\" id=\"style-css-av-kkz6zmu9-5200c4acb049f7cec545e1c0b438de35\">\n.avia-section.av-kkz6zmu9-5200c4acb049f7cec545e1c0b438de35 .av-extra-border-element .av-extra-border-inner{\nbackground-color:#f1f0f5;\n}\n<\/style>\n<div id='first-section'  class='avia-section av-kkz6zmu9-5200c4acb049f7cec545e1c0b438de35 main_color avia-section-large avia-no-border-styling  avia-builder-el-1  el_after_av_section  el_before_av_section  avia-bg-style-scroll container_wrap fullsize'  ><div class='container av-section-cont-open' ><div class='template-page content  av-content-full alpha units'><div class='post-entry post-entry-type-page post-entry-395'><div class='entry-content-wrapper clearfix'>\n\n<style type=\"text\/css\" data-created_by=\"avia_inline_auto\" id=\"style-css-av-kkz70a44-4771aba11860de48549480fbf366bd97\">\n.flex_column.av-kkz70a44-4771aba11860de48549480fbf366bd97{\nborder-radius:0px 0px 0px 0px;\npadding:0px 0px 0px 0px;\n}\n<\/style>\n<div  class='flex_column av-kkz70a44-4771aba11860de48549480fbf366bd97 av_one_half  avia-builder-el-2  el_before_av_one_half  avia-builder-el-first  first av-break-at-tablet flex_column_div av-zero-column-padding  '     ><section  class='av_textblock_section av-kkz711ed-802490503fe7b85d8b20bca9b00703d5 '   itemscope=\"itemscope\" itemtype=\"https:\/\/schema.org\/CreativeWork\" ><div class='avia_textblock'  itemprop=\"text\" ><h1><strong>Dr. Ivo Marcel Knych<\/strong><\/h1>\n<h3>Facharzt f\u00fcr Orthop\u00e4dische Chirurgie und Traumatologie des Bewegungsapparates (CH)<br \/>\nFacharzt f\u00fcr Orthop\u00e4die und Unfallchirurgie (D)<\/h3>\n<\/div><\/section><br \/>\n<div  class='avia-button-wrap av-kkzbydgi-4959451c170801e8fa17126a980340f8-wrap avia-button-left  avia-builder-el-4  el_after_av_textblock  avia-builder-el-last '><a href='https:\/\/atos-mvz.de\/diez\/kontakt\/'  class='avia-button av-kkzbydgi-4959451c170801e8fa17126a980340f8 av-link-btn avia-icon_select-yes-right-icon avia-size-small avia-position-left avia-color-theme-color'   aria-label=\"Termin vereinbaren\"><span class='avia_iconbox_title' >Termin vereinbaren<\/span><span class='avia_button_icon avia_button_icon_right avia-iconfont avia-font-entypo-fontello' data-av_icon='\ue85b' data-av_iconfont='entypo-fontello' ><\/span><\/a><\/div><\/p><\/div>\n<style type=\"text\/css\" data-created_by=\"avia_inline_auto\" id=\"style-css-av-kkz727zd-603fca71bba6858a8375ae8dee4b17a2\">\n@keyframes av_boxShadowEffect_av-kkz727zd-603fca71bba6858a8375ae8dee4b17a2-column {\n0%   { box-shadow:  0 0 0 0 #e0e0e0; opacity: 1; }\n100% { box-shadow:  0 0 30px 0 #e0e0e0; opacity: 1; }\n}\n.flex_column.av-kkz727zd-603fca71bba6858a8375ae8dee4b17a2{\nbox-shadow: 0 0 30px 0 #e0e0e0;\nborder-radius:20px 20px 20px 20px;\npadding:50px 50px 50px 50px;\n}\n<\/style>\n<div  class='flex_column av-kkz727zd-603fca71bba6858a8375ae8dee4b17a2 av_one_half  avia-builder-el-5  el_after_av_one_half  el_before_av_hr  av-break-at-tablet flex_column_div shadow-not-animated  '     ><style type=\"text\/css\" data-created_by=\"avia_inline_auto\" id=\"style-css-av-kkz71f2v-54791ad1a886946d065180b83292182e\">\n.avia-image-container.av-kkz71f2v-54791ad1a886946d065180b83292182e img.avia_image{\nbox-shadow:none;\n}\n.avia-image-container.av-kkz71f2v-54791ad1a886946d065180b83292182e .av-image-caption-overlay-center{\ncolor:#ffffff;\n}\n<\/style>\n<div  class='avia-image-container av-kkz71f2v-54791ad1a886946d065180b83292182e av-styling-no-styling avia-align-  avia-builder-el-6  avia-builder-el-no-sibling '   itemprop=\"image\" itemscope=\"itemscope\" itemtype=\"https:\/\/schema.org\/ImageObject\" ><div class=\"avia-image-container-inner\"><div class=\"avia-image-overlay-wrap\"><img decoding=\"async\" fetchpriority=\"high\" class='wp-image-396 avia-img-lazy-loading-not-396 avia_image ' src=\"https:\/\/atos-mvz.de\/diez\/wp-content\/uploads\/sites\/5\/2023\/07\/dr-knych.jpg\" alt='' title=''  height=\"550\" width=\"800\"  itemprop=\"thumbnailUrl\" srcset=\"https:\/\/atos-mvz.de\/diez\/wp-content\/uploads\/sites\/5\/2023\/07\/dr-knych.jpg 800w, https:\/\/atos-mvz.de\/diez\/wp-content\/uploads\/sites\/5\/2023\/07\/dr-knych-300x206.jpg 300w, https:\/\/atos-mvz.de\/diez\/wp-content\/uploads\/sites\/5\/2023\/07\/dr-knych-768x528.jpg 768w, https:\/\/atos-mvz.de\/diez\/wp-content\/uploads\/sites\/5\/2023\/07\/dr-knych-705x485.jpg 705w\" sizes=\"(max-width: 800px) 100vw, 800px\" \/><\/div><\/div><\/div><\/div>\n<style type=\"text\/css\" data-created_by=\"avia_inline_auto\" id=\"style-css-av-kkz6yzh9-1-4603477fa23523422bfd6a2c21ad1959\">\n#top .hr.hr-invisible.av-kkz6yzh9-1-4603477fa23523422bfd6a2c21ad1959{\nheight:200px;\n}\n<\/style>\n<div  class='hr av-kkz6yzh9-1-4603477fa23523422bfd6a2c21ad1959 hr-invisible  avia-builder-el-7  el_after_av_one_half  avia-builder-el-last '><span class='hr-inner '><span class=\"hr-inner-style\"><\/span><\/span><\/div>\n<\/p>\n<\/div><\/div><\/div><!-- close content main div --><\/div><div class='av-extra-border-element border-extra-diagonal border-extra-diagonal-inverse '><div class='av-extra-border-outer'><div class='av-extra-border-inner'><\/div><\/div><\/div><\/div><div id='second-section'  class='avia-section av-kkz73vdl-b330bce7beec1f430be574527d397dde alternate_color avia-section-large avia-no-border-styling  avia-builder-el-8  el_after_av_section  avia-builder-el-last  avia-bg-style-scroll container_wrap fullsize'  ><div class='container av-section-cont-open' ><div class='template-page content  av-content-full alpha units'><div class='post-entry post-entry-type-page post-entry-395'><div class='entry-content-wrapper clearfix'>\n\n<style type=\"text\/css\" data-created_by=\"avia_inline_auto\" id=\"style-css-av-kkz75dmh-e94fedf6efb3e9190d4753a600632dc6\">\n#top .togglecontainer.av-kkz75dmh-e94fedf6efb3e9190d4753a600632dc6 p.toggler{\nbackground-color:#ffffff;\n}\n#top .togglecontainer.av-kkz75dmh-e94fedf6efb3e9190d4753a600632dc6 .toggle_wrap .toggle_content{\nbackground-color:#ffffff;\n}\n<\/style>\n<div  class='togglecontainer av-kkz75dmh-e94fedf6efb3e9190d4753a600632dc6 av-minimal-toggle  avia-builder-el-9  avia-builder-el-no-sibling  toggle_close_all' >\n<section class='av_toggle_section av-ljptjuwj-0211e84a2aa2704c0eee1e011d0a5b83'  itemscope=\"itemscope\" itemtype=\"https:\/\/schema.org\/CreativeWork\" ><div role=\"tablist\" class=\"single_toggle\" data-tags=\"{Alle} \"  ><p id='toggle-toggle-id-1' data-fake-id='#toggle-id-1' class='toggler  activeTitle av-title-above '  itemprop=\"headline\"  role='tab' tabindex='0' aria-controls='toggle-id-1' data-slide-speed=\"200\" data-title=\"Dr. Ivo Marcel Knych\" data-title-open=\"\" data-aria_collapsed=\"Click to expand: Dr. Ivo Marcel Knych\" data-aria_expanded=\"Click to collapse: Dr. Ivo Marcel Knych\">Dr. Ivo Marcel Knych<span class=\"toggle_icon\"><span class=\"vert_icon\"><\/span><span class=\"hor_icon\"><\/span><\/span><\/p><div id='toggle-id-1' aria-labelledby='toggle-toggle-id-1' role='region' class='toggle_wrap  active_tc av-title-above' style='display:block;' ><div class='toggle_content invers-color '  itemprop=\"text\" ><p>Gelenke, Knochen, Muskeln und Sehnen des Menschen funktionieren in einem faszinierenden Zusammenspiel. Trotz ihrer Effektivit\u00e4t und Best\u00e4ndigkeit k\u00f6nnen diese Strukturen durch altersbedingte Abnutzungserscheinungen, Unf\u00e4lle und st\u00e4ndige Fehlbelastungen verletzt werden. Die Folgen sind Einschr\u00e4nkungen im Alltag, Beruf oder beim Sport.<\/p>\n<p>Ich, als Leitender Oberarzt in der ATOS orthop\u00e4dischen Klinik Braunfels und ATOS MVZ Diez mit Aus- und Weiterbildung in der Schweiz, berate und behandle Sie gerne an den jeweiligen Standorten stets pers\u00f6nlich. Ich orientiere mich an Ihren individuellen Beschwerden und Bed\u00fcrfnissen, damit f\u00fcr Sie eine optimale Behandlungsstrategie mit Aussch\u00f6pfung der konservativen Therapie und wenn n\u00f6tig eine operative Therapie gefunden wird.<\/p>\n<\/div><\/div><\/div><\/section>\n<section class='av_toggle_section av-ljpti1k8-f98e04d862c016bba245699331741d71'  itemscope=\"itemscope\" itemtype=\"https:\/\/schema.org\/CreativeWork\" ><div role=\"tablist\" class=\"single_toggle\" data-tags=\"{Alle} \"  ><p id='toggle-toggle-id-2' data-fake-id='#toggle-id-2' class='toggler  av-title-above '  itemprop=\"headline\"  role='tab' tabindex='0' aria-controls='toggle-id-2' data-slide-speed=\"200\" data-title=\"Leistungsspektrum\" data-title-open=\"\" data-aria_collapsed=\"Click to expand: Leistungsspektrum\" data-aria_expanded=\"Click to collapse: Leistungsspektrum\">Leistungsspektrum<span class=\"toggle_icon\"><span class=\"vert_icon\"><\/span><span class=\"hor_icon\"><\/span><\/span><\/p><div id='toggle-id-2' aria-labelledby='toggle-toggle-id-2' role='region' class='toggle_wrap  av-title-above'  ><div class='toggle_content invers-color '  itemprop=\"text\" ><p><strong>Konservative Therapie:<\/strong><\/p>\n<ul>\n<li>Diagnostik und Therapie im gesamten orthop\u00e4dischen Spektrum<\/li>\n<li>Infiltrationstherapie<\/li>\n<li>Sto\u00dfwellentherapie<\/li>\n<li>Sportverletzungen<\/li>\n<\/ul>\n<p><strong>Operative Therapie:<\/strong><\/p>\n<ul>\n<li>Endoprothetische Operationen des H\u00fcftgelenkes in minimalinvasiver Technik (MIS) Endoprothetische Operationen des Kniegelenkes<\/li>\n<li>Arthroskopische Operationen des Kniegelenkes<\/li>\n<li>Meniskustherapie: Meniskektomie, Meniskusnaht<\/li>\n<li>Gelenkknorpeltherapie: AMIC &#8211; Verfahren, biologisches Knorpelimplantat<\/li>\n<li>Vordere Kreuzbandplastik<\/li>\n<li>Chirurgische Kleineingriffe \/ Entfernung Osteosynthesematerial<\/li>\n<\/ul>\n<\/div><\/div><\/div><\/section>\n<section class='av_toggle_section av-ljptiiwf-9d95d6707d645ebbeed64d39f7bd7eb7'  itemscope=\"itemscope\" itemtype=\"https:\/\/schema.org\/CreativeWork\" ><div role=\"tablist\" class=\"single_toggle\" data-tags=\"{Alle} \"  ><p id='toggle-toggle-id-3' data-fake-id='#toggle-id-3' class='toggler  av-title-above '  itemprop=\"headline\"  role='tab' tabindex='0' aria-controls='toggle-id-3' data-slide-speed=\"200\" data-title=\"Ausbildung\" data-title-open=\"\" data-aria_collapsed=\"Click to expand: Ausbildung\" data-aria_expanded=\"Click to collapse: Ausbildung\">Ausbildung<span class=\"toggle_icon\"><span class=\"vert_icon\"><\/span><span class=\"hor_icon\"><\/span><\/span><\/p><div id='toggle-id-3' aria-labelledby='toggle-toggle-id-3' role='region' class='toggle_wrap  av-title-above'  ><div class='toggle_content invers-color '  itemprop=\"text\" ><ul>\n<li>2004 \u2013 2011 Studium der Humanmedizin an der Johannes \u2013 Gutenberg \u2013 Universit\u00e4t Mainz<\/li>\n<li>2011 Approbation als Arzt<\/li>\n<li>2015 Promotion<\/li>\n<\/ul>\n<\/div><\/div><\/div><\/section>\n<section class='av_toggle_section av-ljptj26s-574dac52f7d6b4768dd2f88ed178445c'  itemscope=\"itemscope\" itemtype=\"https:\/\/schema.org\/CreativeWork\" ><div role=\"tablist\" class=\"single_toggle\" data-tags=\"{Alle} \"  ><p id='toggle-toggle-id-4' data-fake-id='#toggle-id-4' class='toggler  av-title-above '  itemprop=\"headline\"  role='tab' tabindex='0' aria-controls='toggle-id-4' data-slide-speed=\"200\" data-title=\"Klinischer Werdegang\" data-title-open=\"\" data-aria_collapsed=\"Click to expand: Klinischer Werdegang\" data-aria_expanded=\"Click to collapse: Klinischer Werdegang\">Klinischer Werdegang<span class=\"toggle_icon\"><span class=\"vert_icon\"><\/span><span class=\"hor_icon\"><\/span><\/span><\/p><div id='toggle-id-4' aria-labelledby='toggle-toggle-id-4' role='region' class='toggle_wrap  av-title-above'  ><div class='toggle_content invers-color '  itemprop=\"text\" ><ul>\n<li>2012 \u2013 2020 Facharztweiterbildung in der Schweiz (Spital Lachen, Kantonsspital Graub\u00fcnden, Orthop\u00e4diezentrum der Kantonsspit\u00e4ler Aarau\/Baden, Spital Muri)<\/li>\n<li>08\/2019 \u2013 02\/2021 Oberarzt i.V. f\u00fcr Chirurgie, Orthop\u00e4die und Traumatologie, Spital Muri (Schweiz)<\/li>\n<li>Seit 03\/2021 Facharzt f\u00fcr Orthop\u00e4die und Unfallchirurgie in der ATOS Orthop\u00e4dischen Klinik Braunfels<\/li>\n<li>Seit 05\/2022 Facharzt f\u00fcr Orthop\u00e4die und Unfallchirurgie im ATOS MVZ Diez<\/li>\n<li>Seit 06\/2022 Leitender Oberarzt in der ATOS Orthop\u00e4dischen Klinik Braunfels<\/li>\n<\/ul>\n<\/div><\/div><\/div><\/section>\n<\/div>\n\n","protected":false},"excerpt":{"rendered":"<p>Facharzt f\u00fcr Orthop\u00e4dische Chirurgie und Traumatologie des Bewegungsapparates (CH)<br \/>\nFacharzt f\u00fcr Orthop\u00e4die und Unfallchirurgie (D)<\/p>\n","protected":false},"author":1,"featured_media":396,"comment_status":"closed","ping_status":"closed","template":"","meta":{"footnotes":""},"tags":[],"portfolio_entries":[3],"class_list":["post-395","portfolio","type-portfolio","status-publish","has-post-thumbnail","hentry","portfolio_entries-arzt"],"yoast_head":"<!-- This site is optimized with the Yoast SEO plugin v27.3 - https:\/\/yoast.com\/product\/yoast-seo-wordpress\/ -->\n<title>Dr. Ivo Marcel Knych - MVZ Braunfels - Diez<\/title>\n<meta name=\"description\" content=\"Dr. med. Ivo Marcel Knych: Facharzt f\u00fcr Orthop\u00e4die im MVZ Diez. Spezialisiert auf Infiltrationstherapie, Sto\u00dfwellen &amp; Gelenkerhalt. Ihr Experte vor Ort.\" \/>\n<meta name=\"robots\" content=\"index, follow, max-snippet:-1, max-image-preview:large, max-video-preview:-1\" \/>\n<link rel=\"canonical\" href=\"https:\/\/atos-mvz.de\/diez\/arzt\/dr-ivo-marcel-knych\/\" \/>\n<meta property=\"og:locale\" content=\"de_DE\" \/>\n<meta property=\"og:type\" content=\"article\" \/>\n<meta property=\"og:title\" content=\"Dr. Ivo Marcel Knych - MVZ Braunfels - Diez\" \/>\n<meta property=\"og:description\" content=\"Dr. med. Ivo Marcel Knych: Facharzt f\u00fcr Orthop\u00e4die im MVZ Diez. Spezialisiert auf Infiltrationstherapie, Sto\u00dfwellen &amp; Gelenkerhalt. Ihr Experte vor Ort.\" \/>\n<meta property=\"og:url\" content=\"https:\/\/atos-mvz.de\/diez\/arzt\/dr-ivo-marcel-knych\/\" \/>\n<meta property=\"og:site_name\" content=\"MVZ Braunfels - Diez\" \/>\n<meta property=\"article:modified_time\" content=\"2026-01-14T11:19:29+00:00\" \/>\n<meta property=\"og:image\" content=\"https:\/\/atos-mvz.de\/diez\/wp-content\/uploads\/sites\/5\/2023\/07\/dr-knych.jpg\" \/>\n\t<meta property=\"og:image:width\" content=\"800\" \/>\n\t<meta property=\"og:image:height\" content=\"550\" \/>\n\t<meta property=\"og:image:type\" content=\"image\/jpeg\" \/>\n<meta name=\"twitter:card\" content=\"summary_large_image\" \/>\n<script type=\"application\/ld+json\" class=\"yoast-schema-graph\">{\"@context\":\"https:\\\/\\\/schema.org\",\"@graph\":[{\"@type\":\"WebPage\",\"@id\":\"https:\\\/\\\/atos-mvz.de\\\/diez\\\/arzt\\\/dr-ivo-marcel-knych\\\/\",\"url\":\"https:\\\/\\\/atos-mvz.de\\\/diez\\\/arzt\\\/dr-ivo-marcel-knych\\\/\",\"name\":\"Dr. Ivo Marcel Knych - MVZ Braunfels - Diez\",\"isPartOf\":{\"@id\":\"https:\\\/\\\/atos-mvz.de\\\/diez\\\/#website\"},\"primaryImageOfPage\":{\"@id\":\"https:\\\/\\\/atos-mvz.de\\\/diez\\\/arzt\\\/dr-ivo-marcel-knych\\\/#primaryimage\"},\"image\":{\"@id\":\"https:\\\/\\\/atos-mvz.de\\\/diez\\\/arzt\\\/dr-ivo-marcel-knych\\\/#primaryimage\"},\"thumbnailUrl\":\"https:\\\/\\\/atos-mvz.de\\\/diez\\\/wp-content\\\/uploads\\\/sites\\\/5\\\/2023\\\/07\\\/dr-knych.jpg\",\"datePublished\":\"2023-07-05T14:37:58+00:00\",\"dateModified\":\"2026-01-14T11:19:29+00:00\",\"description\":\"Dr. med. Ivo Marcel Knych: Facharzt f\u00fcr Orthop\u00e4die im MVZ Diez. Spezialisiert auf Infiltrationstherapie, Sto\u00dfwellen & Gelenkerhalt. Ihr Experte vor Ort.\",\"breadcrumb\":{\"@id\":\"https:\\\/\\\/atos-mvz.de\\\/diez\\\/arzt\\\/dr-ivo-marcel-knych\\\/#breadcrumb\"},\"inLanguage\":\"de\",\"potentialAction\":[{\"@type\":\"ReadAction\",\"target\":[\"https:\\\/\\\/atos-mvz.de\\\/diez\\\/arzt\\\/dr-ivo-marcel-knych\\\/\"]}]},{\"@type\":\"ImageObject\",\"inLanguage\":\"de\",\"@id\":\"https:\\\/\\\/atos-mvz.de\\\/diez\\\/arzt\\\/dr-ivo-marcel-knych\\\/#primaryimage\",\"url\":\"https:\\\/\\\/atos-mvz.de\\\/diez\\\/wp-content\\\/uploads\\\/sites\\\/5\\\/2023\\\/07\\\/dr-knych.jpg\",\"contentUrl\":\"https:\\\/\\\/atos-mvz.de\\\/diez\\\/wp-content\\\/uploads\\\/sites\\\/5\\\/2023\\\/07\\\/dr-knych.jpg\",\"width\":800,\"height\":550},{\"@type\":\"BreadcrumbList\",\"@id\":\"https:\\\/\\\/atos-mvz.de\\\/diez\\\/arzt\\\/dr-ivo-marcel-knych\\\/#breadcrumb\",\"itemListElement\":[{\"@type\":\"ListItem\",\"position\":1,\"name\":\"Startseite\",\"item\":\"https:\\\/\\\/atos-mvz.de\\\/diez\\\/startseite\\\/\"},{\"@type\":\"ListItem\",\"position\":2,\"name\":\"Dr. Ivo Marcel Knych\"}]},{\"@type\":\"WebSite\",\"@id\":\"https:\\\/\\\/atos-mvz.de\\\/diez\\\/#website\",\"url\":\"https:\\\/\\\/atos-mvz.de\\\/diez\\\/\",\"name\":\"MVZ Braunfels - Diez\",\"description\":\"\",\"potentialAction\":[{\"@type\":\"SearchAction\",\"target\":{\"@type\":\"EntryPoint\",\"urlTemplate\":\"https:\\\/\\\/atos-mvz.de\\\/diez\\\/?s={search_term_string}\"},\"query-input\":{\"@type\":\"PropertyValueSpecification\",\"valueRequired\":true,\"valueName\":\"search_term_string\"}}],\"inLanguage\":\"de\"}]}<\/script>\n<!-- \/ Yoast SEO plugin. -->","yoast_head_json":{"title":"Dr. Ivo Marcel Knych - MVZ Braunfels - Diez","description":"Dr. med. Ivo Marcel Knych: Facharzt f\u00fcr Orthop\u00e4die im MVZ Diez. Spezialisiert auf Infiltrationstherapie, Sto\u00dfwellen & Gelenkerhalt. Ihr Experte vor Ort.","robots":{"index":"index","follow":"follow","max-snippet":"max-snippet:-1","max-image-preview":"max-image-preview:large","max-video-preview":"max-video-preview:-1"},"canonical":"https:\/\/atos-mvz.de\/diez\/arzt\/dr-ivo-marcel-knych\/","og_locale":"de_DE","og_type":"article","og_title":"Dr. Ivo Marcel Knych - MVZ Braunfels - Diez","og_description":"Dr. med. Ivo Marcel Knych: Facharzt f\u00fcr Orthop\u00e4die im MVZ Diez. Spezialisiert auf Infiltrationstherapie, Sto\u00dfwellen & Gelenkerhalt. Ihr Experte vor Ort.","og_url":"https:\/\/atos-mvz.de\/diez\/arzt\/dr-ivo-marcel-knych\/","og_site_name":"MVZ Braunfels - Diez","article_modified_time":"2026-01-14T11:19:29+00:00","og_image":[{"width":800,"height":550,"url":"https:\/\/atos-mvz.de\/diez\/wp-content\/uploads\/sites\/5\/2023\/07\/dr-knych.jpg","type":"image\/jpeg"}],"twitter_card":"summary_large_image","schema":{"@context":"https:\/\/schema.org","@graph":[{"@type":"WebPage","@id":"https:\/\/atos-mvz.de\/diez\/arzt\/dr-ivo-marcel-knych\/","url":"https:\/\/atos-mvz.de\/diez\/arzt\/dr-ivo-marcel-knych\/","name":"Dr. Ivo Marcel Knych - MVZ Braunfels - Diez","isPartOf":{"@id":"https:\/\/atos-mvz.de\/diez\/#website"},"primaryImageOfPage":{"@id":"https:\/\/atos-mvz.de\/diez\/arzt\/dr-ivo-marcel-knych\/#primaryimage"},"image":{"@id":"https:\/\/atos-mvz.de\/diez\/arzt\/dr-ivo-marcel-knych\/#primaryimage"},"thumbnailUrl":"https:\/\/atos-mvz.de\/diez\/wp-content\/uploads\/sites\/5\/2023\/07\/dr-knych.jpg","datePublished":"2023-07-05T14:37:58+00:00","dateModified":"2026-01-14T11:19:29+00:00","description":"Dr. med. Ivo Marcel Knych: Facharzt f\u00fcr Orthop\u00e4die im MVZ Diez. Spezialisiert auf Infiltrationstherapie, Sto\u00dfwellen & Gelenkerhalt. Ihr Experte vor Ort.","breadcrumb":{"@id":"https:\/\/atos-mvz.de\/diez\/arzt\/dr-ivo-marcel-knych\/#breadcrumb"},"inLanguage":"de","potentialAction":[{"@type":"ReadAction","target":["https:\/\/atos-mvz.de\/diez\/arzt\/dr-ivo-marcel-knych\/"]}]},{"@type":"ImageObject","inLanguage":"de","@id":"https:\/\/atos-mvz.de\/diez\/arzt\/dr-ivo-marcel-knych\/#primaryimage","url":"https:\/\/atos-mvz.de\/diez\/wp-content\/uploads\/sites\/5\/2023\/07\/dr-knych.jpg","contentUrl":"https:\/\/atos-mvz.de\/diez\/wp-content\/uploads\/sites\/5\/2023\/07\/dr-knych.jpg","width":800,"height":550},{"@type":"BreadcrumbList","@id":"https:\/\/atos-mvz.de\/diez\/arzt\/dr-ivo-marcel-knych\/#breadcrumb","itemListElement":[{"@type":"ListItem","position":1,"name":"Startseite","item":"https:\/\/atos-mvz.de\/diez\/startseite\/"},{"@type":"ListItem","position":2,"name":"Dr. Ivo Marcel Knych"}]},{"@type":"WebSite","@id":"https:\/\/atos-mvz.de\/diez\/#website","url":"https:\/\/atos-mvz.de\/diez\/","name":"MVZ Braunfels - Diez","description":"","potentialAction":[{"@type":"SearchAction","target":{"@type":"EntryPoint","urlTemplate":"https:\/\/atos-mvz.de\/diez\/?s={search_term_string}"},"query-input":{"@type":"PropertyValueSpecification","valueRequired":true,"valueName":"search_term_string"}}],"inLanguage":"de"}]}},"_links":{"self":[{"href":"https:\/\/atos-mvz.de\/diez\/wp-json\/wp\/v2\/portfolio\/395","targetHints":{"allow":["GET"]}}],"collection":[{"href":"https:\/\/atos-mvz.de\/diez\/wp-json\/wp\/v2\/portfolio"}],"about":[{"href":"https:\/\/atos-mvz.de\/diez\/wp-json\/wp\/v2\/types\/portfolio"}],"author":[{"embeddable":true,"href":"https:\/\/atos-mvz.de\/diez\/wp-json\/wp\/v2\/users\/1"}],"replies":[{"embeddable":true,"href":"https:\/\/atos-mvz.de\/diez\/wp-json\/wp\/v2\/comments?post=395"}],"version-history":[{"count":6,"href":"https:\/\/atos-mvz.de\/diez\/wp-json\/wp\/v2\/portfolio\/395\/revisions"}],"predecessor-version":[{"id":549,"href":"https:\/\/atos-mvz.de\/diez\/wp-json\/wp\/v2\/portfolio\/395\/revisions\/549"}],"wp:featuredmedia":[{"embeddable":true,"href":"https:\/\/atos-mvz.de\/diez\/wp-json\/wp\/v2\/media\/396"}],"wp:attachment":[{"href":"https:\/\/atos-mvz.de\/diez\/wp-json\/wp\/v2\/media?parent=395"}],"wp:term":[{"taxonomy":"post_tag","embeddable":true,"href":"https:\/\/atos-mvz.de\/diez\/wp-json\/wp\/v2\/tags?post=395"},{"taxonomy":"portfolio_entries","embeddable":true,"href":"https:\/\/atos-mvz.de\/diez\/wp-json\/wp\/v2\/portfolio_entries?post=395"}],"curies":[{"name":"wp","href":"https:\/\/api.w.org\/{rel}","templated":true}]}}