{"id":931,"date":"2024-03-21T15:48:09","date_gmt":"2024-03-21T14:48:09","guid":{"rendered":"https:\/\/atos-mvz.de\/bruehl\/?page_id=931"},"modified":"2024-03-27T12:56:33","modified_gmt":"2024-03-27T11:56:33","slug":"periradikulaere-therapie-prt","status":"publish","type":"page","link":"https:\/\/atos-mvz.de\/bruehl\/periradikulaere-therapie-prt\/","title":{"rendered":"Periradikul\u00e4re Therapie (PRT)"},"content":{"rendered":"\n<style type=\"text\/css\" data-created_by=\"avia_inline_auto\" id=\"style-css-av-eb3xf-86a81ae0570a52db0adb833ce39556fe\">\n.avia-section.av-eb3xf-86a81ae0570a52db0adb833ce39556fe{\nbackground-repeat:no-repeat;\nbackground-image:url(https:\/\/atos-mvz.de\/bruehl\/wp-content\/uploads\/sites\/28\/2024\/03\/bruehl.jpg);\nbackground-position:50% 50%;\nbackground-attachment:scroll;\n}\n.avia-section.av-eb3xf-86a81ae0570a52db0adb833ce39556fe .av-extra-border-element .av-extra-border-inner{\nbackground-color:#ffffff;\n}\n<\/style>\n<div id='header-img'  class='avia-section av-eb3xf-86a81ae0570a52db0adb833ce39556fe main_color avia-section-huge avia-no-border-styling  avia-builder-el-0  el_before_av_section  avia-builder-el-first  largeimg avia-full-stretch avia-bg-style-scroll container_wrap fullsize'  data-section-bg-repeat='stretch'><div class='container av-section-cont-open' ><main  role=\"main\" itemprop=\"mainContentOfPage\"  class='template-page content  av-content-full alpha units'><div class='post-entry post-entry-type-page post-entry-931'><div class='entry-content-wrapper clearfix'>\n<\/div><\/div><\/main><!-- close content main element --><\/div><div class='av-extra-border-element border-extra-diagonal border-extra-diagonal-inverse '><div class='av-extra-border-outer'><div class='av-extra-border-inner'><\/div><\/div><\/div><\/div>\n<style type=\"text\/css\" data-created_by=\"avia_inline_auto\" id=\"style-css-av-bre8b-43f4d17d8ad9057534903a976d563a1b\">\n.avia-section.av-bre8b-43f4d17d8ad9057534903a976d563a1b .av-extra-border-element .av-extra-border-inner{\nbackground-color:#f1f0f5;\n}\n<\/style>\n<div id='av_section_2'  class='avia-section av-bre8b-43f4d17d8ad9057534903a976d563a1b main_color avia-section-large avia-no-border-styling  avia-builder-el-1  el_after_av_section  avia-builder-el-last  avia-bg-style-scroll container_wrap fullsize'  ><div class='container av-section-cont-open' ><div class='template-page content  av-content-full alpha units'><div class='post-entry post-entry-type-page post-entry-931'><div class='entry-content-wrapper clearfix'>\n<div  class='flex_column av-av_four_fifth-41ee899840124b6993b57a87f996c353 av_four_fifth  avia-builder-el-2  avia-builder-el-no-sibling  first flex_column_div  '     ><section  class='av_textblock_section av-lu1cj2tw-6238b43feb4b79ec1c2e77807a778b7b '   itemscope=\"itemscope\" itemtype=\"https:\/\/schema.org\/CreativeWork\" ><div class='avia_textblock'  itemprop=\"text\" ><h1><strong>Periradikul\u00e4re Therapie (PRT)<\/strong><\/h1>\n<\/div><\/section><br \/>\n<section  class='av_textblock_section av-lu1cjeri-bb9862f710c9b32bb70594020bb0be5e '   itemscope=\"itemscope\" itemtype=\"https:\/\/schema.org\/CreativeWork\" ><div class='avia_textblock'  itemprop=\"text\" ><p>Die PRT ist ein Verfahren zur Behandlung von R\u00fcckenschmerzen, bei dem Medikamenten gezielt an die Nervenwurzeln im Bereich der Wirbels\u00e4ule gespritzt werden. Dies erfolgt h\u00e4ufig unter radiologischer Kontrolle, um eine pr\u00e4zise Platzierung der Nadel sicherzustellen.<\/p>\n<\/div><\/section><br \/>\n\n<style type=\"text\/css\" data-created_by=\"avia_inline_auto\" id=\"style-css-av-lu1cjit2-cfd5a5e3637abe9d950dbff46c997e69\">\n#top .av-special-heading.av-lu1cjit2-cfd5a5e3637abe9d950dbff46c997e69{\npadding-bottom:10px;\n}\nbody .av-special-heading.av-lu1cjit2-cfd5a5e3637abe9d950dbff46c997e69 .av-special-heading-tag .heading-char{\nfont-size:25px;\n}\n.av-special-heading.av-lu1cjit2-cfd5a5e3637abe9d950dbff46c997e69 .av-subheading{\nfont-size:15px;\n}\n<\/style>\n<div  class='av-special-heading av-lu1cjit2-cfd5a5e3637abe9d950dbff46c997e69 av-special-heading-h2 blockquote modern-quote  avia-builder-el-5  el_after_av_textblock  el_before_av_textblock '><h2 class='av-special-heading-tag '  itemprop=\"headline\"  >Anwendungsbereich<\/h2><div class=\"special-heading-border\"><div class=\"special-heading-inner-border\"><\/div><\/div><\/div><br \/>\n<section  class='av_textblock_section av-lu1cjni6-b867d96f9569ad1be23bb5b971363466 '   itemscope=\"itemscope\" itemtype=\"https:\/\/schema.org\/CreativeWork\" ><div class='avia_textblock'  itemprop=\"text\" ><p>Die PRT wird bei Patienten mit Nervenwurzelreizungen angewendet, insbesondere bei chronischem R\u00fcckenschmerz mit Ausstrahlung in Arme oder Beine. Ursachen k\u00f6nnen Bandscheibenvorf\u00e4lle oder kn\u00f6cherne Verengungen des Wirbelkanals sein.<\/p>\n<\/div><\/section><br \/>\n\n<style type=\"text\/css\" data-created_by=\"avia_inline_auto\" id=\"style-css-av-lu1cjrhj-08b248f84db7e2bd9ea92c433d9465a1\">\n#top .av-special-heading.av-lu1cjrhj-08b248f84db7e2bd9ea92c433d9465a1{\npadding-bottom:10px;\n}\nbody .av-special-heading.av-lu1cjrhj-08b248f84db7e2bd9ea92c433d9465a1 .av-special-heading-tag .heading-char{\nfont-size:25px;\n}\n.av-special-heading.av-lu1cjrhj-08b248f84db7e2bd9ea92c433d9465a1 .av-subheading{\nfont-size:15px;\n}\n<\/style>\n<div  class='av-special-heading av-lu1cjrhj-08b248f84db7e2bd9ea92c433d9465a1 av-special-heading-h2 blockquote modern-quote  avia-builder-el-7  el_after_av_textblock  el_before_av_textblock '><h2 class='av-special-heading-tag '  itemprop=\"headline\"  >Ablauf<\/h2><div class=\"special-heading-border\"><div class=\"special-heading-inner-border\"><\/div><\/div><\/div><br \/>\n<section  class='av_textblock_section av-lu1cjyc0-c6e99b909ff776c8070446a31502261d '   itemscope=\"itemscope\" itemtype=\"https:\/\/schema.org\/CreativeWork\" ><div class='avia_textblock'  itemprop=\"text\" ><p>Die Behandlung dauert etwa 10-30 Minuten, erfolgt ambulant und erfordert keine Narkose. Nach \u00f6rtlicher Bet\u00e4ubung und Einstich unter radiologischer Kontrolle werden schmerz- und entz\u00fcndungshemmende Medikamente injiziert.<\/p>\n<\/div><\/section><br \/>\n\n<style type=\"text\/css\" data-created_by=\"avia_inline_auto\" id=\"style-css-av-lu1ck5eh-83d2f1d1ecbd06378024b60630720d8f\">\n#top .av-special-heading.av-lu1ck5eh-83d2f1d1ecbd06378024b60630720d8f{\npadding-bottom:10px;\n}\nbody .av-special-heading.av-lu1ck5eh-83d2f1d1ecbd06378024b60630720d8f .av-special-heading-tag .heading-char{\nfont-size:25px;\n}\n.av-special-heading.av-lu1ck5eh-83d2f1d1ecbd06378024b60630720d8f .av-subheading{\nfont-size:15px;\n}\n<\/style>\n<div  class='av-special-heading av-lu1ck5eh-83d2f1d1ecbd06378024b60630720d8f av-special-heading-h2 blockquote modern-quote  avia-builder-el-9  el_after_av_textblock  el_before_av_textblock '><h2 class='av-special-heading-tag '  itemprop=\"headline\"  >Nebenwirkungen und Risiken<\/h2><div class=\"special-heading-border\"><div class=\"special-heading-inner-border\"><\/div><\/div><\/div><br \/>\n<section  class='av_textblock_section av-lu1ckclx-ec7ca8b52b258751a3c7b45deeaaa3f1 '   itemscope=\"itemscope\" itemtype=\"https:\/\/schema.org\/CreativeWork\" ><div class='avia_textblock'  itemprop=\"text\" ><p>Nach der PRT k\u00f6nnen vor\u00fcbergehende Taubheitsgef\u00fchle auftreten. M\u00f6gliche Risiken umfassen Blutungen, Infektionen oder Verletzungen von Blutgef\u00e4\u00dfen, Nerven oder dem R\u00fcckenmark. Die Behandlung sollte bei bestimmten Erkrankungen vermieden werden.<\/p>\n<\/div><\/section><\/p><\/div>\n","protected":false},"excerpt":{"rendered":"","protected":false},"author":1,"featured_media":0,"parent":0,"menu_order":0,"comment_status":"closed","ping_status":"closed","template":"","meta":{"footnotes":""},"class_list":["post-931","page","type-page","status-publish","hentry"],"yoast_head":"<!-- This site is optimized with the Yoast SEO plugin v27.3 - https:\/\/yoast.com\/product\/yoast-seo-wordpress\/ -->\n<title>Periradikul\u00e4re Therapie (PRT) - MVZ Rheinland Br\u00fchl<\/title>\n<meta name=\"description\" content=\"Die PRT ist ein Verfahren zur Behandlung von R\u00fcckenschmerzen, bei den Medikamenten gezielt an die Nervenwurzeln im Bereich der Wirbels\u00e4ule gespritzt werden.\" \/>\n<meta name=\"robots\" content=\"index, follow, max-snippet:-1, max-image-preview:large, max-video-preview:-1\" \/>\n<link rel=\"canonical\" href=\"https:\/\/atos-mvz.de\/bruehl\/periradikulaere-therapie-prt\/\" \/>\n<meta property=\"og:locale\" content=\"de_DE\" \/>\n<meta property=\"og:type\" content=\"article\" \/>\n<meta property=\"og:title\" content=\"Periradikul\u00e4re Therapie (PRT) - MVZ Rheinland Br\u00fchl\" \/>\n<meta property=\"og:description\" content=\"Die PRT ist ein Verfahren zur Behandlung von R\u00fcckenschmerzen, bei den Medikamenten gezielt an die Nervenwurzeln im Bereich der Wirbels\u00e4ule gespritzt werden.\" \/>\n<meta property=\"og:url\" content=\"https:\/\/atos-mvz.de\/bruehl\/periradikulaere-therapie-prt\/\" \/>\n<meta property=\"og:site_name\" content=\"MVZ Rheinland Br\u00fchl\" \/>\n<meta property=\"article:modified_time\" content=\"2024-03-27T11:56:33+00:00\" \/>\n<meta name=\"twitter:card\" content=\"summary_large_image\" \/>\n<script type=\"application\/ld+json\" class=\"yoast-schema-graph\">{\"@context\":\"https:\\\/\\\/schema.org\",\"@graph\":[{\"@type\":\"WebPage\",\"@id\":\"https:\\\/\\\/atos-mvz.de\\\/bruehl\\\/periradikulaere-therapie-prt\\\/\",\"url\":\"https:\\\/\\\/atos-mvz.de\\\/bruehl\\\/periradikulaere-therapie-prt\\\/\",\"name\":\"Periradikul\u00e4re Therapie (PRT) - MVZ Rheinland Br\u00fchl\",\"isPartOf\":{\"@id\":\"https:\\\/\\\/atos-mvz.de\\\/bruehl\\\/#website\"},\"datePublished\":\"2024-03-21T14:48:09+00:00\",\"dateModified\":\"2024-03-27T11:56:33+00:00\",\"description\":\"Die PRT ist ein Verfahren zur Behandlung von R\u00fcckenschmerzen, bei den Medikamenten gezielt an die Nervenwurzeln im Bereich der Wirbels\u00e4ule gespritzt werden.\",\"breadcrumb\":{\"@id\":\"https:\\\/\\\/atos-mvz.de\\\/bruehl\\\/periradikulaere-therapie-prt\\\/#breadcrumb\"},\"inLanguage\":\"de\",\"potentialAction\":[{\"@type\":\"ReadAction\",\"target\":[\"https:\\\/\\\/atos-mvz.de\\\/bruehl\\\/periradikulaere-therapie-prt\\\/\"]}]},{\"@type\":\"BreadcrumbList\",\"@id\":\"https:\\\/\\\/atos-mvz.de\\\/bruehl\\\/periradikulaere-therapie-prt\\\/#breadcrumb\",\"itemListElement\":[{\"@type\":\"ListItem\",\"position\":1,\"name\":\"Startseite\",\"item\":\"https:\\\/\\\/atos-mvz.de\\\/bruehl\\\/startseite\\\/\"},{\"@type\":\"ListItem\",\"position\":2,\"name\":\"Periradikul\u00e4re Therapie (PRT)\"}]},{\"@type\":\"WebSite\",\"@id\":\"https:\\\/\\\/atos-mvz.de\\\/bruehl\\\/#website\",\"url\":\"https:\\\/\\\/atos-mvz.de\\\/bruehl\\\/\",\"name\":\"MVZ Rheinland Br\u00fchl\",\"description\":\"\",\"potentialAction\":[{\"@type\":\"SearchAction\",\"target\":{\"@type\":\"EntryPoint\",\"urlTemplate\":\"https:\\\/\\\/atos-mvz.de\\\/bruehl\\\/?s={search_term_string}\"},\"query-input\":{\"@type\":\"PropertyValueSpecification\",\"valueRequired\":true,\"valueName\":\"search_term_string\"}}],\"inLanguage\":\"de\"}]}<\/script>\n<!-- \/ Yoast SEO plugin. -->","yoast_head_json":{"title":"Periradikul\u00e4re Therapie (PRT) - MVZ Rheinland Br\u00fchl","description":"Die PRT ist ein Verfahren zur Behandlung von R\u00fcckenschmerzen, bei den Medikamenten gezielt an die Nervenwurzeln im Bereich der Wirbels\u00e4ule gespritzt werden.","robots":{"index":"index","follow":"follow","max-snippet":"max-snippet:-1","max-image-preview":"max-image-preview:large","max-video-preview":"max-video-preview:-1"},"canonical":"https:\/\/atos-mvz.de\/bruehl\/periradikulaere-therapie-prt\/","og_locale":"de_DE","og_type":"article","og_title":"Periradikul\u00e4re Therapie (PRT) - MVZ Rheinland Br\u00fchl","og_description":"Die PRT ist ein Verfahren zur Behandlung von R\u00fcckenschmerzen, bei den Medikamenten gezielt an die Nervenwurzeln im Bereich der Wirbels\u00e4ule gespritzt werden.","og_url":"https:\/\/atos-mvz.de\/bruehl\/periradikulaere-therapie-prt\/","og_site_name":"MVZ Rheinland Br\u00fchl","article_modified_time":"2024-03-27T11:56:33+00:00","twitter_card":"summary_large_image","schema":{"@context":"https:\/\/schema.org","@graph":[{"@type":"WebPage","@id":"https:\/\/atos-mvz.de\/bruehl\/periradikulaere-therapie-prt\/","url":"https:\/\/atos-mvz.de\/bruehl\/periradikulaere-therapie-prt\/","name":"Periradikul\u00e4re Therapie (PRT) - MVZ Rheinland Br\u00fchl","isPartOf":{"@id":"https:\/\/atos-mvz.de\/bruehl\/#website"},"datePublished":"2024-03-21T14:48:09+00:00","dateModified":"2024-03-27T11:56:33+00:00","description":"Die PRT ist ein Verfahren zur Behandlung von R\u00fcckenschmerzen, bei den Medikamenten gezielt an die Nervenwurzeln im Bereich der Wirbels\u00e4ule gespritzt werden.","breadcrumb":{"@id":"https:\/\/atos-mvz.de\/bruehl\/periradikulaere-therapie-prt\/#breadcrumb"},"inLanguage":"de","potentialAction":[{"@type":"ReadAction","target":["https:\/\/atos-mvz.de\/bruehl\/periradikulaere-therapie-prt\/"]}]},{"@type":"BreadcrumbList","@id":"https:\/\/atos-mvz.de\/bruehl\/periradikulaere-therapie-prt\/#breadcrumb","itemListElement":[{"@type":"ListItem","position":1,"name":"Startseite","item":"https:\/\/atos-mvz.de\/bruehl\/startseite\/"},{"@type":"ListItem","position":2,"name":"Periradikul\u00e4re Therapie (PRT)"}]},{"@type":"WebSite","@id":"https:\/\/atos-mvz.de\/bruehl\/#website","url":"https:\/\/atos-mvz.de\/bruehl\/","name":"MVZ Rheinland Br\u00fchl","description":"","potentialAction":[{"@type":"SearchAction","target":{"@type":"EntryPoint","urlTemplate":"https:\/\/atos-mvz.de\/bruehl\/?s={search_term_string}"},"query-input":{"@type":"PropertyValueSpecification","valueRequired":true,"valueName":"search_term_string"}}],"inLanguage":"de"}]}},"_links":{"self":[{"href":"https:\/\/atos-mvz.de\/bruehl\/wp-json\/wp\/v2\/pages\/931","targetHints":{"allow":["GET"]}}],"collection":[{"href":"https:\/\/atos-mvz.de\/bruehl\/wp-json\/wp\/v2\/pages"}],"about":[{"href":"https:\/\/atos-mvz.de\/bruehl\/wp-json\/wp\/v2\/types\/page"}],"author":[{"embeddable":true,"href":"https:\/\/atos-mvz.de\/bruehl\/wp-json\/wp\/v2\/users\/1"}],"replies":[{"embeddable":true,"href":"https:\/\/atos-mvz.de\/bruehl\/wp-json\/wp\/v2\/comments?post=931"}],"version-history":[{"count":7,"href":"https:\/\/atos-mvz.de\/bruehl\/wp-json\/wp\/v2\/pages\/931\/revisions"}],"predecessor-version":[{"id":1204,"href":"https:\/\/atos-mvz.de\/bruehl\/wp-json\/wp\/v2\/pages\/931\/revisions\/1204"}],"wp:attachment":[{"href":"https:\/\/atos-mvz.de\/bruehl\/wp-json\/wp\/v2\/media?parent=931"}],"curies":[{"name":"wp","href":"https:\/\/api.w.org\/{rel}","templated":true}]}}